{"id":2023,"date":"2012-04-02T10:18:21","date_gmt":"2012-04-02T09:18:21","guid":{"rendered":"http:\/\/www.museummurten\/room-rental-and-aperitifs\/"},"modified":"2017-03-30T11:19:02","modified_gmt":"2017-03-30T10:19:02","slug":"room-rental-and-aperitifs","status":"publish","type":"page","link":"https:\/\/www.museummurten.ch\/en\/offers\/room-rental-and-aperitifs\/","title":{"rendered":"Room rental and ap\u00e9ritifs"},"content":{"rendered":"\n<style type=\"text\/css\" data-created_by=\"avia_inline_auto\" id=\"style-css-av-av_section-63fc8e61756bd5af7099269b5d0c6077\">\n.avia-section.av-av_section-63fc8e61756bd5af7099269b5d0c6077{\nbackground-repeat:no-repeat;\nbackground-image:url(https:\/\/www.museummurten.ch\/wp-content\/uploads\/2016\/06\/mm18.jpg);\nbackground-position:50% 50%;\nbackground-attachment:scroll;\n}\n.avia-section.av-av_section-63fc8e61756bd5af7099269b5d0c6077 .av-extra-border-element .av-extra-border-inner{\nbackground-color:#ffffff;\n}\n<\/style>\n<div id='av_section_1'  class='avia-section av-av_section-63fc8e61756bd5af7099269b5d0c6077 main_color avia-section-default avia-no-border-styling  avia-builder-el-0  el_before_av_heading  avia-builder-el-first  avia-full-stretch avia-bg-style-scroll av-arrow-down-section av-minimum-height av-minimum-height-custom av-height-custom  container_wrap fullsize'  data-section-bg-repeat='stretch' data-av_minimum_height_px='300'><div class='container av-section-cont-open' style='height:300px'><main  role=\"main\" itemprop=\"mainContentOfPage\"  class='template-page content  av-content-full alpha units'><div class='post-entry post-entry-type-page post-entry-2023'><div class='entry-content-wrapper clearfix'><\/div><\/div><\/main><!-- close content main element --><\/div><div class='av-extra-border-element border-extra-arrow-down'><div class='av-extra-border-outer'><div class='av-extra-border-inner'><\/div><\/div><\/div><\/div><div id='after_section_1'  class='main_color av_default_container_wrap container_wrap fullsize'  ><div class='container av-section-cont-open' ><div class='template-page content  av-content-full alpha units'><div class='post-entry post-entry-type-page post-entry-2023'><div class='entry-content-wrapper clearfix'>\n\n<style type=\"text\/css\" data-created_by=\"avia_inline_auto\" id=\"style-css-av-av_heading-89d279c41b259ba1b004bb18a9a28b09\">\n#top .av-special-heading.av-av_heading-89d279c41b259ba1b004bb18a9a28b09{\npadding-bottom:30px;\n}\nbody .av-special-heading.av-av_heading-89d279c41b259ba1b004bb18a9a28b09 .av-special-heading-tag .heading-char{\nfont-size:25px;\n}\n.av-special-heading.av-av_heading-89d279c41b259ba1b004bb18a9a28b09 .av-subheading{\nfont-size:15px;\n}\n<\/style>\n<div  class='av-special-heading av-av_heading-89d279c41b259ba1b004bb18a9a28b09 av-special-heading-h3 blockquote modern-quote  avia-builder-el-1  el_after_av_section  el_before_av_one_half  avia-builder-el-first '><h3 class='av-special-heading-tag '  itemprop=\"headline\"  >Raumvermietung und Ap\u00e9ros<\/h3><div class=\"special-heading-border\"><div class=\"special-heading-inner-border\"><\/div><\/div><\/div>\n\n<style type=\"text\/css\" data-created_by=\"avia_inline_auto\" id=\"style-css-av-av_one_half-9497bbf8bff73ea4c6992cc17fa9ec36\">\n.flex_column.av-av_one_half-9497bbf8bff73ea4c6992cc17fa9ec36{\nborder-radius:0px 0px 0px 0px;\npadding:0px 0px 0px 0px;\n}\n<\/style>\n<div  class='flex_column av-av_one_half-9497bbf8bff73ea4c6992cc17fa9ec36 av_one_half  avia-builder-el-2  el_after_av_heading  el_before_av_one_half  first flex_column_div av-zero-column-padding  '     ><article  class='iconbox iconbox_top av-av_icon_box-3c07769a8e1b888d5e7e9910df47e808  avia-builder-el-3  avia-builder-el-no-sibling  main_color'  itemscope=\"itemscope\" itemtype=\"https:\/\/schema.org\/CreativeWork\" ><div class=\"iconbox_content\"><header class=\"entry-content-header\" aria-label=\"Icon: Raumiete ohne Ap\u00e9ro\"><div class='iconbox_icon heading-color avia-iconfont avia-font-entypo-fontello' data-av_icon='\ue821' data-av_iconfont='entypo-fontello'  ><\/div><h3 class='iconbox_content_title '  itemprop=\"headline\" >Raumiete ohne Ap\u00e9ro<\/h3><\/header><div class='iconbox_content_container '  itemprop=\"text\" ><p>Gruppe bis 20 Pers. f\u00fcr 2 Stunden CHF 150.-<\/p>\n<p>Gruppe \u00fcber 20 Pers. f\u00fcr 2 Stunden CHF 200.-<\/p>\n<p>jede weitere angefangene Stunde CHF 50.-<\/p>\n<p>plus Eintritt: CHF 5.- pro Person<\/p>\n<p>(F\u00fcr l\u00e4ngerdauernde Anl\u00e4sse k\u00f6nnen Tarife ausgehandelt werden)<\/p>\n<\/div><\/div><footer class=\"entry-footer\"><\/footer><\/article><\/div>\n\n<style type=\"text\/css\" data-created_by=\"avia_inline_auto\" id=\"style-css-av-av_one_half-9c1d454dc06f7247226bc4e8f931daae\">\n.flex_column.av-av_one_half-9c1d454dc06f7247226bc4e8f931daae{\nborder-radius:0px 0px 0px 0px;\npadding:0px 0px 0px 0px;\n}\n<\/style>\n<div  class='flex_column av-av_one_half-9c1d454dc06f7247226bc4e8f931daae av_one_half  avia-builder-el-4  el_after_av_one_half  el_before_av_one_half  flex_column_div av-zero-column-padding  '     ><article  class='iconbox iconbox_top av-av_icon_box-455832f27ac348dc88c4b9d216d6d491  avia-builder-el-5  avia-builder-el-no-sibling  main_color'  itemscope=\"itemscope\" itemtype=\"https:\/\/schema.org\/CreativeWork\" ><div class=\"iconbox_content\"><header class=\"entry-content-header\" aria-label=\"Icon: Ap\u00e9ro vom Museum \"><div class='iconbox_icon heading-color avia-iconfont avia-font-entypo-fontello' data-av_icon='\ue806' data-av_iconfont='entypo-fontello'  ><\/div><h3 class='iconbox_content_title '  itemprop=\"headline\" >Ap\u00e9ro vom Museum <\/h3><\/header><div class='iconbox_content_container '  itemprop=\"text\" ><p>Ap\u00e9ro: Mineral, Orangenjus, Wein rot\/weiss, Salzgeb\u00e4ck<\/p>\n<p>pro Person CHF 10.- (W\u00fcnsche k\u00f6nnen ber\u00fccksichtigt werden, Preisanpassung)<\/p>\n<p>plus Raummiete (inkl. Eintritt) CHF 200.-<\/p>\n<p>Falls gew\u00fcnscht: Servicepersonal, 1 Pers. pro Stunde CHF 40.-<\/p>\n<\/div><\/div><footer class=\"entry-footer\"><\/footer><\/article><\/div>\n<style type=\"text\/css\" data-created_by=\"avia_inline_auto\" id=\"style-css-av-av_one_half-9497bbf8bff73ea4c6992cc17fa9ec36\">\n.flex_column.av-av_one_half-9497bbf8bff73ea4c6992cc17fa9ec36{\nborder-radius:0px 0px 0px 0px;\npadding:0px 0px 0px 0px;\n}\n<\/style>\n<div  class='flex_column av-av_one_half-9497bbf8bff73ea4c6992cc17fa9ec36 av_one_half  avia-builder-el-6  el_after_av_one_half  el_before_av_one_half  first flex_column_div av-zero-column-padding  column-top-margin'     ><article  class='iconbox iconbox_top av-av_icon_box-6d92223582cb1dc5f2490a2259383baa  avia-builder-el-7  avia-builder-el-no-sibling  main_color'  itemscope=\"itemscope\" itemtype=\"https:\/\/schema.org\/CreativeWork\" ><div class=\"iconbox_content\"><header class=\"entry-content-header\" aria-label=\"Icon: Weindegustation mit einem Winzer vom Vully\"><div class='iconbox_icon heading-color avia-iconfont avia-font-entypo-fontello' data-av_icon='\ue8b8' data-av_iconfont='entypo-fontello'  ><\/div><h3 class='iconbox_content_title '  itemprop=\"headline\" >Weindegustation mit einem Winzer vom Vully<\/h3><\/header><div class='iconbox_content_container '  itemprop=\"text\" ><p>pro Person Fr. 30.- (Eintritt\/Raummiete inkl.)<\/p>\n<p>Falls gew\u00fcnscht: Servicepersonal, 1 Pers. pro Stunde CHF 40.-<\/p>\n<\/div><\/div><footer class=\"entry-footer\"><\/footer><\/article><\/div><\/p>\n\n<style type=\"text\/css\" data-created_by=\"avia_inline_auto\" id=\"style-css-av-av_one_half-9c1d454dc06f7247226bc4e8f931daae\">\n.flex_column.av-av_one_half-9c1d454dc06f7247226bc4e8f931daae{\nborder-radius:0px 0px 0px 0px;\npadding:0px 0px 0px 0px;\n}\n<\/style>\n<div  class='flex_column av-av_one_half-9c1d454dc06f7247226bc4e8f931daae av_one_half  avia-builder-el-8  el_after_av_one_half  el_before_av_hr  flex_column_div av-zero-column-padding  column-top-margin'     ><article  class='iconbox iconbox_top av-av_icon_box-58e1cc5cff1e4e5c5cbe12d12f9567df  avia-builder-el-9  avia-builder-el-no-sibling  main_color'  itemscope=\"itemscope\" itemtype=\"https:\/\/schema.org\/CreativeWork\" ><div class=\"iconbox_content\"><header class=\"entry-content-header\" aria-label=\"Icon: Kombination mit F\u00fchrungen\"><div class='iconbox_icon heading-color avia-iconfont avia-font-entypo-fontello' data-av_icon='\ue808' data-av_iconfont='entypo-fontello'  ><\/div><h3 class='iconbox_content_title '  itemprop=\"headline\" >Kombination mit F\u00fchrungen<\/h3><\/header><div class='iconbox_content_container '  itemprop=\"text\" ><p>F\u00fchrungen: Am\u00fcseum oder Altstadt und Museum<\/p>\n<p>Ap\u00e9ro<br \/>\nGrundkosten CHF 50.-<br \/>\nAp\u00e9ro pro Person CHF 10.-<\/p>\n<p>Falls gew\u00fcnscht: Servicepersonal, 1 Pers. pro Stunde CHF 40.-<\/p>\n<p><strong>Weindegustation<\/strong> (mit einem Winzer vom Vully)<br \/>\nf\u00fcr Gruppen (ab 10 Personen)<\/p>\n<p>Grundkosten CHF 50.-<br \/>\nWeindegustation pro Person CHF 20.-<\/p>\n<\/div><\/div><footer class=\"entry-footer\"><\/footer><\/article><\/div><div  class='hr av-av_hr-45f931f05f5898fdc250bd31b51b694c hr-default  avia-builder-el-10  el_after_av_one_half  el_before_av_one_half '><span class='hr-inner '><span class=\"hr-inner-style\"><\/span><\/span><\/div><\/p>\n\n<style type=\"text\/css\" data-created_by=\"avia_inline_auto\" id=\"style-css-av-av_one_half-9497bbf8bff73ea4c6992cc17fa9ec36\">\n.flex_column.av-av_one_half-9497bbf8bff73ea4c6992cc17fa9ec36{\nborder-radius:0px 0px 0px 0px;\npadding:0px 0px 0px 0px;\n}\n<\/style>\n<div  class='flex_column av-av_one_half-9497bbf8bff73ea4c6992cc17fa9ec36 av_one_half  avia-builder-el-11  el_after_av_hr  el_before_av_one_half  first flex_column_div av-zero-column-padding  '     ><form action=\"https:\/\/www.museummurten.ch\/en\/offers\/room-rental-and-aperitifs\/\" method=\"post\" data-fields-with-error=\"Found errors in the following field(s):\" class=\"avia_ajax_form av-form-labels-visible   avia-builder-el-12  avia-builder-el-no-sibling   \" data-avia-form-id=\"1\" data-avia-redirect='' ><h3 class=''>Nehmen Sie mit uns Kontakt auf und velangen Sie eine Offerte<\/h3><fieldset><p class='  first_form  form_element form_fullwidth' id='element_avia_1_1'><label for=\"avia_1_1\">Name <abbr class=\"required\" title=\"required\">*<\/abbr><\/label> <input name=\"avia_1_1\" class=\"text_input is_empty\" type=\"text\" id=\"avia_1_1\" value=\"\" \/><\/p><p class='  first_form  form_element form_fullwidth' id='element_avia_2_1'><label for=\"avia_2_1\">E-Mail <abbr class=\"required\" title=\"required\">*<\/abbr><\/label> <input name=\"avia_2_1\" class=\"text_input is_email\" type=\"text\" id=\"avia_2_1\" value=\"\" \/><\/p><p class='  first_form  form_element form_fullwidth' id='element_avia_3_1'><label for=\"avia_3_1\">Telefon <abbr class=\"required\" title=\"required\">*<\/abbr><\/label> <input name=\"avia_3_1\" class=\"text_input is_empty\" type=\"text\" id=\"avia_3_1\" value=\"\" \/><\/p><p class='  first_form  form_element form_fullwidth av-last-visible-form-element' id='element_avia_4_1'><label for=\"avia_4_1\" class=\"textare_label hidden textare_label_avia_4_1\">Nachricht <abbr class=\"required\" title=\"required\">*<\/abbr><\/label><textarea  name=\"avia_4_1\" class=\"text_area is_empty\" cols=\"40\" rows=\"7\" id=\"avia_4_1\" ><\/textarea><\/p><p class=\"hidden\"><input type=\"text\" name=\"avia_5_1\" class=\"hidden \" id=\"avia_5_1\" value=\"\" \/><\/p><p class=\"form_element \"><input type=\"hidden\" value=\"1\" name=\"avia_generated_form1\" \/><input type=\"submit\" value=\"Senden\" class=\"button\"  data-sending-label=\"Sending\"\/><\/p><\/fieldset><\/form><div id=\"ajaxresponse_1\" class=\"ajaxresponse ajaxresponse_1 hidden\"><\/div><\/div>\n\n<style type=\"text\/css\" data-created_by=\"avia_inline_auto\" id=\"style-css-av-av_one_half-480c1f89c85ff39ffeb8789069d50127\">\n.flex_column.av-av_one_half-480c1f89c85ff39ffeb8789069d50127{\nborder-radius:0px 0px 0px 0px;\npadding:20px 35px 30px 35px;\nbackground-color:#f7f7f7;\n}\n<\/style>\n<div  class='flex_column av-av_one_half-480c1f89c85ff39ffeb8789069d50127 av_one_half  avia-builder-el-13  el_after_av_one_half  avia-builder-el-last  flex_column_div  '     ><p>\n<style type=\"text\/css\" data-created_by=\"avia_inline_auto\" id=\"style-css-av-av_heading-6de8d8bdda691b5a9845cf290f4bdc02\">\n#top .av-special-heading.av-av_heading-6de8d8bdda691b5a9845cf290f4bdc02{\npadding-bottom:20px;\n}\nbody .av-special-heading.av-av_heading-6de8d8bdda691b5a9845cf290f4bdc02 .av-special-heading-tag .heading-char{\nfont-size:25px;\n}\n.av-special-heading.av-av_heading-6de8d8bdda691b5a9845cf290f4bdc02 .av-subheading{\nfont-size:15px;\n}\n<\/style>\n<div  class='av-special-heading av-av_heading-6de8d8bdda691b5a9845cf290f4bdc02 av-special-heading-h3 blockquote modern-quote  avia-builder-el-14  el_before_av_textblock  avia-builder-el-first '><h3 class='av-special-heading-tag '  itemprop=\"headline\"  >Allgemeines<\/h3><div class=\"special-heading-border\"><div class=\"special-heading-inner-border\"><\/div><\/div><\/div><br \/>\n<section  class='av_textblock_section av-av_textblock-0366cc7376be6c9e82a3e9cc8987b64f '   itemscope=\"itemscope\" itemtype=\"https:\/\/schema.org\/CreativeWork\" ><div class='avia_textblock'  itemprop=\"text\" ><p><strong>Zeitraum<\/strong>: Generell ausserhalb der \u00d6ffnungszeiten, an Randzeiten m\u00f6glich (z.B. 16:30 oder 13:30)<\/p>\n<p><strong>Gruppengr\u00f6sse<\/strong>: max.\u00a0100 Pers.<\/p>\n<p><strong>Zur Verf\u00fcgung stehen<\/strong>:\u00a0Die beiden R\u00e4ume im Erdgeschoss, Eingangsraum mit Laube, der Platz beim Brunnen<\/p>\n<\/div><\/section><\/p><\/div>\n","protected":false},"excerpt":{"rendered":"","protected":false},"author":4,"featured_media":0,"parent":1990,"menu_order":0,"comment_status":"open","ping_status":"open","template":"","meta":{"footnotes":""},"class_list":["post-2023","page","type-page","status-publish","hentry"],"_links":{"self":[{"href":"https:\/\/www.museummurten.ch\/en\/wp-json\/wp\/v2\/pages\/2023","targetHints":{"allow":["GET"]}}],"collection":[{"href":"https:\/\/www.museummurten.ch\/en\/wp-json\/wp\/v2\/pages"}],"about":[{"href":"https:\/\/www.museummurten.ch\/en\/wp-json\/wp\/v2\/types\/page"}],"author":[{"embeddable":true,"href":"https:\/\/www.museummurten.ch\/en\/wp-json\/wp\/v2\/users\/4"}],"replies":[{"embeddable":true,"href":"https:\/\/www.museummurten.ch\/en\/wp-json\/wp\/v2\/comments?post=2023"}],"version-history":[{"count":3,"href":"https:\/\/www.museummurten.ch\/en\/wp-json\/wp\/v2\/pages\/2023\/revisions"}],"predecessor-version":[{"id":3996,"href":"https:\/\/www.museummurten.ch\/en\/wp-json\/wp\/v2\/pages\/2023\/revisions\/3996"}],"up":[{"embeddable":true,"href":"https:\/\/www.museummurten.ch\/en\/wp-json\/wp\/v2\/pages\/1990"}],"wp:attachment":[{"href":"https:\/\/www.museummurten.ch\/en\/wp-json\/wp\/v2\/media?parent=2023"}],"curies":[{"name":"wp","href":"https:\/\/api.w.org\/{rel}","templated":true}]}}