{"id":3195,"date":"2016-03-03T15:23:38","date_gmt":"2016-03-03T14:23:38","guid":{"rendered":"http:\/\/www.museummurten\/en\/?page_id=3195"},"modified":"2016-06-22T15:41:29","modified_gmt":"2016-06-22T14:41:29","slug":"temporary-exhibitions","status":"publish","type":"page","link":"https:\/\/www.museummurten.ch\/en\/temporary-exhibitions\/","title":{"rendered":"Temporary exhibitions"},"content":{"rendered":"\n<style type=\"text\/css\" data-created_by=\"avia_inline_auto\" id=\"style-css-av-av_section-f44cf7ca765cc72f72e07a36b72d3526\">\n.avia-section.av-av_section-f44cf7ca765cc72f72e07a36b72d3526{\nbackground-repeat:no-repeat;\nbackground-image:url(https:\/\/www.museummurten.ch\/wp-content\/uploads\/2016\/06\/mm06.jpg);\nbackground-position:0% 50%;\nbackground-attachment:scroll;\n}\n<\/style>\n<div id='av_section_1'  class='avia-section av-av_section-f44cf7ca765cc72f72e07a36b72d3526 main_color avia-section-small avia-no-border-styling  avia-builder-el-0  el_before_av_heading  avia-builder-el-first  avia-full-stretch avia-bg-style-scroll av-minimum-height av-minimum-height-custom av-height-custom  container_wrap fullsize'  data-section-bg-repeat='stretch' data-av_minimum_height_px='300'><div class='container av-section-cont-open' style='height:300px'><main  role=\"main\" itemprop=\"mainContentOfPage\"  class='template-page content  av-content-full alpha units'><div class='post-entry post-entry-type-page post-entry-3195'><div class='entry-content-wrapper clearfix'><\/div><\/div><\/main><!-- close content main element --><\/div><\/div><div id='after_section_1'  class='main_color av_default_container_wrap container_wrap fullsize'  ><div class='container av-section-cont-open' ><div class='template-page content  av-content-full alpha units'><div class='post-entry post-entry-type-page post-entry-3195'><div class='entry-content-wrapper clearfix'>\n\n<style type=\"text\/css\" data-created_by=\"avia_inline_auto\" id=\"style-css-av-av_heading-171f29665363c150a64a995f93c865bf\">\n#top .av-special-heading.av-av_heading-171f29665363c150a64a995f93c865bf{\npadding-bottom:35px;\n}\nbody .av-special-heading.av-av_heading-171f29665363c150a64a995f93c865bf .av-special-heading-tag .heading-char{\nfont-size:25px;\n}\n.av-special-heading.av-av_heading-171f29665363c150a64a995f93c865bf .av-subheading{\nfont-size:15px;\n}\n<\/style>\n<div  class='av-special-heading av-av_heading-171f29665363c150a64a995f93c865bf av-special-heading-h3 blockquote modern-quote  avia-builder-el-1  el_after_av_section  el_before_av_magazine  avia-builder-el-first '><h3 class='av-special-heading-tag '  itemprop=\"headline\"  >Temporary exhibitions<\/h3><div class=\"special-heading-border\"><div class=\"special-heading-inner-border\"><\/div><\/div><\/div>\n<div  id=\"avia-magazine-1\"  class='av-magazine av-av_magazine-682685265b9769d163595f4b777c14b2 av-magazine-hero-left  avia-builder-el-2  el_after_av_heading  avia-builder-el-last   avia-builder-el-2  el_after_av_heading  avia-builder-el-last ' ><div class='av-magazine-group sort_all'><div class='av-magazine-hero first flex_column av_one_half '><article class='av-magazine-entry av-magazine-entry-id-9944 av-magazine-format-standard av-magazine-type-post av-magazine-entry-1 av-magazine-entry-big '  itemscope=\"itemscope\" itemtype=\"https:\/\/schema.org\/CreativeWork\" ><div class=\"av-magazine-thumbnail\"><a href='https:\/\/www.museummurten.ch\/en\/2026\/05\/memories-of-the-burgundian-wars\/' title='Link to: Memories of the Burgundian Wars' class='av-magazine-thumbnail-link'><img decoding=\"async\" fetchpriority=\"high\" width=\"710\" height=\"375\" src=\"https:\/\/www.museummurten.ch\/wp-content\/uploads\/2026\/05\/9783796555169-710x375.jpg\" class=\"wp-image-9936 avia-img-lazy-loading-not-9936 attachment-magazine size-magazine wp-post-image\" alt=\"\" \/><\/a><\/div><div class=\"av-magazine-content-wrap\"><header class=\"entry-content-header\" aria-label=\"Post: Memories of the Burgundian Wars\"><time class='av-magazine-time updated'  itemprop=\"datePublished\" datetime=\"2026-05-29T15:22:05+01:00\" >May 29, 2026<\/time><h3 class='av-magazine-title entry-title '  itemprop=\"headline\" ><a href='https:\/\/www.museummurten.ch\/en\/2026\/05\/memories-of-the-burgundian-wars\/' title='Link to: Memories of the Burgundian Wars'>Memories of the Burgundian Wars<\/a><\/h3><\/header><div class='av-magazine-content entry-content'  itemprop=\"text\" ><p>Public launch of two publications<\/p>\n<p>Museum Murten, Friday 19\u2026<\/p>\n<\/div><\/div><footer class=\"entry-footer\"><\/footer><\/article><\/div><div class='av-magazine-sideshow flex_column av_one_half '><article class='av-magazine-entry av-magazine-entry-id-9742 av-magazine-format-standard av-magazine-type-post av-magazine-entry-2 av-magazine-entry-small '  itemscope=\"itemscope\" itemtype=\"https:\/\/schema.org\/CreativeWork\" ><div class=\"av-magazine-thumbnail\"><a href='https:\/\/www.museummurten.ch\/en\/2026\/01\/grandson-murten-2026\/' title='Link to: Grandson-Murten 2026' class='av-magazine-thumbnail-link'><img decoding=\"async\" fetchpriority=\"high\" width=\"80\" height=\"80\" src=\"https:\/\/www.museummurten.ch\/wp-content\/uploads\/2026\/01\/Morat-80x80.jpg\" class=\"wp-image-9735 avia-img-lazy-loading-not-9735 attachment-thumbnail size-thumbnail wp-post-image\" alt=\"\" srcset=\"https:\/\/www.museummurten.ch\/wp-content\/uploads\/2026\/01\/Morat-80x80.jpg 80w, https:\/\/www.museummurten.ch\/wp-content\/uploads\/2026\/01\/Morat-36x36.jpg 36w, https:\/\/www.museummurten.ch\/wp-content\/uploads\/2026\/01\/Morat-180x180.jpg 180w\" sizes=\"(max-width: 80px) 100vw, 80px\" \/><\/a><\/div><div class=\"av-magazine-content-wrap\"><header class=\"entry-content-header\" aria-label=\"Post: Grandson-Murten 2026\"><time class='av-magazine-time updated'  itemprop=\"datePublished\" datetime=\"2026-01-07T11:22:35+01:00\" >January 7, 2026<\/time><h3 class='av-magazine-title entry-title '  itemprop=\"headline\" ><a href='https:\/\/www.museummurten.ch\/en\/2026\/01\/grandson-murten-2026\/' title='Link to: Grandson-Murten 2026'>Grandson-Murten 2026<\/a><\/h3><\/header><\/div><footer class=\"entry-footer\"><\/footer><\/article><article class='av-magazine-entry av-magazine-entry-id-9404 av-magazine-format-standard av-magazine-type-post av-magazine-entry-3 av-magazine-entry-small '  itemscope=\"itemscope\" itemtype=\"https:\/\/schema.org\/CreativeWork\" ><div class=\"av-magazine-thumbnail\"><a href='https:\/\/www.museummurten.ch\/en\/2025\/02\/fastnacht-murten\/' title='Link to: Fastnacht Murten!' class='av-magazine-thumbnail-link'><img decoding=\"async\" fetchpriority=\"high\" width=\"80\" height=\"80\" src=\"https:\/\/www.museummurten.ch\/wp-content\/uploads\/2025\/02\/mm_plak_MFG_A3_print-80x80.jpg\" class=\"wp-image-9381 avia-img-lazy-loading-not-9381 attachment-thumbnail size-thumbnail wp-post-image\" alt=\"\" srcset=\"https:\/\/www.museummurten.ch\/wp-content\/uploads\/2025\/02\/mm_plak_MFG_A3_print-80x80.jpg 80w, https:\/\/www.museummurten.ch\/wp-content\/uploads\/2025\/02\/mm_plak_MFG_A3_print-36x36.jpg 36w, https:\/\/www.museummurten.ch\/wp-content\/uploads\/2025\/02\/mm_plak_MFG_A3_print-180x180.jpg 180w\" sizes=\"(max-width: 80px) 100vw, 80px\" \/><\/a><\/div><div class=\"av-magazine-content-wrap\"><header class=\"entry-content-header\" aria-label=\"Post: Fastnacht Murten!\"><time class='av-magazine-time updated'  itemprop=\"datePublished\" datetime=\"2025-02-01T10:34:15+01:00\" >February 1, 2025<\/time><h3 class='av-magazine-title entry-title '  itemprop=\"headline\" ><a href='https:\/\/www.museummurten.ch\/en\/2025\/02\/fastnacht-murten\/' title='Link to: Fastnacht Murten!'>Fastnacht Murten!<\/a><\/h3><\/header><\/div><footer class=\"entry-footer\"><\/footer><\/article><article class='av-magazine-entry av-magazine-entry-id-8097 av-magazine-format-standard av-magazine-type-post av-magazine-entry-4 av-magazine-entry-small '  itemscope=\"itemscope\" itemtype=\"https:\/\/schema.org\/CreativeWork\" ><div class=\"av-magazine-thumbnail\"><a href='https:\/\/www.museummurten.ch\/en\/2023\/03\/aqua-modis-24-03-21-05-2023\/' title='Link to: Aqua Modis (24.03-21.05.2023)' class='av-magazine-thumbnail-link'><img decoding=\"async\" fetchpriority=\"high\" width=\"80\" height=\"80\" src=\"https:\/\/www.museummurten.ch\/wp-content\/uploads\/2023\/03\/Aqua-80x80.jpg\" class=\"wp-image-8089 avia-img-lazy-loading-not-8089 attachment-thumbnail size-thumbnail wp-post-image\" alt=\"\" srcset=\"https:\/\/www.museummurten.ch\/wp-content\/uploads\/2023\/03\/Aqua-80x80.jpg 80w, https:\/\/www.museummurten.ch\/wp-content\/uploads\/2023\/03\/Aqua-36x36.jpg 36w, https:\/\/www.museummurten.ch\/wp-content\/uploads\/2023\/03\/Aqua-180x180.jpg 180w\" sizes=\"(max-width: 80px) 100vw, 80px\" \/><\/a><\/div><div class=\"av-magazine-content-wrap\"><header class=\"entry-content-header\" aria-label=\"Post: Aqua Modis (24.03-21.05.2023)\"><time class='av-magazine-time updated'  itemprop=\"datePublished\" datetime=\"2023-03-22T12:33:34+01:00\" >March 22, 2023<\/time><h3 class='av-magazine-title entry-title '  itemprop=\"headline\" ><a href='https:\/\/www.museummurten.ch\/en\/2023\/03\/aqua-modis-24-03-21-05-2023\/' title='Link to: Aqua Modis (24.03-21.05.2023)'>Aqua Modis (24.03-21.05.2023)<\/a><\/h3><\/header><\/div><footer class=\"entry-footer\"><\/footer><\/article><article class='av-magazine-entry av-magazine-entry-id-7616 av-magazine-format-standard av-magazine-type-post av-magazine-entry-5 av-magazine-entry-small '  itemscope=\"itemscope\" itemtype=\"https:\/\/schema.org\/CreativeWork\" ><div class=\"av-magazine-thumbnail\"><a href='https:\/\/www.museummurten.ch\/en\/2021\/10\/10-october-19-december-2021-pierre-alain-morel\/' title='Link to: 10 October &#8211; 19 December 2021 | Pierre-Alain Morel' class='av-magazine-thumbnail-link'><img decoding=\"async\" fetchpriority=\"high\" width=\"80\" height=\"80\" src=\"https:\/\/www.museummurten.ch\/wp-content\/uploads\/2021\/10\/80cm-x-90cm-80x80.jpg\" class=\"wp-image-7597 avia-img-lazy-loading-not-7597 attachment-thumbnail size-thumbnail wp-post-image\" alt=\"\" srcset=\"https:\/\/www.museummurten.ch\/wp-content\/uploads\/2021\/10\/80cm-x-90cm-80x80.jpg 80w, https:\/\/www.museummurten.ch\/wp-content\/uploads\/2021\/10\/80cm-x-90cm-36x36.jpg 36w, https:\/\/www.museummurten.ch\/wp-content\/uploads\/2021\/10\/80cm-x-90cm-180x180.jpg 180w, https:\/\/www.museummurten.ch\/wp-content\/uploads\/2021\/10\/80cm-x-90cm-120x120.jpg 120w, https:\/\/www.museummurten.ch\/wp-content\/uploads\/2021\/10\/80cm-x-90cm-450x450.jpg 450w\" sizes=\"(max-width: 80px) 100vw, 80px\" \/><\/a><\/div><div class=\"av-magazine-content-wrap\"><header class=\"entry-content-header\" aria-label=\"Post: 10 October - 19 December 2021 | Pierre-Alain Morel\"><time class='av-magazine-time updated'  itemprop=\"datePublished\" datetime=\"2021-10-07T14:46:01+01:00\" >October 7, 2021<\/time><h3 class='av-magazine-title entry-title '  itemprop=\"headline\" ><a href='https:\/\/www.museummurten.ch\/en\/2021\/10\/10-october-19-december-2021-pierre-alain-morel\/' title='Link to: 10 October &#8211; 19 December 2021 | Pierre-Alain Morel'>10 October &#8211; 19 December 2021 | Pierre-Alain Morel<\/a><\/h3><\/header><\/div><footer class=\"entry-footer\"><\/footer><\/article><article class='av-magazine-entry av-magazine-entry-id-6547 av-magazine-format-standard av-magazine-type-post av-magazine-entry-6 av-magazine-entry-small '  itemscope=\"itemscope\" itemtype=\"https:\/\/schema.org\/CreativeWork\" ><div class=\"av-magazine-thumbnail\"><a href='https:\/\/www.museummurten.ch\/en\/2019\/12\/6-sept-13-dezember-%e2%94%82romano-riedo\/' title='Link to: September 6 &#8211; 13 Dezember 2020 \u2502Romano Riedo.' class='av-magazine-thumbnail-link'><img decoding=\"async\" fetchpriority=\"high\" width=\"80\" height=\"80\" src=\"https:\/\/www.museummurten.ch\/wp-content\/uploads\/2019\/12\/PADDLE-TAXI-MORAT-LAC-IMG_9521-BW-wR-80x80.jpg\" class=\"wp-image-7003 avia-img-lazy-loading-not-7003 attachment-thumbnail size-thumbnail wp-post-image\" alt=\"\" srcset=\"https:\/\/www.museummurten.ch\/wp-content\/uploads\/2019\/12\/PADDLE-TAXI-MORAT-LAC-IMG_9521-BW-wR-80x80.jpg 80w, https:\/\/www.museummurten.ch\/wp-content\/uploads\/2019\/12\/PADDLE-TAXI-MORAT-LAC-IMG_9521-BW-wR-36x36.jpg 36w, https:\/\/www.museummurten.ch\/wp-content\/uploads\/2019\/12\/PADDLE-TAXI-MORAT-LAC-IMG_9521-BW-wR-180x180.jpg 180w, https:\/\/www.museummurten.ch\/wp-content\/uploads\/2019\/12\/PADDLE-TAXI-MORAT-LAC-IMG_9521-BW-wR-120x120.jpg 120w, https:\/\/www.museummurten.ch\/wp-content\/uploads\/2019\/12\/PADDLE-TAXI-MORAT-LAC-IMG_9521-BW-wR-450x450.jpg 450w\" sizes=\"(max-width: 80px) 100vw, 80px\" \/><\/a><\/div><div class=\"av-magazine-content-wrap\"><header class=\"entry-content-header\" aria-label=\"Post: September 6 - 13 Dezember 2020 \u2502Romano Riedo.\"><time class='av-magazine-time updated'  itemprop=\"datePublished\" datetime=\"2019-12-10T17:12:29+01:00\" >December 10, 2019<\/time><h3 class='av-magazine-title entry-title '  itemprop=\"headline\" ><a href='https:\/\/www.museummurten.ch\/en\/2019\/12\/6-sept-13-dezember-%e2%94%82romano-riedo\/' title='Link to: September 6 &#8211; 13 Dezember 2020 \u2502Romano Riedo.'>September 6 &#8211; 13 Dezember 2020 \u2502Romano Riedo.<\/a><\/h3><\/header><\/div><footer class=\"entry-footer\"><\/footer><\/article><article class='av-magazine-entry av-magazine-entry-id-6343 av-magazine-format-standard av-magazine-type-post av-magazine-entry-7 av-magazine-entry-small '  itemscope=\"itemscope\" itemtype=\"https:\/\/schema.org\/CreativeWork\" ><div class=\"av-magazine-thumbnail\"><a href='https:\/\/www.museummurten.ch\/en\/2019\/10\/october-13-december-08-2019-sandro-godel-am-ursprung-a-lorigine\/' title='Link to: 13 October &#8211; 08 December 2019 | Sandro Godel &#8220;Am Ursprung \/ A l&#8217;origine&#8221;' class='av-magazine-thumbnail-link'><img decoding=\"async\" fetchpriority=\"high\" width=\"80\" height=\"80\" src=\"https:\/\/www.museummurten.ch\/wp-content\/uploads\/2019\/10\/Godelweb4-80x80.jpg\" class=\"wp-image-6330 avia-img-lazy-loading-not-6330 attachment-thumbnail size-thumbnail wp-post-image\" alt=\"\" srcset=\"https:\/\/www.museummurten.ch\/wp-content\/uploads\/2019\/10\/Godelweb4-80x80.jpg 80w, https:\/\/www.museummurten.ch\/wp-content\/uploads\/2019\/10\/Godelweb4-36x36.jpg 36w, https:\/\/www.museummurten.ch\/wp-content\/uploads\/2019\/10\/Godelweb4-180x180.jpg 180w, https:\/\/www.museummurten.ch\/wp-content\/uploads\/2019\/10\/Godelweb4-120x120.jpg 120w, https:\/\/www.museummurten.ch\/wp-content\/uploads\/2019\/10\/Godelweb4-450x450.jpg 450w\" sizes=\"(max-width: 80px) 100vw, 80px\" \/><\/a><\/div><div class=\"av-magazine-content-wrap\"><header class=\"entry-content-header\" aria-label=\"Post: 13 October - 08 December 2019 | Sandro Godel &quot;Am Ursprung \/ A l&#039;origine&quot;\"><time class='av-magazine-time updated'  itemprop=\"datePublished\" datetime=\"2019-10-09T17:09:18+01:00\" >October 9, 2019<\/time><h3 class='av-magazine-title entry-title '  itemprop=\"headline\" ><a href='https:\/\/www.museummurten.ch\/en\/2019\/10\/october-13-december-08-2019-sandro-godel-am-ursprung-a-lorigine\/' title='Link to: 13 October &#8211; 08 December 2019 | Sandro Godel &#8220;Am Ursprung \/ A l&#8217;origine&#8221;'>13 October &#8211; 08 December 2019 | Sandro Godel &#8220;Am Ursprung \/ A l&#8217;origine&#8221;<\/a><\/h3><\/header><\/div><footer class=\"entry-footer\"><\/footer><\/article><article class='av-magazine-entry av-magazine-entry-id-6097 av-magazine-format-standard av-magazine-type-post av-magazine-entry-8 av-magazine-entry-small '  itemscope=\"itemscope\" itemtype=\"https:\/\/schema.org\/CreativeWork\" ><div class=\"av-magazine-thumbnail\"><a href='https:\/\/www.museummurten.ch\/en\/2019\/06\/16-june-06-october-2019-michel-roggo-and-etienne-francey-3-lakes\/' title='Link to: 16 June &#8211; 06 October 2019 | Michel Roggo and Etienne Francey &#8220;3 Lakes&#8221;' class='av-magazine-thumbnail-link'><img decoding=\"async\" fetchpriority=\"high\" width=\"80\" height=\"80\" src=\"https:\/\/www.museummurten.ch\/wp-content\/uploads\/2019\/06\/PlakatAfficheweb-80x80.jpg\" class=\"wp-image-5290 avia-img-lazy-loading-not-5290 attachment-thumbnail size-thumbnail wp-post-image\" alt=\"\" srcset=\"https:\/\/www.museummurten.ch\/wp-content\/uploads\/2019\/06\/PlakatAfficheweb-80x80.jpg 80w, https:\/\/www.museummurten.ch\/wp-content\/uploads\/2019\/06\/PlakatAfficheweb-36x36.jpg 36w, https:\/\/www.museummurten.ch\/wp-content\/uploads\/2019\/06\/PlakatAfficheweb-180x180.jpg 180w, https:\/\/www.museummurten.ch\/wp-content\/uploads\/2019\/06\/PlakatAfficheweb-120x120.jpg 120w, https:\/\/www.museummurten.ch\/wp-content\/uploads\/2019\/06\/PlakatAfficheweb-450x450.jpg 450w\" sizes=\"(max-width: 80px) 100vw, 80px\" \/><\/a><\/div><div class=\"av-magazine-content-wrap\"><header class=\"entry-content-header\" aria-label=\"Post: 16 June - 06 October 2019 | Michel Roggo and Etienne Francey &quot;3 Lakes&quot;\"><time class='av-magazine-time updated'  itemprop=\"datePublished\" datetime=\"2019-06-04T14:14:41+01:00\" >June 4, 2019<\/time><h3 class='av-magazine-title entry-title '  itemprop=\"headline\" ><a href='https:\/\/www.museummurten.ch\/en\/2019\/06\/16-june-06-october-2019-michel-roggo-and-etienne-francey-3-lakes\/' title='Link to: 16 June &#8211; 06 October 2019 | Michel Roggo and Etienne Francey &#8220;3 Lakes&#8221;'>16 June &#8211; 06 October 2019 | Michel Roggo and Etienne Francey &#8220;3 Lakes&#8221;<\/a><\/h3><\/header><\/div><footer class=\"entry-footer\"><\/footer><\/article><article class='av-magazine-entry av-magazine-entry-id-4818 av-magazine-format-standard av-magazine-type-post av-magazine-entry-9 av-magazine-entry-small '  itemscope=\"itemscope\" itemtype=\"https:\/\/schema.org\/CreativeWork\" ><div class=\"av-magazine-thumbnail\"><a href='https:\/\/www.museummurten.ch\/en\/2019\/03\/17-march-31-may-2019-jean-pierre-humbert-aesthetische-erwaermungrechauffement-esthetique\/' title='Link to: 17 March &#8211; 31 May 2019 | Jean-Pierre Humbert &#8220;\u00c4sthetische Erw\u00e4rmung\/R\u00e9chauffement esth\u00e9tique&#8221;' class='av-magazine-thumbnail-link'><img decoding=\"async\" fetchpriority=\"high\" width=\"80\" height=\"80\" src=\"https:\/\/www.museummurten.ch\/wp-content\/uploads\/2016\/03\/Humbertweb-80x80.jpg\" class=\"wp-image-4801 avia-img-lazy-loading-not-4801 attachment-thumbnail size-thumbnail wp-post-image\" alt=\"\" srcset=\"https:\/\/www.museummurten.ch\/wp-content\/uploads\/2016\/03\/Humbertweb-80x80.jpg 80w, https:\/\/www.museummurten.ch\/wp-content\/uploads\/2016\/03\/Humbertweb-36x36.jpg 36w, https:\/\/www.museummurten.ch\/wp-content\/uploads\/2016\/03\/Humbertweb-180x180.jpg 180w, https:\/\/www.museummurten.ch\/wp-content\/uploads\/2016\/03\/Humbertweb-120x120.jpg 120w, https:\/\/www.museummurten.ch\/wp-content\/uploads\/2016\/03\/Humbertweb-450x450.jpg 450w\" sizes=\"(max-width: 80px) 100vw, 80px\" \/><\/a><\/div><div class=\"av-magazine-content-wrap\"><header class=\"entry-content-header\" aria-label=\"Post: 17 March - 31 May 2019 | Jean-Pierre Humbert &quot;\u00c4sthetische Erw\u00e4rmung\/R\u00e9chauffement esth\u00e9tique&quot;\"><time class='av-magazine-time updated'  itemprop=\"datePublished\" datetime=\"2019-03-10T15:44:59+01:00\" >March 10, 2019<\/time><h3 class='av-magazine-title entry-title '  itemprop=\"headline\" ><a href='https:\/\/www.museummurten.ch\/en\/2019\/03\/17-march-31-may-2019-jean-pierre-humbert-aesthetische-erwaermungrechauffement-esthetique\/' title='Link to: 17 March &#8211; 31 May 2019 | Jean-Pierre Humbert &#8220;\u00c4sthetische Erw\u00e4rmung\/R\u00e9chauffement esth\u00e9tique&#8221;'>17 March &#8211; 31 May 2019 | Jean-Pierre Humbert &#8220;\u00c4sthetische Erw\u00e4rmung\/R\u00e9chauffement esth\u00e9tique&#8221;<\/a><\/h3><\/header><\/div><footer class=\"entry-footer\"><\/footer><\/article><article class='av-magazine-entry av-magazine-entry-id-4786 av-magazine-format-standard av-magazine-type-post av-magazine-entry-10 av-magazine-entry-small '  itemscope=\"itemscope\" itemtype=\"https:\/\/schema.org\/CreativeWork\" ><div class=\"av-magazine-thumbnail\"><a href='https:\/\/www.museummurten.ch\/en\/2019\/01\/16-january-27-january-2019-murten-licht-festival-festival-des-lumieres-de-morat\/' title='Link to: 16 January &#8211; 27 January 2019 | Murten Licht-Festival \/ Festival des Lumi\u00e8res de Morat' class='av-magazine-thumbnail-link'><img decoding=\"async\" fetchpriority=\"high\" width=\"80\" height=\"80\" src=\"https:\/\/www.museummurten.ch\/wp-content\/uploads\/2016\/03\/Fond1-80x80.jpg\" class=\"wp-image-4772 avia-img-lazy-loading-not-4772 attachment-thumbnail size-thumbnail wp-post-image\" alt=\"\" srcset=\"https:\/\/www.museummurten.ch\/wp-content\/uploads\/2016\/03\/Fond1-80x80.jpg 80w, https:\/\/www.museummurten.ch\/wp-content\/uploads\/2016\/03\/Fond1-36x36.jpg 36w, https:\/\/www.museummurten.ch\/wp-content\/uploads\/2016\/03\/Fond1-180x180.jpg 180w, https:\/\/www.museummurten.ch\/wp-content\/uploads\/2016\/03\/Fond1-120x120.jpg 120w, https:\/\/www.museummurten.ch\/wp-content\/uploads\/2016\/03\/Fond1-450x450.jpg 450w\" sizes=\"(max-width: 80px) 100vw, 80px\" \/><\/a><\/div><div class=\"av-magazine-content-wrap\"><header class=\"entry-content-header\" aria-label=\"Post: 16 January - 27 January 2019 | Murten Licht-Festival \/ Festival des Lumi\u00e8res de Morat\"><time class='av-magazine-time updated'  itemprop=\"datePublished\" datetime=\"2019-01-14T20:11:27+01:00\" >January 14, 2019<\/time><h3 class='av-magazine-title entry-title '  itemprop=\"headline\" ><a href='https:\/\/www.museummurten.ch\/en\/2019\/01\/16-january-27-january-2019-murten-licht-festival-festival-des-lumieres-de-morat\/' title='Link to: 16 January &#8211; 27 January 2019 | Murten Licht-Festival \/ Festival des Lumi\u00e8res de Morat'>16 January &#8211; 27 January 2019 | Murten Licht-Festival \/ Festival des Lumi\u00e8res de Morat<\/a><\/h3><\/header><\/div><footer class=\"entry-footer\"><\/footer><\/article><article class='av-magazine-entry av-magazine-entry-id-4632 av-magazine-format-standard av-magazine-type-post av-magazine-entry-11 av-magazine-entry-small '  itemscope=\"itemscope\" itemtype=\"https:\/\/schema.org\/CreativeWork\" ><div class=\"av-magazine-thumbnail\"><a href='https:\/\/www.museummurten.ch\/en\/2018\/10\/14-october-09-december-2018-odile-gauthier-and-ivo-vonlanthen-fluechtigfugace\/' title='Link to: 14 October &#8211; 09 December 2018 | Odile Gauthier and Ivo Vonlanthen &#8220;Fl\u00fcchtig\/Fugace&#8221;' class='av-magazine-thumbnail-link'><img decoding=\"async\" fetchpriority=\"high\" width=\"80\" height=\"80\" src=\"https:\/\/www.museummurten.ch\/wp-content\/uploads\/2016\/03\/Fl\u00fcchtig2-80x80.jpg\" class=\"wp-image-4590 avia-img-lazy-loading-not-4590 attachment-thumbnail size-thumbnail wp-post-image\" alt=\"\" srcset=\"https:\/\/www.museummurten.ch\/wp-content\/uploads\/2016\/03\/Fl\u00fcchtig2-80x80.jpg 80w, https:\/\/www.museummurten.ch\/wp-content\/uploads\/2016\/03\/Fl\u00fcchtig2-36x36.jpg 36w, https:\/\/www.museummurten.ch\/wp-content\/uploads\/2016\/03\/Fl\u00fcchtig2-180x180.jpg 180w, https:\/\/www.museummurten.ch\/wp-content\/uploads\/2016\/03\/Fl\u00fcchtig2-120x120.jpg 120w, https:\/\/www.museummurten.ch\/wp-content\/uploads\/2016\/03\/Fl\u00fcchtig2-450x450.jpg 450w\" sizes=\"(max-width: 80px) 100vw, 80px\" \/><\/a><\/div><div class=\"av-magazine-content-wrap\"><header class=\"entry-content-header\" aria-label=\"Post: 14 October - 09 December 2018 | Odile Gauthier and Ivo Vonlanthen &quot;Fl\u00fcchtig\/Fugace&quot;\"><time class='av-magazine-time updated'  itemprop=\"datePublished\" datetime=\"2018-10-15T09:41:20+01:00\" >October 15, 2018<\/time><h3 class='av-magazine-title entry-title '  itemprop=\"headline\" ><a href='https:\/\/www.museummurten.ch\/en\/2018\/10\/14-october-09-december-2018-odile-gauthier-and-ivo-vonlanthen-fluechtigfugace\/' title='Link to: 14 October &#8211; 09 December 2018 | Odile Gauthier and Ivo Vonlanthen &#8220;Fl\u00fcchtig\/Fugace&#8221;'>14 October &#8211; 09 December 2018 | Odile Gauthier and Ivo Vonlanthen &#8220;Fl\u00fcchtig\/Fugace&#8221;<\/a><\/h3><\/header><\/div><footer class=\"entry-footer\"><\/footer><\/article><article class='av-magazine-entry av-magazine-entry-id-4386 av-magazine-format-standard av-magazine-type-post av-magazine-entry-12 av-magazine-entry-small '  itemscope=\"itemscope\" itemtype=\"https:\/\/schema.org\/CreativeWork\" ><div class=\"av-magazine-thumbnail\"><a href='https:\/\/www.museummurten.ch\/en\/2018\/06\/june-10-october-07-2018-2m2\/' title='Link to: 10 June &#8211; 07 October 2018 | 2m2' class='av-magazine-thumbnail-link'><img decoding=\"async\" fetchpriority=\"high\" width=\"80\" height=\"80\" src=\"https:\/\/www.museummurten.ch\/wp-content\/uploads\/2016\/03\/2m-80x80.jpg\" class=\"wp-image-4376 avia-img-lazy-loading-not-4376 attachment-thumbnail size-thumbnail wp-post-image\" alt=\"\" srcset=\"https:\/\/www.museummurten.ch\/wp-content\/uploads\/2016\/03\/2m-80x80.jpg 80w, https:\/\/www.museummurten.ch\/wp-content\/uploads\/2016\/03\/2m-36x36.jpg 36w, https:\/\/www.museummurten.ch\/wp-content\/uploads\/2016\/03\/2m-180x180.jpg 180w, https:\/\/www.museummurten.ch\/wp-content\/uploads\/2016\/03\/2m-120x120.jpg 120w, https:\/\/www.museummurten.ch\/wp-content\/uploads\/2016\/03\/2m-450x450.jpg 450w\" sizes=\"(max-width: 80px) 100vw, 80px\" \/><\/a><\/div><div class=\"av-magazine-content-wrap\"><header class=\"entry-content-header\" aria-label=\"Post: 10 June - 07 October 2018 | 2m2\"><time class='av-magazine-time updated'  itemprop=\"datePublished\" datetime=\"2018-06-06T17:47:18+01:00\" >June 6, 2018<\/time><h3 class='av-magazine-title entry-title '  itemprop=\"headline\" ><a href='https:\/\/www.museummurten.ch\/en\/2018\/06\/june-10-october-07-2018-2m2\/' title='Link to: 10 June &#8211; 07 October 2018 | 2m2'>10 June &#8211; 07 October 2018 | 2m2<\/a><\/h3><\/header><\/div><footer class=\"entry-footer\"><\/footer><\/article><article class='av-magazine-entry av-magazine-entry-id-4254 av-magazine-format-standard av-magazine-type-post av-magazine-entry-13 av-magazine-entry-small '  itemscope=\"itemscope\" itemtype=\"https:\/\/schema.org\/CreativeWork\" ><div class=\"av-magazine-thumbnail\"><a href='https:\/\/www.museummurten.ch\/en\/2018\/03\/18-march-31-may-2018-catherine-liechti-dazwischenentretemps\/' title='Link to: 18 March &#8211; 31 May 2018 | Catherine Liechti &#8220;(Dazwischen\/Entretemps)&#8221;' class='av-magazine-thumbnail-link'><img decoding=\"async\" fetchpriority=\"high\" width=\"80\" height=\"80\" src=\"https:\/\/www.museummurten.ch\/wp-content\/uploads\/2016\/03\/Liechti2-80x80.jpg\" class=\"wp-image-4239 avia-img-lazy-loading-not-4239 attachment-thumbnail size-thumbnail wp-post-image\" alt=\"\" srcset=\"https:\/\/www.museummurten.ch\/wp-content\/uploads\/2016\/03\/Liechti2-80x80.jpg 80w, https:\/\/www.museummurten.ch\/wp-content\/uploads\/2016\/03\/Liechti2-36x36.jpg 36w, https:\/\/www.museummurten.ch\/wp-content\/uploads\/2016\/03\/Liechti2-180x180.jpg 180w, https:\/\/www.museummurten.ch\/wp-content\/uploads\/2016\/03\/Liechti2-120x120.jpg 120w, https:\/\/www.museummurten.ch\/wp-content\/uploads\/2016\/03\/Liechti2-450x450.jpg 450w\" sizes=\"(max-width: 80px) 100vw, 80px\" \/><\/a><\/div><div class=\"av-magazine-content-wrap\"><header class=\"entry-content-header\" aria-label=\"Post: 18 March - 31 May 2018 | Catherine Liechti &quot;(Dazwischen\/Entretemps)&quot;\"><time class='av-magazine-time updated'  itemprop=\"datePublished\" datetime=\"2018-03-12T09:42:21+01:00\" >March 12, 2018<\/time><h3 class='av-magazine-title entry-title '  itemprop=\"headline\" ><a href='https:\/\/www.museummurten.ch\/en\/2018\/03\/18-march-31-may-2018-catherine-liechti-dazwischenentretemps\/' title='Link to: 18 March &#8211; 31 May 2018 | Catherine Liechti &#8220;(Dazwischen\/Entretemps)&#8221;'>18 March &#8211; 31 May 2018 | Catherine Liechti &#8220;(Dazwischen\/Entretemps)&#8221;<\/a><\/h3><\/header><\/div><footer class=\"entry-footer\"><\/footer><\/article><article class='av-magazine-entry av-magazine-entry-id-4193 av-magazine-format-standard av-magazine-type-post av-magazine-entry-14 av-magazine-entry-small '  itemscope=\"itemscope\" itemtype=\"https:\/\/schema.org\/CreativeWork\" ><div class=\"av-magazine-thumbnail\"><a href='https:\/\/www.museummurten.ch\/en\/2018\/02\/02-february-04-march-2018-exhibition-light-festival\/' title='Link to: 02 February &#8211; 04 March 2018 | Exhibition &#8220;Licht-Festival\/Festival des Lumi\u00e8res&#8221;' class='av-magazine-thumbnail-link'><img decoding=\"async\" fetchpriority=\"high\" width=\"80\" height=\"80\" src=\"https:\/\/www.museummurten.ch\/wp-content\/uploads\/2018\/02\/Th\u00e9\u00e2tre-11-80x80.jpg\" class=\"wp-image-4184 avia-img-lazy-loading-not-4184 attachment-thumbnail size-thumbnail wp-post-image\" alt=\"\" srcset=\"https:\/\/www.museummurten.ch\/wp-content\/uploads\/2018\/02\/Th\u00e9\u00e2tre-11-80x80.jpg 80w, https:\/\/www.museummurten.ch\/wp-content\/uploads\/2018\/02\/Th\u00e9\u00e2tre-11-36x36.jpg 36w, https:\/\/www.museummurten.ch\/wp-content\/uploads\/2018\/02\/Th\u00e9\u00e2tre-11-180x180.jpg 180w, https:\/\/www.museummurten.ch\/wp-content\/uploads\/2018\/02\/Th\u00e9\u00e2tre-11-120x120.jpg 120w, https:\/\/www.museummurten.ch\/wp-content\/uploads\/2018\/02\/Th\u00e9\u00e2tre-11-450x450.jpg 450w\" sizes=\"(max-width: 80px) 100vw, 80px\" \/><\/a><\/div><div class=\"av-magazine-content-wrap\"><header class=\"entry-content-header\" aria-label=\"Post: 02 February - 04 March 2018 | Exhibition &quot;Licht-Festival\/Festival des Lumi\u00e8res&quot;\"><time class='av-magazine-time updated'  itemprop=\"datePublished\" datetime=\"2018-02-02T15:23:24+01:00\" >February 2, 2018<\/time><h3 class='av-magazine-title entry-title '  itemprop=\"headline\" ><a href='https:\/\/www.museummurten.ch\/en\/2018\/02\/02-february-04-march-2018-exhibition-light-festival\/' title='Link to: 02 February &#8211; 04 March 2018 | Exhibition &#8220;Licht-Festival\/Festival des Lumi\u00e8res&#8221;'>02 February &#8211; 04 March 2018 | Exhibition &#8220;Licht-Festival\/Festival des Lumi\u00e8res&#8221;<\/a><\/h3><\/header><\/div><footer class=\"entry-footer\"><\/footer><\/article><article class='av-magazine-entry av-magazine-entry-id-4146 av-magazine-format-standard av-magazine-type-post av-magazine-entry-15 av-magazine-entry-small '  itemscope=\"itemscope\" itemtype=\"https:\/\/schema.org\/CreativeWork\" ><div class=\"av-magazine-thumbnail\"><a href='https:\/\/www.museummurten.ch\/en\/2018\/01\/17-january-28-january-murten-licht-festivalfestival-des-lumieres-de-morat\/' title='Link to: 17 January &#8211; 28 January | Murten Licht-Festival\/Festival des Lumi\u00e8res de Morat' class='av-magazine-thumbnail-link'><img decoding=\"async\" fetchpriority=\"high\" width=\"80\" height=\"80\" src=\"https:\/\/www.museummurten.ch\/wp-content\/uploads\/2016\/03\/Licht-80x80.jpg\" class=\"wp-image-4131 avia-img-lazy-loading-not-4131 attachment-thumbnail size-thumbnail wp-post-image\" alt=\"\" srcset=\"https:\/\/www.museummurten.ch\/wp-content\/uploads\/2016\/03\/Licht-80x80.jpg 80w, https:\/\/www.museummurten.ch\/wp-content\/uploads\/2016\/03\/Licht-36x36.jpg 36w, https:\/\/www.museummurten.ch\/wp-content\/uploads\/2016\/03\/Licht-180x180.jpg 180w, https:\/\/www.museummurten.ch\/wp-content\/uploads\/2016\/03\/Licht-120x120.jpg 120w, https:\/\/www.museummurten.ch\/wp-content\/uploads\/2016\/03\/Licht-450x450.jpg 450w\" sizes=\"(max-width: 80px) 100vw, 80px\" \/><\/a><\/div><div class=\"av-magazine-content-wrap\"><header class=\"entry-content-header\" aria-label=\"Post: 17 January - 28 January | Murten Licht-Festival\/Festival des Lumi\u00e8res de Morat\"><time class='av-magazine-time updated'  itemprop=\"datePublished\" datetime=\"2018-01-09T12:52:01+01:00\" >January 9, 2018<\/time><h3 class='av-magazine-title entry-title '  itemprop=\"headline\" ><a href='https:\/\/www.museummurten.ch\/en\/2018\/01\/17-january-28-january-murten-licht-festivalfestival-des-lumieres-de-morat\/' title='Link to: 17 January &#8211; 28 January | Murten Licht-Festival\/Festival des Lumi\u00e8res de Morat'>17 January &#8211; 28 January | Murten Licht-Festival\/Festival des Lumi\u00e8res de Morat<\/a><\/h3><\/header><\/div><footer class=\"entry-footer\"><\/footer><\/article><article class='av-magazine-entry av-magazine-entry-id-4084 av-magazine-format-standard av-magazine-type-post av-magazine-entry-16 av-magazine-entry-small '  itemscope=\"itemscope\" itemtype=\"https:\/\/schema.org\/CreativeWork\" ><div class=\"av-magazine-thumbnail\"><a href='https:\/\/www.museummurten.ch\/en\/2017\/10\/8-october-10-december-2017-hafis-bertschinger-pangea\/' title='Link to: 08 October &#8211; 10 December 2017 | Hafis Bertschinger &#8220;Pangea&#8221;' class='av-magazine-thumbnail-link'><img decoding=\"async\" fetchpriority=\"high\" width=\"80\" height=\"80\" src=\"https:\/\/www.museummurten.ch\/wp-content\/uploads\/2016\/03\/Pangea4-80x80.jpg\" class=\"wp-image-4074 avia-img-lazy-loading-not-4074 attachment-thumbnail size-thumbnail wp-post-image\" alt=\"\" srcset=\"https:\/\/www.museummurten.ch\/wp-content\/uploads\/2016\/03\/Pangea4-80x80.jpg 80w, https:\/\/www.museummurten.ch\/wp-content\/uploads\/2016\/03\/Pangea4-36x36.jpg 36w, https:\/\/www.museummurten.ch\/wp-content\/uploads\/2016\/03\/Pangea4-180x180.jpg 180w, https:\/\/www.museummurten.ch\/wp-content\/uploads\/2016\/03\/Pangea4-120x120.jpg 120w, https:\/\/www.museummurten.ch\/wp-content\/uploads\/2016\/03\/Pangea4-450x450.jpg 450w\" sizes=\"(max-width: 80px) 100vw, 80px\" \/><\/a><\/div><div class=\"av-magazine-content-wrap\"><header class=\"entry-content-header\" aria-label=\"Post: 08 October - 10 December 2017 | Hafis Bertschinger &quot;Pangea&quot;\"><time class='av-magazine-time updated'  itemprop=\"datePublished\" datetime=\"2017-10-04T14:55:22+01:00\" >October 4, 2017<\/time><h3 class='av-magazine-title entry-title '  itemprop=\"headline\" ><a href='https:\/\/www.museummurten.ch\/en\/2017\/10\/8-october-10-december-2017-hafis-bertschinger-pangea\/' title='Link to: 08 October &#8211; 10 December 2017 | Hafis Bertschinger &#8220;Pangea&#8221;'>08 October &#8211; 10 December 2017 | Hafis Bertschinger &#8220;Pangea&#8221;<\/a><\/h3><\/header><\/div><footer class=\"entry-footer\"><\/footer><\/article><article class='av-magazine-entry av-magazine-entry-id-4028 av-magazine-format-standard av-magazine-type-post av-magazine-entry-17 av-magazine-entry-small '  itemscope=\"itemscope\" itemtype=\"https:\/\/schema.org\/CreativeWork\" ><div class=\"av-magazine-thumbnail\"><a href='https:\/\/www.museummurten.ch\/en\/2017\/06\/11-june-01-october-2017-primula-bosshard-julien-chavaillaz-jean-luc-cramatte-luca-etter-charly-rappo-zwischen-kelch-und-sturmgewehr\/' title='Link to: 11 June &#8211; 01 October 2017 | Primula Bosshard, Julien Chavaillaz, Jean-Luc Cramatte, Luca Etter, Charly Rappo &#8220;Zwischen Kelch und Sturmgewehr&#8221;' class='av-magazine-thumbnail-link'><img decoding=\"async\" fetchpriority=\"high\" width=\"80\" height=\"80\" src=\"https:\/\/www.museummurten.ch\/wp-content\/uploads\/2016\/03\/Kelch1-80x80.jpg\" class=\"wp-image-4017 avia-img-lazy-loading-not-4017 attachment-thumbnail size-thumbnail wp-post-image\" alt=\"\" srcset=\"https:\/\/www.museummurten.ch\/wp-content\/uploads\/2016\/03\/Kelch1-80x80.jpg 80w, https:\/\/www.museummurten.ch\/wp-content\/uploads\/2016\/03\/Kelch1-36x36.jpg 36w, https:\/\/www.museummurten.ch\/wp-content\/uploads\/2016\/03\/Kelch1-180x180.jpg 180w, https:\/\/www.museummurten.ch\/wp-content\/uploads\/2016\/03\/Kelch1-120x120.jpg 120w, https:\/\/www.museummurten.ch\/wp-content\/uploads\/2016\/03\/Kelch1-450x450.jpg 450w\" sizes=\"(max-width: 80px) 100vw, 80px\" \/><\/a><\/div><div class=\"av-magazine-content-wrap\"><header class=\"entry-content-header\" aria-label=\"Post: 11 June - 01 October 2017 | Primula Bosshard, Julien Chavaillaz, Jean-Luc Cramatte, Luca Etter, Charly Rappo &quot;Zwischen Kelch und Sturmgewehr&quot;\"><time class='av-magazine-time updated'  itemprop=\"datePublished\" datetime=\"2017-06-09T15:12:35+01:00\" >June 9, 2017<\/time><h3 class='av-magazine-title entry-title '  itemprop=\"headline\" ><a href='https:\/\/www.museummurten.ch\/en\/2017\/06\/11-june-01-october-2017-primula-bosshard-julien-chavaillaz-jean-luc-cramatte-luca-etter-charly-rappo-zwischen-kelch-und-sturmgewehr\/' title='Link to: 11 June &#8211; 01 October 2017 | Primula Bosshard, Julien Chavaillaz, Jean-Luc Cramatte, Luca Etter, Charly Rappo &#8220;Zwischen Kelch und Sturmgewehr&#8221;'>11 June &#8211; 01 October 2017 | Primula Bosshard, Julien Chavaillaz, Jean-Luc Cramatte, Luca Etter, Charly Rappo &#8220;Zwischen Kelch und Sturmgewehr&#8221;<\/a><\/h3><\/header><\/div><footer class=\"entry-footer\"><\/footer><\/article><article class='av-magazine-entry av-magazine-entry-id-3925 av-magazine-format-standard av-magazine-type-post av-magazine-entry-18 av-magazine-entry-small '  itemscope=\"itemscope\" itemtype=\"https:\/\/schema.org\/CreativeWork\" ><div class=\"av-magazine-thumbnail\"><a href='https:\/\/www.museummurten.ch\/en\/2017\/03\/19-march-31-may-2017-marylene-joye-emmanuel-lendenmann-julien-burgy-schere-stein-papier\/' title='Link to: 19 March &#8211; 31 May 2017 | Maryl\u00e8ne Joye, Emmanuel Lendenmann, Julien Burgy &#8220;Schere, Stein, Papier&#8221;' class='av-magazine-thumbnail-link'><img decoding=\"async\" fetchpriority=\"high\" width=\"80\" height=\"80\" src=\"https:\/\/www.museummurten.ch\/wp-content\/uploads\/2017\/03\/BurgyLend2-80x80.jpg\" class=\"wp-image-3919 avia-img-lazy-loading-not-3919 attachment-thumbnail size-thumbnail wp-post-image\" alt=\"\" srcset=\"https:\/\/www.museummurten.ch\/wp-content\/uploads\/2017\/03\/BurgyLend2-80x80.jpg 80w, https:\/\/www.museummurten.ch\/wp-content\/uploads\/2017\/03\/BurgyLend2-36x36.jpg 36w, https:\/\/www.museummurten.ch\/wp-content\/uploads\/2017\/03\/BurgyLend2-180x180.jpg 180w, https:\/\/www.museummurten.ch\/wp-content\/uploads\/2017\/03\/BurgyLend2-120x120.jpg 120w, https:\/\/www.museummurten.ch\/wp-content\/uploads\/2017\/03\/BurgyLend2-450x450.jpg 450w\" sizes=\"(max-width: 80px) 100vw, 80px\" \/><\/a><\/div><div class=\"av-magazine-content-wrap\"><header class=\"entry-content-header\" aria-label=\"Post: 19 March - 31 May 2017 | Maryl\u00e8ne Joye, Emmanuel Lendenmann, Julien Burgy &quot;Schere, Stein, Papier&quot;\"><time class='av-magazine-time updated'  itemprop=\"datePublished\" datetime=\"2017-03-06T16:37:35+01:00\" >March 6, 2017<\/time><h3 class='av-magazine-title entry-title '  itemprop=\"headline\" ><a href='https:\/\/www.museummurten.ch\/en\/2017\/03\/19-march-31-may-2017-marylene-joye-emmanuel-lendenmann-julien-burgy-schere-stein-papier\/' title='Link to: 19 March &#8211; 31 May 2017 | Maryl\u00e8ne Joye, Emmanuel Lendenmann, Julien Burgy &#8220;Schere, Stein, Papier&#8221;'>19 March &#8211; 31 May 2017 | Maryl\u00e8ne Joye, Emmanuel Lendenmann, Julien Burgy &#8220;Schere, Stein, Papier&#8221;<\/a><\/h3><\/header><\/div><footer class=\"entry-footer\"><\/footer><\/article><article class='av-magazine-entry av-magazine-entry-id-3884 av-magazine-format-standard av-magazine-type-post av-magazine-entry-19 av-magazine-entry-small '  itemscope=\"itemscope\" itemtype=\"https:\/\/schema.org\/CreativeWork\" ><div class=\"av-magazine-thumbnail\"><a href='https:\/\/www.museummurten.ch\/en\/2017\/01\/11-janvier-22-janvierfestival-des-lumieres-de-morat\/' title='Link to: 11 January &#8211; 22 January | Murten Licht-Festival\/Festival des Lumi\u00e8res de Morat' class='av-magazine-thumbnail-link'><img decoding=\"async\" fetchpriority=\"high\" width=\"80\" height=\"80\" src=\"https:\/\/www.museummurten.ch\/wp-content\/uploads\/2017\/01\/Mapping2-80x80.jpg\" class=\"wp-image-3893 avia-img-lazy-loading-not-3893 attachment-thumbnail size-thumbnail wp-post-image\" alt=\"\" srcset=\"https:\/\/www.museummurten.ch\/wp-content\/uploads\/2017\/01\/Mapping2-80x80.jpg 80w, https:\/\/www.museummurten.ch\/wp-content\/uploads\/2017\/01\/Mapping2-36x36.jpg 36w, https:\/\/www.museummurten.ch\/wp-content\/uploads\/2017\/01\/Mapping2-180x180.jpg 180w, https:\/\/www.museummurten.ch\/wp-content\/uploads\/2017\/01\/Mapping2-120x120.jpg 120w, https:\/\/www.museummurten.ch\/wp-content\/uploads\/2017\/01\/Mapping2-450x450.jpg 450w\" sizes=\"(max-width: 80px) 100vw, 80px\" \/><\/a><\/div><div class=\"av-magazine-content-wrap\"><header class=\"entry-content-header\" aria-label=\"Post: 11 January - 22 January | Murten Licht-Festival\/Festival des Lumi\u00e8res de Morat\"><time class='av-magazine-time updated'  itemprop=\"datePublished\" datetime=\"2017-01-10T10:56:46+01:00\" >January 10, 2017<\/time><h3 class='av-magazine-title entry-title '  itemprop=\"headline\" ><a href='https:\/\/www.museummurten.ch\/en\/2017\/01\/11-janvier-22-janvierfestival-des-lumieres-de-morat\/' title='Link to: 11 January &#8211; 22 January | Murten Licht-Festival\/Festival des Lumi\u00e8res de Morat'>11 January &#8211; 22 January | Murten Licht-Festival\/Festival des Lumi\u00e8res de Morat<\/a><\/h3><\/header><\/div><footer class=\"entry-footer\"><\/footer><\/article><article class='av-magazine-entry av-magazine-entry-id-3829 av-magazine-format-standard av-magazine-type-post av-magazine-entry-20 av-magazine-entry-small '  itemscope=\"itemscope\" itemtype=\"https:\/\/schema.org\/CreativeWork\" ><div class=\"av-magazine-thumbnail\"><a href='https:\/\/www.museummurten.ch\/en\/2016\/10\/09-october-11-december-flaviano-salzani-spiegelmiroir\/' title='Link to: 09 October &#8211; 11 December | Flaviano Salzani &#8220;Spiegel\/Miroir&#8221;' class='av-magazine-thumbnail-link'><img decoding=\"async\" fetchpriority=\"high\" width=\"80\" height=\"80\" src=\"https:\/\/www.museummurten.ch\/wp-content\/uploads\/2016\/10\/Salzani8-1-80x80.jpg\" class=\"wp-image-3844 avia-img-lazy-loading-not-3844 attachment-thumbnail size-thumbnail wp-post-image\" alt=\"\" srcset=\"https:\/\/www.museummurten.ch\/wp-content\/uploads\/2016\/10\/Salzani8-1-80x80.jpg 80w, https:\/\/www.museummurten.ch\/wp-content\/uploads\/2016\/10\/Salzani8-1-36x36.jpg 36w, https:\/\/www.museummurten.ch\/wp-content\/uploads\/2016\/10\/Salzani8-1-180x180.jpg 180w, https:\/\/www.museummurten.ch\/wp-content\/uploads\/2016\/10\/Salzani8-1-120x120.jpg 120w, https:\/\/www.museummurten.ch\/wp-content\/uploads\/2016\/10\/Salzani8-1-450x450.jpg 450w\" sizes=\"(max-width: 80px) 100vw, 80px\" \/><\/a><\/div><div class=\"av-magazine-content-wrap\"><header class=\"entry-content-header\" aria-label=\"Post: 09 October - 11 December | Flaviano Salzani &quot;Spiegel\/Miroir&quot;\"><time class='av-magazine-time updated'  itemprop=\"datePublished\" datetime=\"2016-10-06T23:09:15+01:00\" >October 6, 2016<\/time><h3 class='av-magazine-title entry-title '  itemprop=\"headline\" ><a href='https:\/\/www.museummurten.ch\/en\/2016\/10\/09-october-11-december-flaviano-salzani-spiegelmiroir\/' title='Link to: 09 October &#8211; 11 December | Flaviano Salzani &#8220;Spiegel\/Miroir&#8221;'>09 October &#8211; 11 December | Flaviano Salzani &#8220;Spiegel\/Miroir&#8221;<\/a><\/h3><\/header><\/div><footer class=\"entry-footer\"><\/footer><\/article><article class='av-magazine-entry av-magazine-entry-id-3673 av-magazine-format-standard av-magazine-type-post av-magazine-entry-21 av-magazine-entry-small '  itemscope=\"itemscope\" itemtype=\"https:\/\/schema.org\/CreativeWork\" ><div class=\"av-magazine-thumbnail\"><a href='https:\/\/www.museummurten.ch\/en\/2016\/06\/12-juni-2-oktober-2016-feuer-au-feu\/' title='Link to: 12. Juni &#8211; 2. Oktober 2016 | Feuer!&#8230; Au feu !&#8230;' class='av-magazine-thumbnail-link'><img decoding=\"async\" fetchpriority=\"high\" width=\"80\" height=\"80\" src=\"https:\/\/www.museummurten.ch\/wp-content\/uploads\/2016\/03\/feuer-feu-80x80.jpg\" class=\"wp-image-3653 avia-img-lazy-loading-not-3653 attachment-thumbnail size-thumbnail wp-post-image\" alt=\"\" srcset=\"https:\/\/www.museummurten.ch\/wp-content\/uploads\/2016\/03\/feuer-feu-80x80.jpg 80w, https:\/\/www.museummurten.ch\/wp-content\/uploads\/2016\/03\/feuer-feu-36x36.jpg 36w, https:\/\/www.museummurten.ch\/wp-content\/uploads\/2016\/03\/feuer-feu-180x180.jpg 180w, https:\/\/www.museummurten.ch\/wp-content\/uploads\/2016\/03\/feuer-feu-120x120.jpg 120w, https:\/\/www.museummurten.ch\/wp-content\/uploads\/2016\/03\/feuer-feu-450x450.jpg 450w\" sizes=\"(max-width: 80px) 100vw, 80px\" \/><\/a><\/div><div class=\"av-magazine-content-wrap\"><header class=\"entry-content-header\" aria-label=\"Post: 12. Juni - 2. Oktober 2016 | Feuer!... Au feu !...\"><time class='av-magazine-time updated'  itemprop=\"datePublished\" datetime=\"2016-06-22T22:07:14+01:00\" >June 22, 2016<\/time><h3 class='av-magazine-title entry-title '  itemprop=\"headline\" ><a href='https:\/\/www.museummurten.ch\/en\/2016\/06\/12-juni-2-oktober-2016-feuer-au-feu\/' title='Link to: 12. Juni &#8211; 2. Oktober 2016 | Feuer!&#8230; Au feu !&#8230;'>12. Juni &#8211; 2. Oktober 2016 | Feuer!&#8230; Au feu !&#8230;<\/a><\/h3><\/header><\/div><footer class=\"entry-footer\"><\/footer><\/article><article class='av-magazine-entry av-magazine-entry-id-2124 av-magazine-format-standard av-magazine-type-post av-magazine-entry-22 av-magazine-entry-small '  itemscope=\"itemscope\" itemtype=\"https:\/\/schema.org\/CreativeWork\" ><div class=\"av-magazine-thumbnail\"><a href='https:\/\/www.museummurten.ch\/en\/2016\/02\/francoise-emmenegger-and-catherine-zumkeller-vergaenglichephemere-20-march-31-may-2016\/' title='Link to: 20 March &#8211; 31 May 2016 | Fran\u00e7oise Emmenegger and Catherine Zumkeller &#8220;Verg\u00e4nglich\/\u00c9ph\u00e9m\u00e8re&#8221;' class='av-magazine-thumbnail-link'><img decoding=\"async\" fetchpriority=\"high\" width=\"80\" height=\"80\" src=\"https:\/\/www.museummurten.ch\/wp-content\/uploads\/2016\/02\/Image-150x150.jpg\" class=\"wp-image-2280 avia-img-lazy-loading-not-2280 attachment-thumbnail size-thumbnail wp-post-image\" alt=\"\" \/><\/a><\/div><div class=\"av-magazine-content-wrap\"><header class=\"entry-content-header\" aria-label=\"Post: 20 March - 31 May 2016 | Fran\u00e7oise Emmenegger and Catherine Zumkeller &quot;Verg\u00e4nglich\/\u00c9ph\u00e9m\u00e8re&quot;\"><time class='av-magazine-time updated'  itemprop=\"datePublished\" datetime=\"2016-02-22T09:45:44+01:00\" >February 22, 2016<\/time><h3 class='av-magazine-title entry-title '  itemprop=\"headline\" ><a href='https:\/\/www.museummurten.ch\/en\/2016\/02\/francoise-emmenegger-and-catherine-zumkeller-vergaenglichephemere-20-march-31-may-2016\/' title='Link to: 20 March &#8211; 31 May 2016 | Fran\u00e7oise Emmenegger and Catherine Zumkeller &#8220;Verg\u00e4nglich\/\u00c9ph\u00e9m\u00e8re&#8221;'>20 March &#8211; 31 May 2016 | Fran\u00e7oise Emmenegger and Catherine Zumkeller &#8220;Verg\u00e4nglich\/\u00c9ph\u00e9m\u00e8re&#8221;<\/a><\/h3><\/header><\/div><footer class=\"entry-footer\"><\/footer><\/article><article class='av-magazine-entry av-magazine-entry-id-2121 av-magazine-format-standard av-magazine-type-post av-magazine-entry-23 av-magazine-entry-small '  itemscope=\"itemscope\" itemtype=\"https:\/\/schema.org\/CreativeWork\" ><div class=\"av-magazine-thumbnail\"><a href='https:\/\/www.museummurten.ch\/en\/2015\/10\/anna-coudray-and-bertrand-kurzo-die-kunst-der-gegensaetze-11-october-29-november-2015\/' title='Link to: 11 October &#8211; 29 November 2015 | Anna Coudray and Bertrand Kurzo &#8220;Die Kunst der Gegens\u00e4tze&#8221;' class='av-magazine-thumbnail-link'><img decoding=\"async\" fetchpriority=\"high\" width=\"80\" height=\"80\" src=\"https:\/\/www.museummurten.ch\/wp-content\/uploads\/2015\/10\/Blancetnoir-150x150.jpg\" class=\"wp-image-3071 avia-img-lazy-loading-not-3071 attachment-thumbnail size-thumbnail wp-post-image\" alt=\"\" \/><\/a><\/div><div class=\"av-magazine-content-wrap\"><header class=\"entry-content-header\" aria-label=\"Post: 11 October - 29 November 2015 | Anna Coudray and Bertrand Kurzo &quot;Die Kunst der Gegens\u00e4tze&quot;\"><time class='av-magazine-time updated'  itemprop=\"datePublished\" datetime=\"2015-10-08T17:57:34+01:00\" >October 8, 2015<\/time><h3 class='av-magazine-title entry-title '  itemprop=\"headline\" ><a href='https:\/\/www.museummurten.ch\/en\/2015\/10\/anna-coudray-and-bertrand-kurzo-die-kunst-der-gegensaetze-11-october-29-november-2015\/' title='Link to: 11 October &#8211; 29 November 2015 | Anna Coudray and Bertrand Kurzo &#8220;Die Kunst der Gegens\u00e4tze&#8221;'>11 October &#8211; 29 November 2015 | Anna Coudray and Bertrand Kurzo &#8220;Die Kunst der Gegens\u00e4tze&#8221;<\/a><\/h3><\/header><\/div><footer class=\"entry-footer\"><\/footer><\/article><article class='av-magazine-entry av-magazine-entry-id-2118 av-magazine-format-standard av-magazine-type-post av-magazine-entry-24 av-magazine-entry-small '  itemscope=\"itemscope\" itemtype=\"https:\/\/schema.org\/CreativeWork\" ><div class=\"av-magazine-thumbnail\"><a href='https:\/\/www.museummurten.ch\/en\/2015\/06\/grenzenfrontieres-3\/' title='Link to: Grenzen\/Fronti\u00e8res' class='av-magazine-thumbnail-link'><img decoding=\"async\" fetchpriority=\"high\" width=\"80\" height=\"80\" src=\"https:\/\/www.museummurten.ch\/wp-content\/uploads\/2015\/06\/frontieres-80x80.jpg\" class=\"wp-image-2288 avia-img-lazy-loading-not-2288 attachment-thumbnail size-thumbnail wp-post-image\" alt=\"\" srcset=\"https:\/\/www.museummurten.ch\/wp-content\/uploads\/2015\/06\/frontieres-80x80.jpg 80w, https:\/\/www.museummurten.ch\/wp-content\/uploads\/2015\/06\/frontieres-36x36.jpg 36w, https:\/\/www.museummurten.ch\/wp-content\/uploads\/2015\/06\/frontieres-180x180.jpg 180w, https:\/\/www.museummurten.ch\/wp-content\/uploads\/2015\/06\/frontieres-120x120.jpg 120w, https:\/\/www.museummurten.ch\/wp-content\/uploads\/2015\/06\/frontieres-450x450.jpg 450w\" sizes=\"(max-width: 80px) 100vw, 80px\" \/><\/a><\/div><div class=\"av-magazine-content-wrap\"><header class=\"entry-content-header\" aria-label=\"Post: Grenzen\/Fronti\u00e8res\"><time class='av-magazine-time updated'  itemprop=\"datePublished\" datetime=\"2015-06-01T14:39:46+01:00\" >June 1, 2015<\/time><h3 class='av-magazine-title entry-title '  itemprop=\"headline\" ><a href='https:\/\/www.museummurten.ch\/en\/2015\/06\/grenzenfrontieres-3\/' title='Link to: Grenzen\/Fronti\u00e8res'>Grenzen\/Fronti\u00e8res<\/a><\/h3><\/header><\/div><footer class=\"entry-footer\"><\/footer><\/article><article class='av-magazine-entry av-magazine-entry-id-2115 av-magazine-format-standard av-magazine-type-post av-magazine-entry-25 av-magazine-entry-small '  itemscope=\"itemscope\" itemtype=\"https:\/\/schema.org\/CreativeWork\" ><div class=\"av-magazine-thumbnail\"><a href='https:\/\/www.museummurten.ch\/en\/2015\/03\/franz-bruelhart-drowning-by-colors-22-march-29-may-2015\/' title='Link to: 22 March &#8211; 29 May 2015 | Franz Br\u00fclhart &#8220;Drowning by colors&#8221;' class='av-magazine-thumbnail-link'><img decoding=\"async\" fetchpriority=\"high\" width=\"80\" height=\"80\" src=\"https:\/\/www.museummurten.ch\/wp-content\/uploads\/2015\/03\/Drowning-150x150.jpg\" class=\"wp-image-2291 avia-img-lazy-loading-not-2291 attachment-thumbnail size-thumbnail wp-post-image\" alt=\"\" \/><\/a><\/div><div class=\"av-magazine-content-wrap\"><header class=\"entry-content-header\" aria-label=\"Post: 22 March - 29 May 2015 | Franz Br\u00fclhart &quot;Drowning by colors&quot;\"><time class='av-magazine-time updated'  itemprop=\"datePublished\" datetime=\"2015-03-03T16:35:19+01:00\" >March 3, 2015<\/time><h3 class='av-magazine-title entry-title '  itemprop=\"headline\" ><a href='https:\/\/www.museummurten.ch\/en\/2015\/03\/franz-bruelhart-drowning-by-colors-22-march-29-may-2015\/' title='Link to: 22 March &#8211; 29 May 2015 | Franz Br\u00fclhart &#8220;Drowning by colors&#8221;'>22 March &#8211; 29 May 2015 | Franz Br\u00fclhart &#8220;Drowning by colors&#8221;<\/a><\/h3><\/header><\/div><footer class=\"entry-footer\"><\/footer><\/article><article class='av-magazine-entry av-magazine-entry-id-2112 av-magazine-format-standard av-magazine-type-post av-magazine-entry-26 av-magazine-entry-small '  itemscope=\"itemscope\" itemtype=\"https:\/\/schema.org\/CreativeWork\" ><div class=\"av-magazine-thumbnail\"><a href='https:\/\/www.museummurten.ch\/en\/2014\/10\/peter-barth-werte-12-october-7-december\/' title='Link to: 12 October &#8211; 7 December | Peter Barth &#8220;Werte&#8221;' class='av-magazine-thumbnail-link'><img decoding=\"async\" fetchpriority=\"high\" width=\"80\" height=\"80\" src=\"https:\/\/www.museummurten.ch\/wp-content\/uploads\/2014\/10\/Barth-150x150.jpg\" class=\"wp-image-2963 avia-img-lazy-loading-not-2963 attachment-thumbnail size-thumbnail wp-post-image\" alt=\"\" \/><\/a><\/div><div class=\"av-magazine-content-wrap\"><header class=\"entry-content-header\" aria-label=\"Post: 12 October - 7 December | Peter Barth &quot;Werte&quot;\"><time class='av-magazine-time updated'  itemprop=\"datePublished\" datetime=\"2014-10-08T08:55:17+01:00\" >October 8, 2014<\/time><h3 class='av-magazine-title entry-title '  itemprop=\"headline\" ><a href='https:\/\/www.museummurten.ch\/en\/2014\/10\/peter-barth-werte-12-october-7-december\/' title='Link to: 12 October &#8211; 7 December | Peter Barth &#8220;Werte&#8221;'>12 October &#8211; 7 December | Peter Barth &#8220;Werte&#8221;<\/a><\/h3><\/header><\/div><footer class=\"entry-footer\"><\/footer><\/article><article class='av-magazine-entry av-magazine-entry-id-2109 av-magazine-format-standard av-magazine-type-post av-magazine-entry-27 av-magazine-entry-small '  itemscope=\"itemscope\" itemtype=\"https:\/\/schema.org\/CreativeWork\" ><div class=\"av-magazine-thumbnail\"><a href='https:\/\/www.museummurten.ch\/en\/2014\/05\/in-vully-veritas-31-may-5-october\/' title='Link to: 31 May &#8211; 5 October | In Vully veritas' class='av-magazine-thumbnail-link'><img decoding=\"async\" fetchpriority=\"high\" width=\"80\" height=\"80\" src=\"https:\/\/www.museummurten.ch\/wp-content\/uploads\/2014\/05\/vendanges-150x150.jpg\" class=\"wp-image-2931 avia-img-lazy-loading-not-2931 attachment-thumbnail size-thumbnail wp-post-image\" alt=\"\" \/><\/a><\/div><div class=\"av-magazine-content-wrap\"><header class=\"entry-content-header\" aria-label=\"Post: 31 May - 5 October | In Vully veritas\"><time class='av-magazine-time updated'  itemprop=\"datePublished\" datetime=\"2014-05-31T09:39:55+01:00\" >May 31, 2014<\/time><h3 class='av-magazine-title entry-title '  itemprop=\"headline\" ><a href='https:\/\/www.museummurten.ch\/en\/2014\/05\/in-vully-veritas-31-may-5-october\/' title='Link to: 31 May &#8211; 5 October | In Vully veritas'>31 May &#8211; 5 October | In Vully veritas<\/a><\/h3><\/header><\/div><footer class=\"entry-footer\"><\/footer><\/article><article class='av-magazine-entry av-magazine-entry-id-2106 av-magazine-format-standard av-magazine-type-post av-magazine-entry-28 av-magazine-entry-small '  itemscope=\"itemscope\" itemtype=\"https:\/\/schema.org\/CreativeWork\" ><div class=\"av-magazine-thumbnail\"><a href='https:\/\/www.museummurten.ch\/en\/2014\/02\/josiane-guilland-entre-les-plis-du-temps-23-march-22-may-2014\/' title='Link to: 23 march &#8211; 22 may 2014 | Josiane Guilland &#8220;Entre les plis du temps&#8221;' class='av-magazine-thumbnail-link'><img decoding=\"async\" fetchpriority=\"high\" width=\"80\" height=\"80\" src=\"https:\/\/www.museummurten.ch\/wp-content\/uploads\/2014\/02\/Herbes-sauvages-150x150.jpg\" class=\"wp-image-2919 avia-img-lazy-loading-not-2919 attachment-thumbnail size-thumbnail wp-post-image\" alt=\"\" \/><\/a><\/div><div class=\"av-magazine-content-wrap\"><header class=\"entry-content-header\" aria-label=\"Post: 23 march - 22 may 2014 | Josiane Guilland &quot;Entre les plis du temps&quot;\"><time class='av-magazine-time updated'  itemprop=\"datePublished\" datetime=\"2014-02-28T08:34:27+01:00\" >February 28, 2014<\/time><h3 class='av-magazine-title entry-title '  itemprop=\"headline\" ><a href='https:\/\/www.museummurten.ch\/en\/2014\/02\/josiane-guilland-entre-les-plis-du-temps-23-march-22-may-2014\/' title='Link to: 23 march &#8211; 22 may 2014 | Josiane Guilland &#8220;Entre les plis du temps&#8221;'>23 march &#8211; 22 may 2014 | Josiane Guilland &#8220;Entre les plis du temps&#8221;<\/a><\/h3><\/header><\/div><footer class=\"entry-footer\"><\/footer><\/article><article class='av-magazine-entry av-magazine-entry-id-2103 av-magazine-format-standard av-magazine-type-post av-magazine-entry-29 av-magazine-entry-small '  itemscope=\"itemscope\" itemtype=\"https:\/\/schema.org\/CreativeWork\" ><div class=\"av-magazine-thumbnail\"><a href='https:\/\/www.museummurten.ch\/en\/2013\/10\/sandra-mumprecht-esprit-nature-26-october-8-december-2013\/' title='Link to: 26 October &#8211; 8 December 2013 | Sandra Mumprecht &#8220;Esprit &#038; Nature&#8221;' class='av-magazine-thumbnail-link'><img decoding=\"async\" fetchpriority=\"high\" width=\"80\" height=\"80\" src=\"https:\/\/www.museummurten.ch\/wp-content\/uploads\/2013\/10\/7-k1-150x150.jpg\" class=\"wp-image-2297 avia-img-lazy-loading-not-2297 attachment-thumbnail size-thumbnail wp-post-image\" alt=\"\" \/><\/a><\/div><div class=\"av-magazine-content-wrap\"><header class=\"entry-content-header\" aria-label=\"Post: 26 October - 8 December 2013 | Sandra Mumprecht &quot;Esprit &amp; Nature&quot;\"><time class='av-magazine-time updated'  itemprop=\"datePublished\" datetime=\"2013-10-23T20:14:17+01:00\" >October 23, 2013<\/time><h3 class='av-magazine-title entry-title '  itemprop=\"headline\" ><a href='https:\/\/www.museummurten.ch\/en\/2013\/10\/sandra-mumprecht-esprit-nature-26-october-8-december-2013\/' title='Link to: 26 October &#8211; 8 December 2013 | Sandra Mumprecht &#8220;Esprit &#038; Nature&#8221;'>26 October &#8211; 8 December 2013 | Sandra Mumprecht &#8220;Esprit &#038; Nature&#8221;<\/a><\/h3><\/header><\/div><footer class=\"entry-footer\"><\/footer><\/article><article class='av-magazine-entry av-magazine-entry-id-2100 av-magazine-format-standard av-magazine-type-post av-magazine-entry-30 av-magazine-entry-small '  itemscope=\"itemscope\" itemtype=\"https:\/\/schema.org\/CreativeWork\" ><div class=\"av-magazine-thumbnail\"><a href='https:\/\/www.museummurten.ch\/en\/2013\/05\/80th-anniversary-of-morat-fribourg-8-june-20-october-2013\/' title='Link to: 8 June &#8211; 20 October 2013 | 80th anniversary of Morat-Fribourg' class='av-magazine-thumbnail-link'><img decoding=\"async\" fetchpriority=\"high\" width=\"80\" height=\"80\" src=\"https:\/\/www.museummurten.ch\/wp-content\/uploads\/2013\/02\/Morat5-150x150.jpg\" class=\"wp-image-2831 avia-img-lazy-loading-not-2831 attachment-thumbnail size-thumbnail wp-post-image\" alt=\"\" \/><\/a><\/div><div class=\"av-magazine-content-wrap\"><header class=\"entry-content-header\" aria-label=\"Post: 8 June - 20 October 2013 | 80th anniversary of Morat-Fribourg\"><time class='av-magazine-time updated'  itemprop=\"datePublished\" datetime=\"2013-05-19T20:17:37+01:00\" >May 19, 2013<\/time><h3 class='av-magazine-title entry-title '  itemprop=\"headline\" ><a href='https:\/\/www.museummurten.ch\/en\/2013\/05\/80th-anniversary-of-morat-fribourg-8-june-20-october-2013\/' title='Link to: 8 June &#8211; 20 October 2013 | 80th anniversary of Morat-Fribourg'>8 June &#8211; 20 October 2013 | 80th anniversary of Morat-Fribourg<\/a><\/h3><\/header><\/div><footer class=\"entry-footer\"><\/footer><\/article><article class='av-magazine-entry av-magazine-entry-id-2094 av-magazine-format-standard av-magazine-type-post av-magazine-entry-31 av-magazine-entry-small '  itemscope=\"itemscope\" itemtype=\"https:\/\/schema.org\/CreativeWork\" ><div class=\"av-magazine-thumbnail\"><a href='https:\/\/www.museummurten.ch\/en\/2013\/03\/the-shores-of-lake-murten-past-and-present-24-march-31st-may-2013\/' title='Link to: 24 March &#8211; 31st May 2013 | The shores of lake Murten: past and present' class='av-magazine-thumbnail-link'><img decoding=\"async\" fetchpriority=\"high\" width=\"80\" height=\"80\" src=\"https:\/\/www.museummurten.ch\/wp-content\/uploads\/2013\/03\/Bailly-25-80x80.jpg\" class=\"wp-image-2303 avia-img-lazy-loading-not-2303 attachment-thumbnail size-thumbnail wp-post-image\" alt=\"\" srcset=\"https:\/\/www.museummurten.ch\/wp-content\/uploads\/2013\/03\/Bailly-25-80x80.jpg 80w, https:\/\/www.museummurten.ch\/wp-content\/uploads\/2013\/03\/Bailly-25-36x36.jpg 36w, https:\/\/www.museummurten.ch\/wp-content\/uploads\/2013\/03\/Bailly-25-180x180.jpg 180w, https:\/\/www.museummurten.ch\/wp-content\/uploads\/2013\/03\/Bailly-25-120x120.jpg 120w\" sizes=\"(max-width: 80px) 100vw, 80px\" \/><\/a><\/div><div class=\"av-magazine-content-wrap\"><header class=\"entry-content-header\" aria-label=\"Post: 24 March - 31st May 2013 | The shores of lake Murten: past and present\"><time class='av-magazine-time updated'  itemprop=\"datePublished\" datetime=\"2013-03-05T13:13:41+01:00\" >March 5, 2013<\/time><h3 class='av-magazine-title entry-title '  itemprop=\"headline\" ><a href='https:\/\/www.museummurten.ch\/en\/2013\/03\/the-shores-of-lake-murten-past-and-present-24-march-31st-may-2013\/' title='Link to: 24 March &#8211; 31st May 2013 | The shores of lake Murten: past and present'>24 March &#8211; 31st May 2013 | The shores of lake Murten: past and present<\/a><\/h3><\/header><\/div><footer class=\"entry-footer\"><\/footer><\/article><article class='av-magazine-entry av-magazine-entry-id-2091 av-magazine-format-standard av-magazine-type-post av-magazine-entry-32 av-magazine-entry-small '  itemscope=\"itemscope\" itemtype=\"https:\/\/schema.org\/CreativeWork\" ><div class=\"av-magazine-thumbnail\"><a href='https:\/\/www.museummurten.ch\/en\/2012\/09\/ann-lee-9-september-2-december-2012\/' title='Link to: 9 September &#8211; 2 December 2012 | ann lee' class='av-magazine-thumbnail-link'><img decoding=\"async\" fetchpriority=\"high\" width=\"80\" height=\"80\" src=\"https:\/\/www.museummurten.ch\/wp-content\/uploads\/2012\/09\/Bild23-150x150.jpg\" class=\"wp-image-2719 avia-img-lazy-loading-not-2719 attachment-thumbnail size-thumbnail wp-post-image\" alt=\"\" \/><\/a><\/div><div class=\"av-magazine-content-wrap\"><header class=\"entry-content-header\" aria-label=\"Post: 9 September - 2 December 2012 | ann lee\"><time class='av-magazine-time updated'  itemprop=\"datePublished\" datetime=\"2012-09-05T09:53:15+01:00\" >September 5, 2012<\/time><h3 class='av-magazine-title entry-title '  itemprop=\"headline\" ><a href='https:\/\/www.museummurten.ch\/en\/2012\/09\/ann-lee-9-september-2-december-2012\/' title='Link to: 9 September &#8211; 2 December 2012 | ann lee'>9 September &#8211; 2 December 2012 | ann lee<\/a><\/h3><\/header><\/div><footer class=\"entry-footer\"><\/footer><\/article><article class='av-magazine-entry av-magazine-entry-id-2085 av-magazine-format-standard av-magazine-type-post av-magazine-entry-33 av-magazine-entry-small '  itemscope=\"itemscope\" itemtype=\"https:\/\/schema.org\/CreativeWork\" ><div class=\"av-magazine-thumbnail\"><a href='https:\/\/www.museummurten.ch\/en\/2012\/06\/hans-schoepfer-24-june-2-september-2012\/' title='Link to: 24 June &#8211; 2 September 2012 | Hans Sch\u00f6pfer' class='av-magazine-thumbnail-link'><img decoding=\"async\" fetchpriority=\"high\" width=\"80\" height=\"80\" src=\"https:\/\/www.museummurten.ch\/wp-content\/uploads\/2012\/06\/Schopfer2-80x80.jpg\" class=\"wp-image-2308 avia-img-lazy-loading-not-2308 attachment-thumbnail size-thumbnail wp-post-image\" alt=\"\" srcset=\"https:\/\/www.museummurten.ch\/wp-content\/uploads\/2012\/06\/Schopfer2-80x80.jpg 80w, https:\/\/www.museummurten.ch\/wp-content\/uploads\/2012\/06\/Schopfer2-36x36.jpg 36w, https:\/\/www.museummurten.ch\/wp-content\/uploads\/2012\/06\/Schopfer2-180x180.jpg 180w, https:\/\/www.museummurten.ch\/wp-content\/uploads\/2012\/06\/Schopfer2-120x120.jpg 120w\" sizes=\"(max-width: 80px) 100vw, 80px\" \/><\/a><\/div><div class=\"av-magazine-content-wrap\"><header class=\"entry-content-header\" aria-label=\"Post: 24 June - 2 September 2012 | Hans Sch\u00f6pfer\"><time class='av-magazine-time updated'  itemprop=\"datePublished\" datetime=\"2012-06-19T22:55:43+01:00\" >June 19, 2012<\/time><h3 class='av-magazine-title entry-title '  itemprop=\"headline\" ><a href='https:\/\/www.museummurten.ch\/en\/2012\/06\/hans-schoepfer-24-june-2-september-2012\/' title='Link to: 24 June &#8211; 2 September 2012 | Hans Sch\u00f6pfer'>24 June &#8211; 2 September 2012 | Hans Sch\u00f6pfer<\/a><\/h3><\/header><\/div><footer class=\"entry-footer\"><\/footer><\/article><article class='av-magazine-entry av-magazine-entry-id-2065 av-magazine-format-standard av-magazine-type-post av-magazine-entry-34 av-magazine-entry-small '  itemscope=\"itemscope\" itemtype=\"https:\/\/schema.org\/CreativeWork\" ><div class=\"av-magazine-thumbnail\"><a href='https:\/\/www.museummurten.ch\/en\/2012\/03\/hans-wildanger-1888-1968-24-march-17-june-2012\/' title='Link to: 24 march &#8211; 17 June 2012 | Hans Wildanger (1888-1968)' class='av-magazine-thumbnail-link'><img decoding=\"async\" fetchpriority=\"high\" width=\"80\" height=\"80\" src=\"https:\/\/www.museummurten.ch\/wp-content\/uploads\/2012\/03\/wild-150x150.jpg\" class=\"wp-image-2311 avia-img-lazy-loading-not-2311 attachment-thumbnail size-thumbnail wp-post-image\" alt=\"\" \/><\/a><\/div><div class=\"av-magazine-content-wrap\"><header class=\"entry-content-header\" aria-label=\"Post: 24 march - 17 June 2012 | Hans Wildanger (1888-1968)\"><time class='av-magazine-time updated'  itemprop=\"datePublished\" datetime=\"2012-03-23T08:42:54+01:00\" >March 23, 2012<\/time><h3 class='av-magazine-title entry-title '  itemprop=\"headline\" ><a href='https:\/\/www.museummurten.ch\/en\/2012\/03\/hans-wildanger-1888-1968-24-march-17-june-2012\/' title='Link to: 24 march &#8211; 17 June 2012 | Hans Wildanger (1888-1968)'>24 march &#8211; 17 June 2012 | Hans Wildanger (1888-1968)<\/a><\/h3><\/header><\/div><footer class=\"entry-footer\"><\/footer><\/article><article class='av-magazine-entry av-magazine-entry-id-2059 av-magazine-format-standard av-magazine-type-post av-magazine-entry-35 av-magazine-entry-small '  itemscope=\"itemscope\" itemtype=\"https:\/\/schema.org\/CreativeWork\" ><div class=\"av-magazine-thumbnail\"><a href='https:\/\/www.museummurten.ch\/en\/2011\/08\/salz-mehr-als-nacl-07-august-30-oktober-2011-en\/' title='Link to: 07 August &#8211; 30 Oktober 2011 | Salz &#8211; mehr als NaCl.' class='av-magazine-thumbnail-link'><img decoding=\"async\" fetchpriority=\"high\" width=\"80\" height=\"80\" src=\"https:\/\/www.museummurten.ch\/wp-content\/uploads\/2011\/08\/sel-150x150.jpg\" class=\"wp-image-2314 avia-img-lazy-loading-not-2314 attachment-thumbnail size-thumbnail wp-post-image\" alt=\"\" \/><\/a><\/div><div class=\"av-magazine-content-wrap\"><header class=\"entry-content-header\" aria-label=\"Post: 07 August - 30 Oktober 2011 | Salz - mehr als NaCl.\"><time class='av-magazine-time updated'  itemprop=\"datePublished\" datetime=\"2011-08-29T14:49:51+01:00\" >August 29, 2011<\/time><h3 class='av-magazine-title entry-title '  itemprop=\"headline\" ><a href='https:\/\/www.museummurten.ch\/en\/2011\/08\/salz-mehr-als-nacl-07-august-30-oktober-2011-en\/' title='Link to: 07 August &#8211; 30 Oktober 2011 | Salz &#8211; mehr als NaCl.'>07 August &#8211; 30 Oktober 2011 | Salz &#8211; mehr als NaCl.<\/a><\/h3><\/header><\/div><footer class=\"entry-footer\"><\/footer><\/article><article class='av-magazine-entry av-magazine-entry-id-2056 av-magazine-format-standard av-magazine-type-post av-magazine-entry-36 av-magazine-entry-small '  itemscope=\"itemscope\" itemtype=\"https:\/\/schema.org\/CreativeWork\" ><div class=\"av-magazine-thumbnail\"><a href='https:\/\/www.museummurten.ch\/en\/2011\/03\/emile-angeloz-27-maerz-3-juli-2011-en\/' title='Link to: 27 March &#8211; 3 July 2011 | \u00c9mile Ang\u00e9loz' class='av-magazine-thumbnail-link'><img decoding=\"async\" fetchpriority=\"high\" width=\"80\" height=\"80\" src=\"https:\/\/www.museummurten.ch\/wp-content\/uploads\/2011\/03\/angeloz1-150x150.jpg\" class=\"wp-image-2605 avia-img-lazy-loading-not-2605 attachment-thumbnail size-thumbnail wp-post-image\" alt=\"\" \/><\/a><\/div><div class=\"av-magazine-content-wrap\"><header class=\"entry-content-header\" aria-label=\"Post: 27 March - 3 July 2011 | \u00c9mile Ang\u00e9loz\"><time class='av-magazine-time updated'  itemprop=\"datePublished\" datetime=\"2011-03-27T15:32:30+01:00\" >March 27, 2011<\/time><h3 class='av-magazine-title entry-title '  itemprop=\"headline\" ><a href='https:\/\/www.museummurten.ch\/en\/2011\/03\/emile-angeloz-27-maerz-3-juli-2011-en\/' title='Link to: 27 March &#8211; 3 July 2011 | \u00c9mile Ang\u00e9loz'>27 March &#8211; 3 July 2011 | \u00c9mile Ang\u00e9loz<\/a><\/h3><\/header><\/div><footer class=\"entry-footer\"><\/footer><\/article><article class='av-magazine-entry av-magazine-entry-id-2053 av-magazine-format-standard av-magazine-type-post av-magazine-entry-37 av-magazine-entry-small '  itemscope=\"itemscope\" itemtype=\"https:\/\/schema.org\/CreativeWork\" ><div class=\"av-magazine-thumbnail\"><a href='https:\/\/www.museummurten.ch\/en\/2010\/09\/alienator-le-retour-ist-ein-projekt-von-charlatan-5-september-31-oktober-2010-en\/' title='Link to: 5 September &#8211; 31 October 2010 | ALIENATOR: LE RETOUR ist ein Projekt von CHARLATAN,' class='av-magazine-thumbnail-link'><img decoding=\"async\" fetchpriority=\"high\" width=\"80\" height=\"80\" src=\"https:\/\/www.museummurten.ch\/wp-content\/uploads\/2010\/09\/alienator-150x150.jpg\" class=\"wp-image-2613 avia-img-lazy-loading-not-2613 attachment-thumbnail size-thumbnail wp-post-image\" alt=\"\" \/><\/a><\/div><div class=\"av-magazine-content-wrap\"><header class=\"entry-content-header\" aria-label=\"Post: 5 September - 31 October 2010 | ALIENATOR: LE RETOUR ist ein Projekt von CHARLATAN,\"><time class='av-magazine-time updated'  itemprop=\"datePublished\" datetime=\"2010-09-10T23:12:11+01:00\" >September 10, 2010<\/time><h3 class='av-magazine-title entry-title '  itemprop=\"headline\" ><a href='https:\/\/www.museummurten.ch\/en\/2010\/09\/alienator-le-retour-ist-ein-projekt-von-charlatan-5-september-31-oktober-2010-en\/' title='Link to: 5 September &#8211; 31 October 2010 | ALIENATOR: LE RETOUR ist ein Projekt von CHARLATAN,'>5 September &#8211; 31 October 2010 | ALIENATOR: LE RETOUR ist ein Projekt von CHARLATAN,<\/a><\/h3><\/header><\/div><footer class=\"entry-footer\"><\/footer><\/article><article class='av-magazine-entry av-magazine-entry-id-2050 av-magazine-format-standard av-magazine-type-post av-magazine-entry-38 av-magazine-entry-small '  itemscope=\"itemscope\" itemtype=\"https:\/\/schema.org\/CreativeWork\" ><div class=\"av-magazine-thumbnail\"><a href='https:\/\/www.museummurten.ch\/en\/2010\/06\/raymond-meuwly-13-juni-1-august-2010-en\/' title='Link to: 13 June &#8211; 1 August 2010 | Raymond Meuwly' class='av-magazine-thumbnail-link'><img decoding=\"async\" fetchpriority=\"high\" width=\"80\" height=\"80\" src=\"https:\/\/www.museummurten.ch\/wp-content\/uploads\/2010\/06\/meuwly-150x150.jpg\" class=\"wp-image-2321 avia-img-lazy-loading-not-2321 attachment-thumbnail size-thumbnail wp-post-image\" alt=\"\" \/><\/a><\/div><div class=\"av-magazine-content-wrap\"><header class=\"entry-content-header\" aria-label=\"Post: 13 June - 1 August 2010 | Raymond Meuwly\"><time class='av-magazine-time updated'  itemprop=\"datePublished\" datetime=\"2010-06-10T23:19:36+01:00\" >June 10, 2010<\/time><h3 class='av-magazine-title entry-title '  itemprop=\"headline\" ><a href='https:\/\/www.museummurten.ch\/en\/2010\/06\/raymond-meuwly-13-juni-1-august-2010-en\/' title='Link to: 13 June &#8211; 1 August 2010 | Raymond Meuwly'>13 June &#8211; 1 August 2010 | Raymond Meuwly<\/a><\/h3><\/header><\/div><footer class=\"entry-footer\"><\/footer><\/article><article class='av-magazine-entry av-magazine-entry-id-2047 av-magazine-format-standard av-magazine-type-post av-magazine-entry-39 av-magazine-entry-small '  itemscope=\"itemscope\" itemtype=\"https:\/\/schema.org\/CreativeWork\" ><div class=\"av-magazine-thumbnail\"><a href='https:\/\/www.museummurten.ch\/en\/2009\/09\/iseut-bersier-17-september-1-november-2009-en\/' title='Link to: 17 September &#8211; 1 November 2009 | Iseut Bersier' class='av-magazine-thumbnail-link'><img decoding=\"async\" fetchpriority=\"high\" width=\"80\" height=\"80\" src=\"https:\/\/www.museummurten.ch\/wp-content\/uploads\/2009\/09\/bersier-150x150.jpg\" class=\"wp-image-2324 avia-img-lazy-loading-not-2324 attachment-thumbnail size-thumbnail wp-post-image\" alt=\"\" \/><\/a><\/div><div class=\"av-magazine-content-wrap\"><header class=\"entry-content-header\" aria-label=\"Post: 17 September - 1 November 2009 | Iseut Bersier\"><time class='av-magazine-time updated'  itemprop=\"datePublished\" datetime=\"2009-09-10T23:21:17+01:00\" >September 10, 2009<\/time><h3 class='av-magazine-title entry-title '  itemprop=\"headline\" ><a href='https:\/\/www.museummurten.ch\/en\/2009\/09\/iseut-bersier-17-september-1-november-2009-en\/' title='Link to: 17 September &#8211; 1 November 2009 | Iseut Bersier'>17 September &#8211; 1 November 2009 | Iseut Bersier<\/a><\/h3><\/header><\/div><footer class=\"entry-footer\"><\/footer><\/article><article class='av-magazine-entry av-magazine-entry-id-2044 av-magazine-format-standard av-magazine-type-post av-magazine-entry-40 av-magazine-entry-small '  itemscope=\"itemscope\" itemtype=\"https:\/\/schema.org\/CreativeWork\" ><div class=\"av-magazine-thumbnail\"><a href='https:\/\/www.museummurten.ch\/en\/2009\/03\/hexen-hexenvorstellungen-und-hexenverfolgungen-im-kanton-freiburg-29-maerz-16-august-2009-en\/' title='Link to: 29 March &#8211; 16 August 2009 | Hexen: Hexenvorstellungen und Hexenverfolgungen im Kanton Freiburg' class='av-magazine-thumbnail-link'><img decoding=\"async\" fetchpriority=\"high\" width=\"80\" height=\"80\" src=\"https:\/\/www.museummurten.ch\/wp-content\/uploads\/2009\/03\/sorciere1-150x150.jpg\" class=\"wp-image-2611 avia-img-lazy-loading-not-2611 attachment-thumbnail size-thumbnail wp-post-image\" alt=\"\" \/><\/a><\/div><div class=\"av-magazine-content-wrap\"><header class=\"entry-content-header\" aria-label=\"Post: 29 March - 16 August 2009 | Hexen: Hexenvorstellungen und Hexenverfolgungen im Kanton Freiburg\"><time class='av-magazine-time updated'  itemprop=\"datePublished\" datetime=\"2009-03-10T23:22:16+01:00\" >March 10, 2009<\/time><h3 class='av-magazine-title entry-title '  itemprop=\"headline\" ><a href='https:\/\/www.museummurten.ch\/en\/2009\/03\/hexen-hexenvorstellungen-und-hexenverfolgungen-im-kanton-freiburg-29-maerz-16-august-2009-en\/' title='Link to: 29 March &#8211; 16 August 2009 | Hexen: Hexenvorstellungen und Hexenverfolgungen im Kanton Freiburg'>29 March &#8211; 16 August 2009 | Hexen: Hexenvorstellungen und Hexenverfolgungen im Kanton Freiburg<\/a><\/h3><\/header><\/div><footer class=\"entry-footer\"><\/footer><\/article><article class='av-magazine-entry av-magazine-entry-id-2041 av-magazine-format-standard av-magazine-type-post av-magazine-entry-41 av-magazine-entry-small '  itemscope=\"itemscope\" itemtype=\"https:\/\/schema.org\/CreativeWork\" ><div class=\"av-magazine-thumbnail\"><a href='https:\/\/www.museummurten.ch\/en\/2008\/06\/archaeologie-und-autobahn-a1-im-murtenbiet-15-juni-2-november-2008-en\/' title='Link to: Arch\u00e4ologie und Autobahn A1 im Murtenbiet, 15. Juni &#8211; 2. November 2008 (en)' class='av-magazine-entry-icon avia-svg-icon avia-font-svg_entypo-fontello' data-av_svg_icon='pencil' data-av_iconset='svg_entypo-fontello'><svg version=\"1.1\" xmlns=\"http:\/\/www.w3.org\/2000\/svg\" width=\"25\" height=\"32\" viewBox=\"0 0 25 32\" preserveAspectRatio=\"xMidYMid meet\" role=\"graphics-symbol\" aria-hidden=\"true\">\n<path d=\"M22.976 5.44q1.024 1.024 1.504 2.048t0.48 1.536v0.512l-8.064 8.064-9.28 9.216-7.616 1.664 1.6-7.68 9.28-9.216 8.064-8.064q1.728-0.384 4.032 1.92zM7.168 25.92l0.768-0.768q-0.064-1.408-1.664-3.008-0.704-0.704-1.44-1.12t-1.12-0.416l-0.448-0.064-0.704 0.768-0.576 2.56q0.896 0.512 1.472 1.088 0.768 0.768 1.152 1.536z\"><\/path>\n<\/svg><\/a><\/div><div class=\"av-magazine-content-wrap\"><header class=\"entry-content-header\" aria-label=\"Post: Arch\u00e4ologie und Autobahn A1 im Murtenbiet, 15. Juni - 2. November 2008 (en)\"><time class='av-magazine-time updated'  itemprop=\"datePublished\" datetime=\"2008-06-10T23:26:44+01:00\" >June 10, 2008<\/time><h3 class='av-magazine-title entry-title '  itemprop=\"headline\" ><a href='https:\/\/www.museummurten.ch\/en\/2008\/06\/archaeologie-und-autobahn-a1-im-murtenbiet-15-juni-2-november-2008-en\/' title='Link to: Arch\u00e4ologie und Autobahn A1 im Murtenbiet, 15. Juni &#8211; 2. November 2008 (en)'>Arch\u00e4ologie und Autobahn A1 im Murtenbiet, 15. Juni &#8211; 2. November 2008 (en)<\/a><\/h3><\/header><\/div><footer class=\"entry-footer\"><\/footer><\/article><article class='av-magazine-entry av-magazine-entry-id-2038 av-magazine-format-standard av-magazine-type-post av-magazine-entry-42 av-magazine-entry-small '  itemscope=\"itemscope\" itemtype=\"https:\/\/schema.org\/CreativeWork\" ><div class=\"av-magazine-thumbnail\"><a href='https:\/\/www.museummurten.ch\/en\/2008\/03\/pierre-alain-morel-neue-werke-30-maerz-2-juni-2008-en\/' title='Link to: Pierre-Alain Morel: Neue Werke, 30 M\u00e4rz &#8211; 2. Juni 2008 (en)' class='av-magazine-entry-icon avia-svg-icon avia-font-svg_entypo-fontello' data-av_svg_icon='pencil' data-av_iconset='svg_entypo-fontello'><svg version=\"1.1\" xmlns=\"http:\/\/www.w3.org\/2000\/svg\" width=\"25\" height=\"32\" viewBox=\"0 0 25 32\" preserveAspectRatio=\"xMidYMid meet\" role=\"graphics-symbol\" aria-hidden=\"true\">\n<path d=\"M22.976 5.44q1.024 1.024 1.504 2.048t0.48 1.536v0.512l-8.064 8.064-9.28 9.216-7.616 1.664 1.6-7.68 9.28-9.216 8.064-8.064q1.728-0.384 4.032 1.92zM7.168 25.92l0.768-0.768q-0.064-1.408-1.664-3.008-0.704-0.704-1.44-1.12t-1.12-0.416l-0.448-0.064-0.704 0.768-0.576 2.56q0.896 0.512 1.472 1.088 0.768 0.768 1.152 1.536z\"><\/path>\n<\/svg><\/a><\/div><div class=\"av-magazine-content-wrap\"><header class=\"entry-content-header\" aria-label=\"Post: Pierre-Alain Morel: Neue Werke, 30 M\u00e4rz - 2. Juni 2008 (en)\"><time class='av-magazine-time updated'  itemprop=\"datePublished\" datetime=\"2008-03-10T23:30:02+01:00\" >March 10, 2008<\/time><h3 class='av-magazine-title entry-title '  itemprop=\"headline\" ><a href='https:\/\/www.museummurten.ch\/en\/2008\/03\/pierre-alain-morel-neue-werke-30-maerz-2-juni-2008-en\/' title='Link to: Pierre-Alain Morel: Neue Werke, 30 M\u00e4rz &#8211; 2. Juni 2008 (en)'>Pierre-Alain Morel: Neue Werke, 30 M\u00e4rz &#8211; 2. Juni 2008 (en)<\/a><\/h3><\/header><\/div><footer class=\"entry-footer\"><\/footer><\/article><\/div><\/div><\/div>\n","protected":false},"excerpt":{"rendered":"","protected":false},"author":2,"featured_media":0,"parent":0,"menu_order":0,"comment_status":"closed","ping_status":"closed","template":"","meta":{"footnotes":""},"class_list":["post-3195","page","type-page","status-publish","hentry"],"_links":{"self":[{"href":"https:\/\/www.museummurten.ch\/en\/wp-json\/wp\/v2\/pages\/3195","targetHints":{"allow":["GET"]}}],"collection":[{"href":"https:\/\/www.museummurten.ch\/en\/wp-json\/wp\/v2\/pages"}],"about":[{"href":"https:\/\/www.museummurten.ch\/en\/wp-json\/wp\/v2\/types\/page"}],"author":[{"embeddable":true,"href":"https:\/\/www.museummurten.ch\/en\/wp-json\/wp\/v2\/users\/2"}],"replies":[{"embeddable":true,"href":"https:\/\/www.museummurten.ch\/en\/wp-json\/wp\/v2\/comments?post=3195"}],"version-history":[{"count":1,"href":"https:\/\/www.museummurten.ch\/en\/wp-json\/wp\/v2\/pages\/3195\/revisions"}],"predecessor-version":[{"id":7134,"href":"https:\/\/www.museummurten.ch\/en\/wp-json\/wp\/v2\/pages\/3195\/revisions\/7134"}],"wp:attachment":[{"href":"https:\/\/www.museummurten.ch\/en\/wp-json\/wp\/v2\/media?parent=3195"}],"curies":[{"name":"wp","href":"https:\/\/api.w.org\/{rel}","templated":true}]}}