{"id":3967,"date":"2017-03-20T10:40:06","date_gmt":"2017-03-20T09:40:06","guid":{"rendered":"http:\/\/www.museummurten.ch\/en\/test-fr\/"},"modified":"2017-03-20T10:42:47","modified_gmt":"2017-03-20T09:42:47","slug":"test-en","status":"publish","type":"page","link":"https:\/\/www.museummurten.ch\/en\/test-en\/","title":{"rendered":"TEST EN"},"content":{"rendered":"<section  class='av_textblock_section av-av_textblock-0366cc7376be6c9e82a3e9cc8987b64f '   itemscope=\"itemscope\" itemtype=\"https:\/\/schema.org\/CreativeWork\" ><div class='avia_textblock'  itemprop=\"text\" ><p>sdvdsf dsf dsaf dsaf<\/p>\n<\/div><\/section>\n\n<style type=\"text\/css\" data-created_by=\"avia_inline_auto\" id=\"style-css-av-av_one_half-6126cab7d8fab8d08143dd2dacdf673c\">\n.flex_column.av-av_one_half-6126cab7d8fab8d08143dd2dacdf673c{\nborder-radius:0px 0px 0px 0px;\npadding:0px 0px 0px 0px;\n}\n<\/style>\n<div  class='flex_column av-av_one_half-6126cab7d8fab8d08143dd2dacdf673c av_one_half  avia-builder-el-1  el_after_av_textblock  el_before_av_section  avia-builder-el-last  first flex_column_div av-zero-column-padding  column-top-margin'     ><\/div>\n<\/div><\/div><\/div><!-- close content main div --><\/div><\/div>\n<style type=\"text\/css\" data-created_by=\"avia_inline_auto\" id=\"style-css-av-av_section-76ccd8b00f97070c4aa7c2eeafcab9d9\">\n.avia-section.av-av_section-76ccd8b00f97070c4aa7c2eeafcab9d9{\nbackground-repeat:no-repeat;\nbackground-image:url(https:\/\/www.museummurten.ch\/wp-content\/uploads\/2012\/04\/panorama.jpg);\nbackground-position:0% 50%;\nbackground-attachment:scroll;\n}\n<\/style>\n<div id='av_section_1'  class='avia-section av-av_section-76ccd8b00f97070c4aa7c2eeafcab9d9 main_color avia-section-small avia-no-border-styling  avia-builder-el-2  el_after_av_one_half  el_before_av_heading  avia-full-stretch avia-bg-style-scroll av-minimum-height av-minimum-height-custom av-height-custom  container_wrap fullsize'  data-section-bg-repeat='stretch' data-av_minimum_height_px='300'><div class='container av-section-cont-open' style='height:300px'><div class='template-page content  av-content-full alpha units'><div class='post-entry post-entry-type-page post-entry-3967'><div class='entry-content-wrapper clearfix'><\/div><\/div><\/div><!-- close content main div --><\/div><\/div><div id='after_section_1'  class='main_color av_default_container_wrap container_wrap fullsize'  ><div class='container av-section-cont-open' ><div class='template-page content  av-content-full alpha units'><div class='post-entry post-entry-type-page post-entry-3967'><div class='entry-content-wrapper clearfix'>\n\n<style type=\"text\/css\" data-created_by=\"avia_inline_auto\" id=\"style-css-av-av_heading-8deddcfef786fd0e966443ac3f6d38ab\">\n#top .av-special-heading.av-av_heading-8deddcfef786fd0e966443ac3f6d38ab{\npadding-bottom:20px;\n}\nbody .av-special-heading.av-av_heading-8deddcfef786fd0e966443ac3f6d38ab .av-special-heading-tag .heading-char{\nfont-size:25px;\n}\n.av-special-heading.av-av_heading-8deddcfef786fd0e966443ac3f6d38ab .av-subheading{\nfont-size:15px;\n}\n<\/style>\n<div  class='av-special-heading av-av_heading-8deddcfef786fd0e966443ac3f6d38ab av-special-heading-h3 blockquote modern-quote  avia-builder-el-3  el_after_av_section  el_before_av_two_third  avia-builder-el-first '><h3 class='av-special-heading-tag '  itemprop=\"headline\"  >Atelier Panorama<\/h3><div class=\"special-heading-border\"><div class=\"special-heading-inner-border\"><\/div><\/div><\/div>\n\n<style type=\"text\/css\" data-created_by=\"avia_inline_auto\" id=\"style-css-av-av_two_third-9497bbf8bff73ea4c6992cc17fa9ec36\">\n.flex_column.av-av_two_third-9497bbf8bff73ea4c6992cc17fa9ec36{\nborder-radius:0px 0px 0px 0px;\npadding:0px 0px 0px 0px;\n}\n<\/style>\n<div  class='flex_column av-av_two_third-9497bbf8bff73ea4c6992cc17fa9ec36 av_two_third  avia-builder-el-4  el_after_av_heading  el_before_av_one_third  first flex_column_div av-zero-column-padding  '     ><section  class='av_textblock_section av-av_textblock-0366cc7376be6c9e82a3e9cc8987b64f '   itemscope=\"itemscope\" itemtype=\"https:\/\/schema.org\/CreativeWork\" ><div class='avia_textblock'  itemprop=\"text\" ><p>Ce nouvel atelier sera propos\u00e9 d\u00e8s le mois de janvier 2014 au mus\u00e9e de Morat. Id\u00e9al comme sortie d\u2019entreprise (team building etc.), comme sortie de famille ou pour f\u00eater un \u00e9v\u00e8nement sp\u00e9cial (bapt\u00eame, communion, confirmation, mariage, jubil\u00e9, anniversaire), les participants seront invit\u00e9s \u00e0 d\u00e9velopper et visualiser des id\u00e9es, \u00e0 travailler ensemble, dans un cadre agr\u00e9able et stimulant. Cet atelier, men\u00e9 par l\u2019artiste Franz Br\u00fclhart, proposera aux participants de revisiter le th\u00e8me du panorama de mani\u00e8re cr\u00e9ative \u00e0 travers diff\u00e9rentes techniques artistiques tout en d\u00e9couvrant les salles du mus\u00e9e de Morat.<\/p>\n<p>L\u2019atelier se terminera par un ap\u00e9ritif et une discussion commune.<\/p>\n<\/div><\/section><\/div>\n\n<style type=\"text\/css\" data-created_by=\"avia_inline_auto\" id=\"style-css-av-av_one_third-9c1d454dc06f7247226bc4e8f931daae\">\n.flex_column.av-av_one_third-9c1d454dc06f7247226bc4e8f931daae{\nborder-radius:0px 0px 0px 0px;\npadding:0px 0px 0px 0px;\n}\n<\/style>\n<div  class='flex_column av-av_one_third-9c1d454dc06f7247226bc4e8f931daae av_one_third  avia-builder-el-6  el_after_av_two_third  el_before_av_section  avia-builder-el-last  flex_column_div av-zero-column-padding  '     ><section  class='av_textblock_section av-av_textblock-0366cc7376be6c9e82a3e9cc8987b64f '   itemscope=\"itemscope\" itemtype=\"https:\/\/schema.org\/CreativeWork\" ><div class='avia_textblock'  itemprop=\"text\" ><p><strong>M\u00e9diation:<\/strong> Franz Br\u00fclhart<\/p>\n<p><strong>Nombre de participants:<\/strong> max 20 personnes<\/p>\n<p><strong>Horaire: <\/strong>En dehors des heures d\u2019ouverture du mus\u00e9e<\/p>\n<p><strong>Langues:<\/strong> fran\u00e7ais, allemand, anglais<\/p>\n<p><strong>Prix et dur\u00e9e:<\/strong> Offre sur demande<\/p>\n<\/div><\/section><\/div>\n<\/div><\/div><\/div><!-- close content main div --><\/div><\/div>\n<style type=\"text\/css\" data-created_by=\"avia_inline_auto\" id=\"style-css-av-av_section-86ae41d27b5a6ce4176eccbcec4f7afa\">\n.avia-section.av-av_section-86ae41d27b5a6ce4176eccbcec4f7afa{\nbackground-repeat:no-repeat;\nbackground-image:url(https:\/\/www.museummurten.ch\/wp-content\/uploads\/2012\/04\/schmuck.jpg);\nbackground-position:0% 50%;\nbackground-attachment:scroll;\n}\n<\/style>\n<div id='av_section_2'  class='avia-section av-av_section-86ae41d27b5a6ce4176eccbcec4f7afa main_color avia-section-small avia-no-border-styling  avia-builder-el-8  el_after_av_one_third  el_before_av_heading  avia-full-stretch avia-bg-style-scroll av-minimum-height av-minimum-height-custom av-height-custom  container_wrap fullsize'  data-section-bg-repeat='stretch' data-av_minimum_height_px='300'><div class='container av-section-cont-open' style='height:300px'><div class='template-page content  av-content-full alpha units'><div class='post-entry post-entry-type-page post-entry-3967'><div class='entry-content-wrapper clearfix'><\/div><\/div><\/div><!-- close content main div --><\/div><\/div><div id='after_section_2'  class='main_color av_default_container_wrap container_wrap fullsize'  ><div class='container av-section-cont-open' ><div class='template-page content  av-content-full alpha units'><div class='post-entry post-entry-type-page post-entry-3967'><div class='entry-content-wrapper clearfix'>\n\n<style type=\"text\/css\" data-created_by=\"avia_inline_auto\" id=\"style-css-av-av_heading-2e5f80e20bd62188536898f8409aabba\">\n#top .av-special-heading.av-av_heading-2e5f80e20bd62188536898f8409aabba{\npadding-bottom:20px;\n}\nbody .av-special-heading.av-av_heading-2e5f80e20bd62188536898f8409aabba .av-special-heading-tag .heading-char{\nfont-size:25px;\n}\n.av-special-heading.av-av_heading-2e5f80e20bd62188536898f8409aabba .av-subheading{\nfont-size:15px;\n}\n<\/style>\n<div  class='av-special-heading av-av_heading-2e5f80e20bd62188536898f8409aabba av-special-heading-h3 blockquote modern-quote  avia-builder-el-9  el_after_av_section  el_before_av_three_fifth  avia-builder-el-first '><h3 class='av-special-heading-tag '  itemprop=\"headline\"  >Atelier 1 | Fabrication de bijoux pr\u00e9historiques<\/h3><div class=\"special-heading-border\"><div class=\"special-heading-inner-border\"><\/div><\/div><\/div>\n\n<style type=\"text\/css\" data-created_by=\"avia_inline_auto\" id=\"style-css-av-av_three_fifth-9497bbf8bff73ea4c6992cc17fa9ec36\">\n.flex_column.av-av_three_fifth-9497bbf8bff73ea4c6992cc17fa9ec36{\nborder-radius:0px 0px 0px 0px;\npadding:0px 0px 0px 0px;\n}\n<\/style>\n<div  class='flex_column av-av_three_fifth-9497bbf8bff73ea4c6992cc17fa9ec36 av_three_fifth  avia-builder-el-10  el_after_av_heading  el_before_av_two_fifth  first flex_column_div av-zero-column-padding  '     ><section  class='av_textblock_section av-av_textblock-0366cc7376be6c9e82a3e9cc8987b64f '   itemscope=\"itemscope\" itemtype=\"https:\/\/schema.org\/CreativeWork\" ><div class='avia_textblock'  itemprop=\"text\" ><p>L\u2019\u00eatre humain a ressenti depuis la nuit des temps le besoin de se parer de bijoux. Les pendentifs con\u00e7us en diff\u00e9rents mat\u00e9riaux \u00e9taient tr\u00e8s appr\u00e9ci\u00e9s.<\/p>\n<p>Dans cet atelier, les enfants peuvent \u00e9laborer leur propre bijou en bois ou en coquillage et tresser eux-m\u00eames la ficelle devant porter le pendentif.<\/p>\n<\/div><\/section><\/div>\n\n<style type=\"text\/css\" data-created_by=\"avia_inline_auto\" id=\"style-css-av-av_two_fifth-9c1d454dc06f7247226bc4e8f931daae\">\n.flex_column.av-av_two_fifth-9c1d454dc06f7247226bc4e8f931daae{\nborder-radius:0px 0px 0px 0px;\npadding:0px 0px 0px 0px;\n}\n<\/style>\n<div  class='flex_column av-av_two_fifth-9c1d454dc06f7247226bc4e8f931daae av_two_fifth  avia-builder-el-12  el_after_av_three_fifth  el_before_av_section  avia-builder-el-last  flex_column_div av-zero-column-padding  '     ><section  class='av_textblock_section av-av_textblock-0366cc7376be6c9e82a3e9cc8987b64f '   itemscope=\"itemscope\" itemtype=\"https:\/\/schema.org\/CreativeWork\" ><div class='avia_textblock'  itemprop=\"text\" ><p><strong>D\u00e8s 8 ans<br \/>\n<\/strong><\/p>\n<p><strong>Dur\u00e9e<\/strong>:\u00a0 1,5 &#8211; 2\u00a0 heures<\/p>\n<p><strong>Participants:<\/strong> max. 20 &#8211; 25 \u00e9l\u00e8ves<\/p>\n<p><strong>Co\u00fbts:<\/strong> CHF 120.- entr\u00e9e et mat\u00e9riel inclus<\/p>\n<\/div><\/section><\/div>\n<\/div><\/div><\/div><!-- close content main div --><\/div><\/div>\n<style type=\"text\/css\" data-created_by=\"avia_inline_auto\" id=\"style-css-av-av_section-26a4ab4a227670b32599ec1ff7d28c2c\">\n.avia-section.av-av_section-26a4ab4a227670b32599ec1ff7d28c2c{\nbackground-repeat:no-repeat;\nbackground-image:url(https:\/\/www.museummurten.ch\/wp-content\/uploads\/2012\/04\/romer.jpg);\nbackground-position:0% 50%;\nbackground-attachment:scroll;\n}\n<\/style>\n<div id='av_section_3'  class='avia-section av-av_section-26a4ab4a227670b32599ec1ff7d28c2c main_color avia-section-small avia-no-border-styling  avia-builder-el-14  el_after_av_two_fifth  el_before_av_heading  avia-full-stretch avia-bg-style-scroll av-minimum-height av-minimum-height-custom av-height-custom  container_wrap fullsize'  data-section-bg-repeat='stretch' data-av_minimum_height_px='300'><div class='container av-section-cont-open' style='height:300px'><div class='template-page content  av-content-full alpha units'><div class='post-entry post-entry-type-page post-entry-3967'><div class='entry-content-wrapper clearfix'><\/div><\/div><\/div><!-- close content main div --><\/div><\/div><div id='after_section_3'  class='main_color av_default_container_wrap container_wrap fullsize'  ><div class='container av-section-cont-open' ><div class='template-page content  av-content-full alpha units'><div class='post-entry post-entry-type-page post-entry-3967'><div class='entry-content-wrapper clearfix'>\n\n<style type=\"text\/css\" data-created_by=\"avia_inline_auto\" id=\"style-css-av-av_heading-cf9283d9e5c95a4d2e65335d20065633\">\n#top .av-special-heading.av-av_heading-cf9283d9e5c95a4d2e65335d20065633{\npadding-bottom:20px;\n}\nbody .av-special-heading.av-av_heading-cf9283d9e5c95a4d2e65335d20065633 .av-special-heading-tag .heading-char{\nfont-size:25px;\n}\n.av-special-heading.av-av_heading-cf9283d9e5c95a4d2e65335d20065633 .av-subheading{\nfont-size:13px;\n}\n<\/style>\n<div  class='av-special-heading av-av_heading-cf9283d9e5c95a4d2e65335d20065633 av-special-heading-h3 blockquote modern-quote  avia-builder-el-15  el_after_av_section  el_before_av_three_fifth  avia-builder-el-first '><h3 class='av-special-heading-tag '  itemprop=\"headline\"  >Atelier 2 | Chronologie \u2013 De l\u2019\u00e2ge de la pierre aux Romains<\/h3><div class=\"special-heading-border\"><div class=\"special-heading-inner-border\"><\/div><\/div><\/div>\n\n<style type=\"text\/css\" data-created_by=\"avia_inline_auto\" id=\"style-css-av-av_three_fifth-9497bbf8bff73ea4c6992cc17fa9ec36\">\n.flex_column.av-av_three_fifth-9497bbf8bff73ea4c6992cc17fa9ec36{\nborder-radius:0px 0px 0px 0px;\npadding:0px 0px 0px 0px;\n}\n<\/style>\n<div  class='flex_column av-av_three_fifth-9497bbf8bff73ea4c6992cc17fa9ec36 av_three_fifth  avia-builder-el-16  el_after_av_heading  el_before_av_two_fifth  first flex_column_div av-zero-column-padding  '     ><section  class='av_textblock_section av-av_textblock-0366cc7376be6c9e82a3e9cc8987b64f '   itemscope=\"itemscope\" itemtype=\"https:\/\/schema.org\/CreativeWork\" ><div class='avia_textblock'  itemprop=\"text\" ><p>Dans cet atelier, les enfants peuvent avoir en mains des objets originaux provenant de fouilles ainsi que des copies. Outre la perception sensorielle d\u2019objets et de mat\u00e9riaux, ils d\u00e9couvrent les techniques de l\u2019artisanat et leur d\u00e9veloppement \u00e0 travers les si\u00e8cles.<\/p>\n<p>Les enfants rangent dans l\u2019ordre chronologique les objets et se familiariseront ainsi aux p\u00e9riodes courantes de l\u2019arch\u00e9ologie.<\/p>\n<\/div><\/section><\/div>\n\n<style type=\"text\/css\" data-created_by=\"avia_inline_auto\" id=\"style-css-av-av_two_fifth-9c1d454dc06f7247226bc4e8f931daae\">\n.flex_column.av-av_two_fifth-9c1d454dc06f7247226bc4e8f931daae{\nborder-radius:0px 0px 0px 0px;\npadding:0px 0px 0px 0px;\n}\n<\/style>\n<div  class='flex_column av-av_two_fifth-9c1d454dc06f7247226bc4e8f931daae av_two_fifth  avia-builder-el-18  el_after_av_three_fifth  avia-builder-el-last  flex_column_div av-zero-column-padding  '     ><section  class='av_textblock_section av-av_textblock-0366cc7376be6c9e82a3e9cc8987b64f '   itemscope=\"itemscope\" itemtype=\"https:\/\/schema.org\/CreativeWork\" ><div class='avia_textblock'  itemprop=\"text\" ><p><strong>D\u00e8s 9 ans<br \/>\n<\/strong><\/p>\n<p><strong>Dur\u00e9e: <\/strong>1 heure<\/p>\n<p><strong>Participants:<\/strong> max. 20-25 \u00e9coliers<\/p>\n<p><strong>Co\u00fbts:<\/strong> CHF 80.- entr\u00e9e et mat\u00e9riel inclus<\/p>\n<\/div><\/section><\/div>\n","protected":false},"excerpt":{"rendered":"","protected":false},"author":4,"featured_media":0,"parent":0,"menu_order":0,"comment_status":"closed","ping_status":"closed","template":"","meta":{"footnotes":""},"class_list":["post-3967","page","type-page","status-publish","hentry"],"_links":{"self":[{"href":"https:\/\/www.museummurten.ch\/en\/wp-json\/wp\/v2\/pages\/3967","targetHints":{"allow":["GET"]}}],"collection":[{"href":"https:\/\/www.museummurten.ch\/en\/wp-json\/wp\/v2\/pages"}],"about":[{"href":"https:\/\/www.museummurten.ch\/en\/wp-json\/wp\/v2\/types\/page"}],"author":[{"embeddable":true,"href":"https:\/\/www.museummurten.ch\/en\/wp-json\/wp\/v2\/users\/4"}],"replies":[{"embeddable":true,"href":"https:\/\/www.museummurten.ch\/en\/wp-json\/wp\/v2\/comments?post=3967"}],"version-history":[{"count":1,"href":"https:\/\/www.museummurten.ch\/en\/wp-json\/wp\/v2\/pages\/3967\/revisions"}],"predecessor-version":[{"id":3968,"href":"https:\/\/www.museummurten.ch\/en\/wp-json\/wp\/v2\/pages\/3967\/revisions\/3968"}],"wp:attachment":[{"href":"https:\/\/www.museummurten.ch\/en\/wp-json\/wp\/v2\/media?parent=3967"}],"curies":[{"name":"wp","href":"https:\/\/api.w.org\/{rel}","templated":true}]}}