{"id":2022,"date":"2012-04-02T10:18:21","date_gmt":"2012-04-02T09:18:21","guid":{"rendered":"http:\/\/www.museummurten\/location-de-salle-et-aperitifs\/"},"modified":"2024-11-12T21:48:48","modified_gmt":"2024-11-12T20:48:48","slug":"location-et-aperitifs","status":"publish","type":"page","link":"https:\/\/www.museummurten.ch\/fr\/offres\/location-et-aperitifs\/","title":{"rendered":"Location et ap\u00e9ritifs"},"content":{"rendered":"\n<style type=\"text\/css\" data-created_by=\"avia_inline_auto\" id=\"style-css-av-wgtsxy-d81f259dff3562736089d9208016aec3\">\n.avia-section.av-wgtsxy-d81f259dff3562736089d9208016aec3{\nbackground-repeat:no-repeat;\nbackground-image:url(https:\/\/www.museummurten.ch\/wp-content\/uploads\/2016\/06\/mm18.jpg);\nbackground-position:50% 50%;\nbackground-attachment:scroll;\n}\n.avia-section.av-wgtsxy-d81f259dff3562736089d9208016aec3 .av-extra-border-element .av-extra-border-inner{\nbackground-color:#ffffff;\n}\n<\/style>\n<div id='av_section_1'  class='avia-section av-wgtsxy-d81f259dff3562736089d9208016aec3 main_color avia-section-default avia-no-border-styling  avia-builder-el-0  el_before_av_heading  avia-builder-el-first  avia-full-stretch avia-bg-style-scroll av-arrow-down-section av-minimum-height av-minimum-height-custom av-height-custom  container_wrap fullsize'  data-section-bg-repeat='stretch' data-av_minimum_height_px='300'><div class='container av-section-cont-open' style='height:300px'><main  role=\"main\" itemprop=\"mainContentOfPage\"  class='template-page content  av-content-full alpha units'><div class='post-entry post-entry-type-page post-entry-2022'><div class='entry-content-wrapper clearfix'><\/div><\/div><\/main><!-- close content main element --><\/div><div class='av-extra-border-element border-extra-arrow-down'><div class='av-extra-border-outer'><div class='av-extra-border-inner'><\/div><\/div><\/div><\/div><div id='after_section_1'  class='main_color av_default_container_wrap container_wrap fullsize'  ><div class='container av-section-cont-open' ><div class='template-page content  av-content-full alpha units'><div class='post-entry post-entry-type-page post-entry-2022'><div class='entry-content-wrapper clearfix'>\n\n<style type=\"text\/css\" data-created_by=\"avia_inline_auto\" id=\"style-css-av-u6aws6-06976e74a84f77c3649032ac3f9592b6\">\n#top .av-special-heading.av-u6aws6-06976e74a84f77c3649032ac3f9592b6{\npadding-bottom:30px;\n}\nbody .av-special-heading.av-u6aws6-06976e74a84f77c3649032ac3f9592b6 .av-special-heading-tag .heading-char{\nfont-size:25px;\n}\n.av-special-heading.av-u6aws6-06976e74a84f77c3649032ac3f9592b6 .av-subheading{\nfont-size:15px;\n}\n<\/style>\n<div  class='av-special-heading av-u6aws6-06976e74a84f77c3649032ac3f9592b6 av-special-heading-h3 blockquote modern-quote  avia-builder-el-1  el_after_av_section  el_before_av_one_half  avia-builder-el-first '><h3 class='av-special-heading-tag '  itemprop=\"headline\"  >Location et ap\u00e9ritifs<\/h3><div class=\"special-heading-border\"><div class=\"special-heading-inner-border\"><\/div><\/div><\/div>\n\n<style type=\"text\/css\" data-created_by=\"avia_inline_auto\" id=\"style-css-av-t4xykm-76e0d0c723661485b6412960bc6d823a\">\n.flex_column.av-t4xykm-76e0d0c723661485b6412960bc6d823a{\nborder-radius:0px 0px 0px 0px;\npadding:0px 0px 0px 0px;\n}\n<\/style>\n<div  class='flex_column av-t4xykm-76e0d0c723661485b6412960bc6d823a av_one_half  avia-builder-el-2  el_after_av_heading  el_before_av_one_half  first flex_column_div av-zero-column-padding  '     ><article  class='iconbox iconbox_top av-qrxoti-effacb59d85c0d47ea49d173eae1b724  avia-builder-el-3  avia-builder-el-no-sibling  main_color'  itemscope=\"itemscope\" itemtype=\"https:\/\/schema.org\/CreativeWork\" ><div class=\"iconbox_content\"><header class=\"entry-content-header\" aria-label=\"Ic\u00f4ne : Location sans ap\u00e9ritif\"><div class='iconbox_icon heading-color avia-iconfont avia-font-entypo-fontello' data-av_icon='\ue821' data-av_iconfont='entypo-fontello'  ><\/div><h3 class='iconbox_content_title '  itemprop=\"headline\" >Location sans ap\u00e9ritif<\/h3><\/header><div class='iconbox_content_container '  itemprop=\"text\" ><p>Groupe jusqu\u2019\u00e0 20 pers. pour 2 heures CHF 150.-<\/p>\n<p>Groupe de plus de 20 pers. pour 2 heures CHF 200.-<\/p>\n<p>Chaque heure suppl\u00e9mentaire CHF 50.-<\/p>\n<p>plus entr\u00e9e au mus\u00e9e: CHF 5.- par personne<\/p>\n<p>(Pour des \u00e9v\u00e9nements de plus longue dur\u00e9e, les tarifs peuvent \u00eatre discut\u00e9s)<\/p>\n<\/div><\/div><footer class=\"entry-footer\"><\/footer><\/article><\/div>\n\n<style type=\"text\/css\" data-created_by=\"avia_inline_auto\" id=\"style-css-av-pbf1jq-f4af3fb9860d1dc6d52d08a1ea97953e\">\n.flex_column.av-pbf1jq-f4af3fb9860d1dc6d52d08a1ea97953e{\nborder-radius:0px 0px 0px 0px;\npadding:0px 0px 0px 0px;\n}\n<\/style>\n<div  class='flex_column av-pbf1jq-f4af3fb9860d1dc6d52d08a1ea97953e av_one_half  avia-builder-el-4  el_after_av_one_half  el_before_av_one_half  flex_column_div av-zero-column-padding  '     ><article  class='iconbox iconbox_top av-nzt80m-93e76ebf4b889896ecacf1d5eab74459  avia-builder-el-5  avia-builder-el-no-sibling  main_color'  itemscope=\"itemscope\" itemtype=\"https:\/\/schema.org\/CreativeWork\" ><div class=\"iconbox_content\"><header class=\"entry-content-header\" aria-label=\"Ic\u00f4ne : Ap\u00e9ritif du mus\u00e9e\"><div class='iconbox_icon heading-color avia-iconfont avia-font-entypo-fontello' data-av_icon='\ue806' data-av_iconfont='entypo-fontello'  ><\/div><h3 class='iconbox_content_title '  itemprop=\"headline\" >Ap\u00e9ritif du mus\u00e9e<\/h3><\/header><div class='iconbox_content_container '  itemprop=\"text\" ><p>Ap\u00e9ritif: eau min\u00e9rale, jus d\u2019orange, vin rouge et blanc, fl\u00fbtes et autres petits sal\u00e9s<\/p>\n<p>par personne CHF 10.- (autres souhaits peuvent \u00eatre pris en compte. Les prix seront adapt\u00e9s.)<\/p>\n<p>location de salle (entr\u00e9es incluses) CHF 200.-<\/p>\n<p>Service possible:\u00a0 CHF 40.- par heure, par personne au service<\/p>\n<\/div><\/div><footer class=\"entry-footer\"><\/footer><\/article><\/div>\n\n<style type=\"text\/css\" data-created_by=\"avia_inline_auto\" id=\"style-css-av-n4dypi-ce82d540d8945548d2094e15eb32c980\">\n.flex_column.av-n4dypi-ce82d540d8945548d2094e15eb32c980{\nborder-radius:0px 0px 0px 0px;\npadding:0px 0px 0px 0px;\n}\n<\/style>\n<div  class='flex_column av-n4dypi-ce82d540d8945548d2094e15eb32c980 av_one_half  avia-builder-el-6  el_after_av_one_half  el_before_av_one_half  first flex_column_div av-zero-column-padding  column-top-margin'     ><article  class='iconbox iconbox_top av-kv3frq-b4e958e0dcd2f4d483d4cd4fc5e52016  avia-builder-el-7  avia-builder-el-no-sibling  main_color'  itemscope=\"itemscope\" itemtype=\"https:\/\/schema.org\/CreativeWork\" ><div class=\"iconbox_content\"><header class=\"entry-content-header\" aria-label=\"Ic\u00f4ne : D\u00e9gustation de vins du Vully avec la pr\u00e9sence d\u2019un encaveur\"><div class='iconbox_icon heading-color avia-iconfont avia-font-entypo-fontello' data-av_icon='\ue8b8' data-av_iconfont='entypo-fontello'  ><\/div><h3 class='iconbox_content_title '  itemprop=\"headline\" >D\u00e9gustation de vins du Vully avec la pr\u00e9sence d\u2019un encaveur<\/h3><\/header><div class='iconbox_content_container '  itemprop=\"text\" ><p>par personne CHF 30.- (Entr\u00e9e et location de salle incluses dans le prix)<\/p>\n<p>Service possible: CHF 40.- par heure, par personne au service<\/p>\n<\/div><\/div><footer class=\"entry-footer\"><\/footer><\/article><\/div>\n\n<style type=\"text\/css\" data-created_by=\"avia_inline_auto\" id=\"style-css-av-jp4lc6-1d6ad5054e0820cce2e4a363c22accd8\">\n.flex_column.av-jp4lc6-1d6ad5054e0820cce2e4a363c22accd8{\nborder-radius:0px 0px 0px 0px;\npadding:0px 0px 0px 0px;\n}\n<\/style>\n<div  class='flex_column av-jp4lc6-1d6ad5054e0820cce2e4a363c22accd8 av_one_half  avia-builder-el-8  el_after_av_one_half  el_before_av_hr  flex_column_div av-zero-column-padding  column-top-margin'     ><article  class='iconbox iconbox_top av-guw1c6-c9409b11c9f0d5fa0fa252ac5a957b69  avia-builder-el-9  avia-builder-el-no-sibling  main_color'  itemscope=\"itemscope\" itemtype=\"https:\/\/schema.org\/CreativeWork\" ><div class=\"iconbox_content\"><header class=\"entry-content-header\" aria-label=\"Ic\u00f4ne : Combinaison avec une visite guid\u00e9e\"><div class='iconbox_icon heading-color avia-iconfont avia-font-entypo-fontello' data-av_icon='\ue808' data-av_iconfont='entypo-fontello'  ><\/div><h3 class='iconbox_content_title '  itemprop=\"headline\" >Combinaison avec une visite guid\u00e9e<\/h3><\/header><div class='iconbox_content_container '  itemprop=\"text\" ><p>Visite guid\u00e9e Am\u00fcseum ou Vieille ville et mus\u00e9e<\/p>\n<p>Ap\u00e9ritif<br \/>\nCo\u00fbts de base CHF 50.-<br \/>\nAp\u00e9ritif par personne CHF 10.-<\/p>\n<p>Si d\u00e9sir\u00e9 : personnel pour le service \u00e0 disposition, 1 personne par heure CHF 40.-<\/p>\n<p>ou<\/p>\n<p>D\u00e9gustation de vin (avec un encaveur du Vully)<br \/>\npour groupes (d\u00e8s 10 personnes)<\/p>\n<p>Co\u00fbts de base CHF 50.-<br \/>\nD\u00e9gustation de vin par personne CHF 20.-<\/p>\n<\/div><\/div><footer class=\"entry-footer\"><\/footer><\/article><\/div>\n<div  class='hr av-f7f9fq-2ad8e98f8075fb197587e38c162baec5 hr-default  avia-builder-el-10  el_after_av_one_half  el_before_av_one_half '><span class='hr-inner '><span class=\"hr-inner-style\"><\/span><\/span><\/div>\n\n<style type=\"text\/css\" data-created_by=\"avia_inline_auto\" id=\"style-css-av-er4ubq-e04c3baa8db0e733d94db2c25d599176\">\n.flex_column.av-er4ubq-e04c3baa8db0e733d94db2c25d599176{\nborder-radius:0px 0px 0px 0px;\npadding:0px 0px 0px 0px;\n}\n<\/style>\n<div  class='flex_column av-er4ubq-e04c3baa8db0e733d94db2c25d599176 av_one_half  avia-builder-el-11  el_after_av_hr  el_before_av_one_half  first flex_column_div av-zero-column-padding  '     ><form action=\"https:\/\/www.museummurten.ch\/fr\/offres\/location-et-aperitifs\/\" method=\"post\" data-fields-with-error=\"Erreurs trouv\u00e9es dans les champs suivants :\" class=\"avia_ajax_form av-form-labels-visible   avia-builder-el-12  avia-builder-el-no-sibling   \" data-avia-form-id=\"1\" data-avia-redirect=''  aria-label='Kontaktformular' ><h3 class=''>Contactez-nous pour une offre<\/h3><fieldset><p class='  first_form  form_element form_fullwidth' id='element_avia_1_1'><label for=\"avia_1_1\">Nom <abbr class=\"required\" title=\"requis(e)\">*<\/abbr><\/label> <input name=\"avia_1_1\" class=\"text_input is_empty\" type=\"text\" id=\"avia_1_1\" value=\"\" \/><\/p><p class='  first_form  form_element form_fullwidth' id='element_avia_2_1'><label for=\"avia_2_1\">E-Mail <abbr class=\"required\" title=\"requis(e)\">*<\/abbr><\/label> <input name=\"avia_2_1\" class=\"text_input is_email\" type=\"text\" id=\"avia_2_1\" value=\"\" \/><\/p><p class='  first_form  form_element form_fullwidth' id='element_avia_3_1'><label for=\"avia_3_1\">T\u00e9l\u00e9phone <abbr class=\"required\" title=\"requis(e)\">*<\/abbr><\/label> <input name=\"avia_3_1\" class=\"text_input is_empty\" type=\"text\" id=\"avia_3_1\" value=\"\" \/><\/p><p class='  first_form  form_element form_fullwidth av-last-visible-form-element' id='element_avia_4_1'><label for=\"avia_4_1\" class=\"textare_label hidden textare_label_avia_4_1\">Message <abbr class=\"required\" title=\"requis(e)\">*<\/abbr><\/label><textarea  name=\"avia_4_1\" class=\"text_area is_empty\" cols=\"40\" rows=\"7\" id=\"avia_4_1\" ><\/textarea><\/p><p class=\"hidden\"><input type=\"text\" name=\"avia_5_1\" class=\"hidden \" id=\"avia_5_1\" value=\"\" \/><\/p><p class=\"form_element \"><input type=\"hidden\" value=\"1\" name=\"avia_generated_form1\" \/><input type=\"submit\" value=\"Envoyer\" class=\"button\"  data-sending-label=\"Envoi\"\/><\/p><\/fieldset><\/form><div id=\"ajaxresponse_1\" class=\"ajaxresponse ajaxresponse_1 hidden\"><\/div><\/div>\n<style type=\"text\/css\" data-created_by=\"avia_inline_auto\" id=\"style-css-av-5t7rja-b1eb64a942bac7d49234e51f57f61569\">\n.flex_column.av-5t7rja-b1eb64a942bac7d49234e51f57f61569{\nborder-radius:0px 0px 0px 0px;\npadding:20px 35px 30px 35px;\nbackground-color:#f7f7f7;\n}\n<\/style>\n<div  class='flex_column av-5t7rja-b1eb64a942bac7d49234e51f57f61569 av_one_half  avia-builder-el-13  el_after_av_one_half  avia-builder-el-last  flex_column_div  '     ><p>\n<style type=\"text\/css\" data-created_by=\"avia_inline_auto\" id=\"style-css-av-3q45ae-fc42f9501651480eed0a063cd9b6e0b1\">\n#top .av-special-heading.av-3q45ae-fc42f9501651480eed0a063cd9b6e0b1{\npadding-bottom:20px;\n}\nbody .av-special-heading.av-3q45ae-fc42f9501651480eed0a063cd9b6e0b1 .av-special-heading-tag .heading-char{\nfont-size:25px;\n}\n.av-special-heading.av-3q45ae-fc42f9501651480eed0a063cd9b6e0b1 .av-subheading{\nfont-size:15px;\n}\n<\/style>\n<div  class='av-special-heading av-3q45ae-fc42f9501651480eed0a063cd9b6e0b1 av-special-heading-h3 blockquote modern-quote  avia-builder-el-14  el_before_av_textblock  avia-builder-el-first '><h3 class='av-special-heading-tag '  itemprop=\"headline\"  >En g\u00e9n\u00e9ral<\/h3><div class=\"special-heading-border\"><div class=\"special-heading-inner-border\"><\/div><\/div><\/div><br \/>\n<section  class='av_textblock_section av-2uayfq-b8062c5d53ce0c8789bc4a6bfe79e881 '   itemscope=\"itemscope\" itemtype=\"https:\/\/schema.org\/CreativeWork\" ><div class='avia_textblock'  itemprop=\"text\" ><p><strong> Horaire <\/strong>: en principe en dehors des heures d\u2019ouverture.<\/p>\n<p><strong>Taille du groupe <\/strong>: max. 100 personnes<\/p>\n<p><strong>Sont disponibles<\/strong> : les deux salles du rez-de-chauss\u00e9e, la salle de l\u2019entr\u00e9e avec le balcon, la place de la fontaine.<\/p>\n<\/div><\/section><\/p><\/div><\/p>\n","protected":false},"excerpt":{"rendered":"","protected":false},"author":4,"featured_media":0,"parent":1989,"menu_order":0,"comment_status":"open","ping_status":"open","template":"","meta":{"footnotes":""},"class_list":["post-2022","page","type-page","status-publish","hentry"],"_links":{"self":[{"href":"https:\/\/www.museummurten.ch\/fr\/wp-json\/wp\/v2\/pages\/2022","targetHints":{"allow":["GET"]}}],"collection":[{"href":"https:\/\/www.museummurten.ch\/fr\/wp-json\/wp\/v2\/pages"}],"about":[{"href":"https:\/\/www.museummurten.ch\/fr\/wp-json\/wp\/v2\/types\/page"}],"author":[{"embeddable":true,"href":"https:\/\/www.museummurten.ch\/fr\/wp-json\/wp\/v2\/users\/4"}],"replies":[{"embeddable":true,"href":"https:\/\/www.museummurten.ch\/fr\/wp-json\/wp\/v2\/comments?post=2022"}],"version-history":[{"count":7,"href":"https:\/\/www.museummurten.ch\/fr\/wp-json\/wp\/v2\/pages\/2022\/revisions"}],"predecessor-version":[{"id":9258,"href":"https:\/\/www.museummurten.ch\/fr\/wp-json\/wp\/v2\/pages\/2022\/revisions\/9258"}],"up":[{"embeddable":true,"href":"https:\/\/www.museummurten.ch\/fr\/wp-json\/wp\/v2\/pages\/1989"}],"wp:attachment":[{"href":"https:\/\/www.museummurten.ch\/fr\/wp-json\/wp\/v2\/media?parent=2022"}],"curies":[{"name":"wp","href":"https:\/\/api.w.org\/{rel}","templated":true}]}}