{"id":3188,"date":"2016-03-09T10:54:13","date_gmt":"2016-03-09T09:54:13","guid":{"rendered":"http:\/\/www.museummurten\/fr\/?page_id=3188"},"modified":"2020-07-16T08:56:22","modified_gmt":"2020-07-16T07:56:22","slug":"exposition-permanente","status":"publish","type":"page","link":"https:\/\/www.museummurten.ch\/fr\/exposition-permanente\/","title":{"rendered":"Exposition permanente"},"content":{"rendered":"\n<style type=\"text\/css\" data-created_by=\"avia_inline_auto\" id=\"style-css-av-143jnsk-da7a56279d43c93a6a70827be4d027c0\">\n.avia-section.av-143jnsk-da7a56279d43c93a6a70827be4d027c0{\nbackground-color:#404852;\nbackground-image:url(https:\/\/www.museummurten.ch\/wp-content\/uploads\/2016\/06\/mm06.jpg);\nbackground-repeat:no-repeat;\nbackground-position:100% 50%;\nbackground-attachment:scroll;\n}\n<\/style>\n<div id='av_section_1'  class='avia-section av-143jnsk-da7a56279d43c93a6a70827be4d027c0 main_color avia-section-small avia-no-border-styling  avia-builder-el-0  el_before_av_heading  avia-builder-el-first  avia-full-stretch avia-bg-style-scroll av-minimum-height av-minimum-height-custom av-height-custom  container_wrap fullsize'  data-section-bg-repeat='stretch' data-av_minimum_height_px='300'><div class='container av-section-cont-open' style='height:300px'><main  role=\"main\" itemprop=\"mainContentOfPage\"  class='template-page content  av-content-full alpha units'><div class='post-entry post-entry-type-page post-entry-3188'><div class='entry-content-wrapper clearfix'><\/div><\/div><\/main><!-- close content main element --><\/div><\/div><div id='after_section_1'  class='main_color av_default_container_wrap container_wrap fullsize'  ><div class='container av-section-cont-open' ><div class='template-page content  av-content-full alpha units'><div class='post-entry post-entry-type-page post-entry-3188'><div class='entry-content-wrapper clearfix'>\n\n<style type=\"text\/css\" data-created_by=\"avia_inline_auto\" id=\"style-css-av-av_heading-6e095b4f51d0aac54b0f41a99aa329c4\">\n#top .av-special-heading.av-av_heading-6e095b4f51d0aac54b0f41a99aa329c4{\npadding-bottom:25px;\n}\nbody .av-special-heading.av-av_heading-6e095b4f51d0aac54b0f41a99aa329c4 .av-special-heading-tag .heading-char{\nfont-size:25px;\n}\n.av-special-heading.av-av_heading-6e095b4f51d0aac54b0f41a99aa329c4 .av-subheading{\nfont-size:15px;\n}\n<\/style>\n<div  class='av-special-heading av-av_heading-6e095b4f51d0aac54b0f41a99aa329c4 av-special-heading-h3 blockquote modern-quote  avia-builder-el-1  el_after_av_section  el_before_av_one_half  avia-builder-el-first '><h3 class='av-special-heading-tag '  itemprop=\"headline\"  >Mus\u00e9e de Morat &#8211; Une maison raconte des histoires<\/h3><div class=\"special-heading-border\"><div class=\"special-heading-inner-border\"><\/div><\/div><\/div>\n\n<style type=\"text\/css\" data-created_by=\"avia_inline_auto\" id=\"style-css-av-1198qx0-0e6e642c38ca41a269e4d5e128b6438f\">\n.flex_column.av-1198qx0-0e6e642c38ca41a269e4d5e128b6438f{\nborder-radius:0px 0px 0px 0px;\npadding:0px 0px 0px 0px;\n}\n<\/style>\n<div  class='flex_column av-1198qx0-0e6e642c38ca41a269e4d5e128b6438f av_one_half  avia-builder-el-2  el_after_av_heading  el_before_av_one_half  first flex_column_div av-zero-column-padding  '     ><section  class='av_textblock_section av-z7hcs4-52d1510b193dd1dbc5f861214bb407a3 '   itemscope=\"itemscope\" itemtype=\"https:\/\/schema.org\/CreativeWork\" ><div class='avia_textblock'  itemprop=\"text\" ><p><strong>Le moulin municipal<br \/>\n<\/strong><\/p>\n<p>Le mus\u00e9e de Morat est l\u2019un des plus anciens du canton de Fribourg. Il est abrit\u00e9 depuis 1978 dans l\u2019ancien moulin municipal situ\u00e9 au-dessous de l\u2019enceinte de la ville.<\/p>\n<\/div><\/section><\/div>\n\n<style type=\"text\/css\" data-created_by=\"avia_inline_auto\" id=\"style-css-av-3fbd9w-c46958996c72e682ab97395327b59bb8\">\n.flex_column.av-3fbd9w-c46958996c72e682ab97395327b59bb8{\nborder-radius:0px 0px 0px 0px;\npadding:0px 0px 0px 0px;\n}\n<\/style>\n<div  class='flex_column av-3fbd9w-c46958996c72e682ab97395327b59bb8 av_one_half  avia-builder-el-4  el_after_av_one_half  el_before_av_one_half  flex_column_div av-zero-column-padding  '     ><section  class='av_textblock_section av-wm8g0k-7ec69ddc0b6680da8b8fabe40a1b36e0 '   itemscope=\"itemscope\" itemtype=\"https:\/\/schema.org\/CreativeWork\" ><div class='avia_textblock'  itemprop=\"text\" ><p><strong>L\u2019exposition<\/strong><\/p>\n<p>L\u2019exposition permanente illustre 6000 ans d\u2019histoire de la ville de Morat et de sa r\u00e9gion sur cinq \u00e9tages. Les objets racontent leurs histoires et celles de la population des diverses \u00e9poques :<\/p>\n<p><a href=\"https:\/\/www.museummurten.ch\/wp-content\/uploads\/2020\/05\/1-NEOLITHHIQUE-ET-AGE-DU-BRONZE.pdf\">1 NEOLITHHIQUE ET AGE DU BRONZE<\/a> ; <a href=\"https:\/\/www.museummurten.ch\/wp-content\/uploads\/2020\/05\/2-LES-CELTES-ET-LES-ROMAINS.pdf\">2 LES CELTES ET LES ROMAINS\u00a0<\/a> ;\u00a0<a href=\"https:\/\/www.museummurten.ch\/wp-content\/uploads\/2020\/05\/3-ARTISANAT-ET-COMMERCE.pdf\">3 ARTISANAT ET COMMERCE<\/a> ;\u00a0<a href=\"https:\/\/www.museummurten.ch\/wp-content\/uploads\/2020\/05\/4-GOUVERNEMENT.pdf\">4 GOUVERNEMENT<\/a> ;\u00a0<a href=\"https:\/\/www.museummurten.ch\/wp-content\/uploads\/2020\/05\/5-SOUS-CLEF.pdf\">5 SOUS CLEF<\/a> <a href=\"https:\/\/www.museummurten.ch\/wp-content\/uploads\/2020\/05\/6-EP-CONTEMP.pdf\">6 EP CONTEMP<\/a> ; <a href=\"https:\/\/www.museummurten.ch\/wp-content\/uploads\/2020\/05\/7-M-A-ET-MEMOIRE.pdf\">7 M-A ET MEMOIRE<\/a>.<\/p>\n<\/div><\/section><\/div>\n\n<style type=\"text\/css\" data-created_by=\"avia_inline_auto\" id=\"style-css-av-uyjiwk-bd57fbf944a47d54320887591447a728\">\n.flex_column.av-uyjiwk-bd57fbf944a47d54320887591447a728{\nborder-radius:0px 0px 0px 0px;\npadding:0px 0px 0px 0px;\n}\n<\/style>\n<div  class='flex_column av-uyjiwk-bd57fbf944a47d54320887591447a728 av_one_half  avia-builder-el-6  el_after_av_one_half  el_before_av_one_half  first flex_column_div av-zero-column-padding  column-top-margin'     ><style type=\"text\/css\" data-created_by=\"avia_inline_auto\" id=\"style-css-av-t6jfdg-dd47f81796401138b12358f30a42a545\">\n.avia-image-container.av-t6jfdg-dd47f81796401138b12358f30a42a545 img.avia_image{\nbox-shadow:none;\n}\n.avia-image-container.av-t6jfdg-dd47f81796401138b12358f30a42a545 .av-caption-image-overlay-bg{\nopacity:0.4;\nbackground-color:#000000;\n}\n.avia-image-container.av-t6jfdg-dd47f81796401138b12358f30a42a545 .av-image-caption-overlay-center{\ncolor:#ffffff;\nfont-size:12px;\n}\n<\/style>\n<div  class='avia-image-container av-t6jfdg-dd47f81796401138b12358f30a42a545 av-styling-no-styling avia-align-center  avia-builder-el-7  avia-builder-el-no-sibling  noHover av-overlay-hover-deactivate'   itemprop=\"image\" itemscope=\"itemscope\" itemtype=\"https:\/\/schema.org\/ImageObject\" ><div class=\"avia-image-container-inner\"><div class=\"avia-image-overlay-wrap\"><div class=\"av-image-caption-overlay\"><div class=\"av-caption-image-overlay-bg\"><\/div><div class=\"av-image-caption-overlay-position\"><div class=\"av-image-caption-overlay-center\"><p>Cit\u00e9s lacustres du N\u00e9olithique et de l\u2019\u00c2ge du bronze<\/p>\n<\/div><\/div><\/div><img decoding=\"async\" fetchpriority=\"high\" class='wp-image-1857 avia-img-lazy-loading-not-1857 avia_image ' src=\"https:\/\/www.museummurten.ch\/wp-content\/uploads\/2012\/03\/urgeschichte-bild.jpg\" alt='' title='urgeschichte bild'  height=\"343\" width=\"515\"  itemprop=\"thumbnailUrl\" srcset=\"https:\/\/www.museummurten.ch\/wp-content\/uploads\/2012\/03\/urgeschichte-bild.jpg 515w, https:\/\/www.museummurten.ch\/wp-content\/uploads\/2012\/03\/urgeschichte-bild-300x199.jpg 300w\" sizes=\"(max-width: 515px) 100vw, 515px\" \/><\/div><\/div><\/div><\/div>\n\n<style type=\"text\/css\" data-created_by=\"avia_inline_auto\" id=\"style-css-av-red42s-b6e26346b0e57020d5e20f85f3bc902e\">\n.flex_column.av-red42s-b6e26346b0e57020d5e20f85f3bc902e{\nborder-radius:0px 0px 0px 0px;\npadding:0px 0px 0px 0px;\n}\n<\/style>\n<div  class='flex_column av-red42s-b6e26346b0e57020d5e20f85f3bc902e av_one_half  avia-builder-el-8  el_after_av_one_half  el_before_av_section  avia-builder-el-last  flex_column_div av-zero-column-padding  column-top-margin'     ><style type=\"text\/css\" data-created_by=\"avia_inline_auto\" id=\"style-css-av-p6ntbo-d9dc8b4ee119a2f10433c138f486087e\">\n.avia-image-container.av-p6ntbo-d9dc8b4ee119a2f10433c138f486087e img.avia_image{\nbox-shadow:none;\n}\n.avia-image-container.av-p6ntbo-d9dc8b4ee119a2f10433c138f486087e .av-caption-image-overlay-bg{\nopacity:0.4;\nbackground-color:#000000;\n}\n.avia-image-container.av-p6ntbo-d9dc8b4ee119a2f10433c138f486087e .av-image-caption-overlay-center{\ncolor:#ffffff;\nfont-size:12px;\n}\n<\/style>\n<div  class='avia-image-container av-p6ntbo-d9dc8b4ee119a2f10433c138f486087e av-styling-no-styling avia-align-center  avia-builder-el-9  avia-builder-el-no-sibling  noHover av-overlay-hover-deactivate'   itemprop=\"image\" itemscope=\"itemscope\" itemtype=\"https:\/\/schema.org\/ImageObject\" ><div class=\"avia-image-container-inner\"><div class=\"avia-image-overlay-wrap\"><div class=\"av-image-caption-overlay\"><div class=\"av-caption-image-overlay-bg\"><\/div><div class=\"av-image-caption-overlay-position\"><div class=\"av-image-caption-overlay-center\"><p>Celtes et Romains<\/p>\n<\/div><\/div><\/div><img decoding=\"async\" fetchpriority=\"high\" class='wp-image-490 avia-img-lazy-loading-not-490 avia_image ' src=\"https:\/\/www.museummurten.ch\/wp-content\/uploads\/2012\/03\/DSC03532.jpg\" alt='' title=''  height=\"288\" width=\"515\"  itemprop=\"thumbnailUrl\" srcset=\"https:\/\/www.museummurten.ch\/wp-content\/uploads\/2012\/03\/DSC03532.jpg 515w, https:\/\/www.museummurten.ch\/wp-content\/uploads\/2012\/03\/DSC03532-300x167.jpg 300w\" sizes=\"(max-width: 515px) 100vw, 515px\" \/><\/div><\/div><\/div><\/div>\n<\/div><\/div><\/div><!-- close content main div --><\/div><\/div>\n<style type=\"text\/css\" data-created_by=\"avia_inline_auto\" id=\"style-css-av-2eocpg-1c6abf82ee2221197be896aff0f47f87\">\n.avia-section.av-2eocpg-1c6abf82ee2221197be896aff0f47f87{\nbackground-color:#f7f7f7;\nbackground-image:unset;\n}\n<\/style>\n<div id='av_section_2'  class='avia-section av-2eocpg-1c6abf82ee2221197be896aff0f47f87 main_color avia-section-default avia-no-border-styling  avia-builder-el-10  el_after_av_one_half  el_before_av_one_half  avia-bg-style-scroll container_wrap fullsize'  ><div class='container av-section-cont-open' ><div class='template-page content  av-content-full alpha units'><div class='post-entry post-entry-type-page post-entry-3188'><div class='entry-content-wrapper clearfix'>\n\n<style type=\"text\/css\" data-created_by=\"avia_inline_auto\" id=\"style-css-av-lt6bc4-e5db5120867468fa1e50c782e1f10d03\">\n.flex_column.av-lt6bc4-e5db5120867468fa1e50c782e1f10d03{\nborder-radius:0px 0px 0px 0px;\npadding:0px 0px 0px 0px;\n}\n<\/style>\n<div  class='flex_column av-lt6bc4-e5db5120867468fa1e50c782e1f10d03 av_one_third  avia-builder-el-11  el_before_av_one_fourth  avia-builder-el-first  first flex_column_div av-zero-column-padding  '     ><section  class='av_textblock_section av-jwyo6moc-c38295bf92f4f6af9cd60bf1a92530df '   itemscope=\"itemscope\" itemtype=\"https:\/\/schema.org\/CreativeWork\" ><div class='avia_textblock'  itemprop=\"text\" ><p><strong>Show Multim\u00e9dia<br \/>\n<\/strong><\/p>\n<p>Un show multim\u00e9dia mis en sc\u00e8ne de fa\u00e7on dramatique relate les \u00e9v\u00e9nements de la m\u00e9morable bataille de Morat.<\/p>\n<p><strong>\u00a0<\/strong><\/p>\n<\/div><\/section><\/div>\n<style type=\"text\/css\" data-created_by=\"avia_inline_auto\" id=\"style-css-av-21ntf8-fd2ccd11d5f91f990b7d578db690811f\">\n.flex_column.av-21ntf8-fd2ccd11d5f91f990b7d578db690811f{\nborder-radius:0px 0px 0px 0px;\npadding:0px 0px 0px 0px;\n}\n<\/style>\n<div  class='flex_column av-21ntf8-fd2ccd11d5f91f990b7d578db690811f av_one_fourth  avia-builder-el-13  el_after_av_one_third  el_before_av_one_third  flex_column_div av-zero-column-padding  '     ><section  class='av_textblock_section av-1wk4ro-1379bcf093e66bc72bb617b30744af3d '   itemscope=\"itemscope\" itemtype=\"https:\/\/schema.org\/CreativeWork\" ><div class='avia_textblock'  itemprop=\"text\" ><p><strong>Pour les enfants et les famille<\/strong>s<\/p>\n<ul>\n<li>Recherche d\u2019objets dans le mus\u00e9e<\/li>\n<li>\u00ab\u00a0O\u00f9 sont les lions ?\u00a0\u00bb<\/li>\n<\/ul>\n<p><strong>\u00a0<\/strong><\/p>\n<\/div><\/section><\/div>\n<style type=\"text\/css\" data-created_by=\"avia_inline_auto\" id=\"style-css-av-gyp8ic-e74fa9858947bcc959c3b15ad63e5026\">\n.flex_column.av-gyp8ic-e74fa9858947bcc959c3b15ad63e5026{\nborder-radius:0px 0px 0px 0px;\npadding:0px 0px 0px 0px;\n}\n<\/style>\n<div  class='flex_column av-gyp8ic-e74fa9858947bcc959c3b15ad63e5026 av_one_third  avia-builder-el-15  el_after_av_one_fourth  avia-builder-el-last  flex_column_div av-zero-column-padding  '     ><div  class='avia-button-wrap av-fuku1w-682eab4a240665a87dfd804a973e3a42-wrap avia-button-left  avia-builder-el-16  avia-builder-el-no-sibling '><a href='https:\/\/www.museummurten.ch\/fr\/expositions-temporaire\/'  class='avia-button av-fuku1w-682eab4a240665a87dfd804a973e3a42 av-link-btn avia-icon_select-no avia-size-large avia-position-left avia-color-theme-color'   aria-label=\"Voir \u00e9galement les expositions temporaires\"><span class='avia_iconbox_title' >Voir \u00e9galement les expositions temporaires<\/span><\/a><\/div><\/div><\/div><\/div><\/div><!-- close content main div --><\/div><\/div><div id='after_section_2'  class='main_color av_default_container_wrap container_wrap fullsize'  ><div class='container av-section-cont-open' ><div class='template-page content  av-content-full alpha units'><div class='post-entry post-entry-type-page post-entry-3188'><div class='entry-content-wrapper clearfix'>\n<style type=\"text\/css\" data-created_by=\"avia_inline_auto\" id=\"style-css-av-epukk4-7e514e14c2f61326648ae175dce4ec90\">\n.flex_column.av-epukk4-7e514e14c2f61326648ae175dce4ec90{\nborder-radius:0px 0px 0px 0px;\npadding:0px 0px 0px 0px;\n}\n<\/style>\n<div  class='flex_column av-epukk4-7e514e14c2f61326648ae175dce4ec90 av_one_half  avia-builder-el-17  el_after_av_section  el_before_av_one_half  avia-builder-el-first  first flex_column_div av-zero-column-padding  '     ><style type=\"text\/css\" data-created_by=\"avia_inline_auto\" id=\"style-css-av-1a439g-5bbdecadf1c206cad26c83ec943485c0\">\n.avia-image-container.av-1a439g-5bbdecadf1c206cad26c83ec943485c0 img.avia_image{\nbox-shadow:none;\n}\n.avia-image-container.av-1a439g-5bbdecadf1c206cad26c83ec943485c0 .av-caption-image-overlay-bg{\nopacity:0.4;\nbackground-color:#000000;\n}\n.avia-image-container.av-1a439g-5bbdecadf1c206cad26c83ec943485c0 .av-image-caption-overlay-center{\ncolor:#ffffff;\nfont-size:12px;\n}\n<\/style>\n<div  class='avia-image-container av-1a439g-5bbdecadf1c206cad26c83ec943485c0 av-styling-no-styling avia-align-center  avia-builder-el-18  avia-builder-el-no-sibling  noHover av-overlay-hover-deactivate'   itemprop=\"image\" itemscope=\"itemscope\" itemtype=\"https:\/\/schema.org\/ImageObject\" ><div class=\"avia-image-container-inner\"><div class=\"avia-image-overlay-wrap\"><div class=\"av-image-caption-overlay\"><div class=\"av-caption-image-overlay-bg\"><\/div><div class=\"av-image-caption-overlay-position\"><div class=\"av-image-caption-overlay-center\"><p>Vivre et travailler dans la ville m\u00e9di\u00e9vale<\/p>\n<\/div><\/div><\/div><img decoding=\"async\" fetchpriority=\"high\" class='wp-image-1851 avia-img-lazy-loading-not-1851 avia_image ' src=\"https:\/\/www.museummurten.ch\/wp-content\/uploads\/2012\/03\/Schlacht.jpg\" alt='' title=''  height=\"343\" width=\"515\"  itemprop=\"thumbnailUrl\" srcset=\"https:\/\/www.museummurten.ch\/wp-content\/uploads\/2012\/03\/Schlacht.jpg 515w, https:\/\/www.museummurten.ch\/wp-content\/uploads\/2012\/03\/Schlacht-300x199.jpg 300w\" sizes=\"(max-width: 515px) 100vw, 515px\" \/><\/div><\/div><\/div><\/div><\/p>\n\n<style type=\"text\/css\" data-created_by=\"avia_inline_auto\" id=\"style-css-av-11hazo-25ef3230263bb1b98e31534cd6a872d4\">\n.flex_column.av-11hazo-25ef3230263bb1b98e31534cd6a872d4{\nborder-radius:0px 0px 0px 0px;\npadding:0px 0px 0px 0px;\n}\n<\/style>\n<div  class='flex_column av-11hazo-25ef3230263bb1b98e31534cd6a872d4 av_one_half  avia-builder-el-19  el_after_av_one_half  el_before_av_one_half  flex_column_div av-zero-column-padding  '     ><style type=\"text\/css\" data-created_by=\"avia_inline_auto\" id=\"style-css-av-94bzfo-147d36b3d877ed053f3dbbe89698a6a8\">\n.avia-image-container.av-94bzfo-147d36b3d877ed053f3dbbe89698a6a8 img.avia_image{\nbox-shadow:none;\n}\n.avia-image-container.av-94bzfo-147d36b3d877ed053f3dbbe89698a6a8 .av-caption-image-overlay-bg{\nopacity:0.4;\nbackground-color:#000000;\n}\n.avia-image-container.av-94bzfo-147d36b3d877ed053f3dbbe89698a6a8 .av-image-caption-overlay-center{\ncolor:#ffffff;\nfont-size:12px;\n}\n<\/style>\n<div  class='avia-image-container av-94bzfo-147d36b3d877ed053f3dbbe89698a6a8 av-styling-no-styling avia-align-center  avia-builder-el-20  avia-builder-el-no-sibling  noHover av-overlay-hover-deactivate'   itemprop=\"image\" itemscope=\"itemscope\" itemtype=\"https:\/\/schema.org\/ImageObject\" ><div class=\"avia-image-container-inner\"><div class=\"avia-image-overlay-wrap\"><div class=\"av-image-caption-overlay\"><div class=\"av-caption-image-overlay-bg\"><\/div><div class=\"av-image-caption-overlay-position\"><div class=\"av-image-caption-overlay-center\"><p>Morat sous la d\u00e9pendance de Berne et Fribourg<\/p>\n<\/div><\/div><\/div><img decoding=\"async\" fetchpriority=\"high\" class='wp-image-1855 avia-img-lazy-loading-not-1855 avia_image ' src=\"https:\/\/www.museummurten.ch\/wp-content\/uploads\/2012\/03\/schultheissenstuhl.jpg\" alt='' title='schultheissenstuhl'  height=\"343\" width=\"515\"  itemprop=\"thumbnailUrl\" srcset=\"https:\/\/www.museummurten.ch\/wp-content\/uploads\/2012\/03\/schultheissenstuhl.jpg 515w, https:\/\/www.museummurten.ch\/wp-content\/uploads\/2012\/03\/schultheissenstuhl-300x199.jpg 300w\" sizes=\"(max-width: 515px) 100vw, 515px\" \/><\/div><\/div><\/div><\/div>\n\n<style type=\"text\/css\" data-created_by=\"avia_inline_auto\" id=\"style-css-av-85qhh0-be2fe5541ffefebd2eb98a5c099db626\">\n.flex_column.av-85qhh0-be2fe5541ffefebd2eb98a5c099db626{\nborder-radius:0px 0px 0px 0px;\npadding:0px 0px 0px 0px;\n}\n<\/style>\n<div  class='flex_column av-85qhh0-be2fe5541ffefebd2eb98a5c099db626 av_one_half  avia-builder-el-21  el_after_av_one_half  el_before_av_one_half  first flex_column_div av-zero-column-padding  column-top-margin'     ><style type=\"text\/css\" data-created_by=\"avia_inline_auto\" id=\"style-css-av-6ii2hw-61b1f2b84725500bb0d2c7e2db95e4f2\">\n.avia-image-container.av-6ii2hw-61b1f2b84725500bb0d2c7e2db95e4f2 img.avia_image{\nbox-shadow:none;\n}\n.avia-image-container.av-6ii2hw-61b1f2b84725500bb0d2c7e2db95e4f2 .av-caption-image-overlay-bg{\nopacity:0.4;\nbackground-color:#000000;\n}\n.avia-image-container.av-6ii2hw-61b1f2b84725500bb0d2c7e2db95e4f2 .av-image-caption-overlay-center{\ncolor:#ffffff;\nfont-size:12px;\n}\n<\/style>\n<div  class='avia-image-container av-6ii2hw-61b1f2b84725500bb0d2c7e2db95e4f2 av-styling-no-styling avia-align-center  avia-builder-el-22  avia-builder-el-no-sibling  noHover av-overlay-hover-deactivate'   itemprop=\"image\" itemscope=\"itemscope\" itemtype=\"https:\/\/schema.org\/ImageObject\" ><div class=\"avia-image-container-inner\"><div class=\"avia-image-overlay-wrap\"><div class=\"av-image-caption-overlay\"><div class=\"av-caption-image-overlay-bg\"><\/div><div class=\"av-image-caption-overlay-position\"><div class=\"av-image-caption-overlay-center\"><p>Entr\u00e9e dans la modernit\u00e9<\/p>\n<\/div><\/div><\/div><img decoding=\"async\" fetchpriority=\"high\" class='wp-image-499 avia-img-lazy-loading-not-499 avia_image ' src=\"https:\/\/www.museummurten.ch\/wp-content\/uploads\/2012\/03\/DSC035191.jpg\" alt='' title='DSC03519'  height=\"288\" width=\"515\"  itemprop=\"thumbnailUrl\" srcset=\"https:\/\/www.museummurten.ch\/wp-content\/uploads\/2012\/03\/DSC035191.jpg 515w, https:\/\/www.museummurten.ch\/wp-content\/uploads\/2012\/03\/DSC035191-300x167.jpg 300w\" sizes=\"(max-width: 515px) 100vw, 515px\" \/><\/div><\/div><\/div><\/div>\n\n<style type=\"text\/css\" data-created_by=\"avia_inline_auto\" id=\"style-css-av-dvgus-2fd106f3c275f77903c7e56fb0f5bb0b\">\n.flex_column.av-dvgus-2fd106f3c275f77903c7e56fb0f5bb0b{\nborder-radius:0px 0px 0px 0px;\npadding:0px 0px 0px 0px;\n}\n<\/style>\n<div  class='flex_column av-dvgus-2fd106f3c275f77903c7e56fb0f5bb0b av_one_half  avia-builder-el-23  el_after_av_one_half  avia-builder-el-last  flex_column_div av-zero-column-padding  column-top-margin'     ><style type=\"text\/css\" data-created_by=\"avia_inline_auto\" id=\"style-css-av-2z63ck-bd84c614502118dc4314099f975b3bd7\">\n.avia-image-container.av-2z63ck-bd84c614502118dc4314099f975b3bd7 img.avia_image{\nbox-shadow:none;\n}\n.avia-image-container.av-2z63ck-bd84c614502118dc4314099f975b3bd7 .av-caption-image-overlay-bg{\nopacity:0.4;\nbackground-color:#000000;\n}\n.avia-image-container.av-2z63ck-bd84c614502118dc4314099f975b3bd7 .av-image-caption-overlay-center{\ncolor:#ffffff;\nfont-size:12px;\n}\n<\/style>\n<div  class='avia-image-container av-2z63ck-bd84c614502118dc4314099f975b3bd7 av-styling-no-styling avia-align-center  avia-builder-el-24  avia-builder-el-no-sibling  noHover av-overlay-hover-deactivate'   itemprop=\"image\" itemscope=\"itemscope\" itemtype=\"https:\/\/schema.org\/ImageObject\" ><div class=\"avia-image-container-inner\"><div class=\"avia-image-overlay-wrap\"><div class=\"av-image-caption-overlay\"><div class=\"av-caption-image-overlay-bg\"><\/div><div class=\"av-image-caption-overlay-position\"><div class=\"av-image-caption-overlay-center\"><p>Bataille de Morat<\/p>\n<\/div><\/div><\/div><img decoding=\"async\" fetchpriority=\"high\" class='wp-image-643 avia-img-lazy-loading-not-643 avia_image ' src=\"https:\/\/www.museummurten.ch\/wp-content\/uploads\/2012\/03\/Murtenschlacht1.jpg\" alt='' title=''  height=\"288\" width=\"515\"  itemprop=\"thumbnailUrl\" srcset=\"https:\/\/www.museummurten.ch\/wp-content\/uploads\/2012\/03\/Murtenschlacht1.jpg 515w, https:\/\/www.museummurten.ch\/wp-content\/uploads\/2012\/03\/Murtenschlacht1-300x167.jpg 300w\" sizes=\"(max-width: 515px) 100vw, 515px\" \/><\/div><\/div><\/div><\/div>\n","protected":false},"excerpt":{"rendered":"","protected":false},"author":2,"featured_media":0,"parent":0,"menu_order":0,"comment_status":"closed","ping_status":"closed","template":"","meta":{"footnotes":""},"class_list":["post-3188","page","type-page","status-publish","hentry"],"_links":{"self":[{"href":"https:\/\/www.museummurten.ch\/fr\/wp-json\/wp\/v2\/pages\/3188","targetHints":{"allow":["GET"]}}],"collection":[{"href":"https:\/\/www.museummurten.ch\/fr\/wp-json\/wp\/v2\/pages"}],"about":[{"href":"https:\/\/www.museummurten.ch\/fr\/wp-json\/wp\/v2\/types\/page"}],"author":[{"embeddable":true,"href":"https:\/\/www.museummurten.ch\/fr\/wp-json\/wp\/v2\/users\/2"}],"replies":[{"embeddable":true,"href":"https:\/\/www.museummurten.ch\/fr\/wp-json\/wp\/v2\/comments?post=3188"}],"version-history":[{"count":6,"href":"https:\/\/www.museummurten.ch\/fr\/wp-json\/wp\/v2\/pages\/3188\/revisions"}],"predecessor-version":[{"id":6935,"href":"https:\/\/www.museummurten.ch\/fr\/wp-json\/wp\/v2\/pages\/3188\/revisions\/6935"}],"wp:attachment":[{"href":"https:\/\/www.museummurten.ch\/fr\/wp-json\/wp\/v2\/media?parent=3188"}],"curies":[{"name":"wp","href":"https:\/\/api.w.org\/{rel}","templated":true}]}}