{"id":3202,"date":"2016-03-03T15:23:38","date_gmt":"2016-03-03T14:23:38","guid":{"rendered":"http:\/\/www.museummurten\/fr\/?page_id=3202"},"modified":"2016-06-22T16:35:39","modified_gmt":"2016-06-22T15:35:39","slug":"expositions-temporaire","status":"publish","type":"page","link":"https:\/\/www.museummurten.ch\/fr\/expositions-temporaire\/","title":{"rendered":"Expositions temporaires"},"content":{"rendered":"\n<style type=\"text\/css\" data-created_by=\"avia_inline_auto\" id=\"style-css-av-av_section-ea39d9a68a46c3d061c0dfce8ee1d2ea\">\n.avia-section.av-av_section-ea39d9a68a46c3d061c0dfce8ee1d2ea{\nbackground-repeat:no-repeat;\nbackground-image:url(https:\/\/www.museummurten.ch\/wp-content\/uploads\/2016\/06\/mm06.jpg);\nbackground-position:0% 50%;\nbackground-attachment:scroll;\n}\n<\/style>\n<div id='av_section_1'  class='avia-section av-av_section-ea39d9a68a46c3d061c0dfce8ee1d2ea main_color avia-section-small avia-no-border-styling  avia-builder-el-0  el_before_av_heading  avia-builder-el-first  avia-full-stretch avia-bg-style-scroll av-minimum-height av-minimum-height-custom av-height-custom  container_wrap fullsize'  data-section-bg-repeat='stretch' data-av_minimum_height_px='300'><div class='container av-section-cont-open' style='height:300px'><main  role=\"main\" itemprop=\"mainContentOfPage\"  class='template-page content  av-content-full alpha units'><div class='post-entry post-entry-type-page post-entry-3202'><div class='entry-content-wrapper clearfix'><\/div><\/div><\/main><!-- close content main element --><\/div><\/div><div id='after_section_1'  class='main_color av_default_container_wrap container_wrap fullsize'  ><div class='container av-section-cont-open' ><div class='template-page content  av-content-full alpha units'><div class='post-entry post-entry-type-page post-entry-3202'><div class='entry-content-wrapper clearfix'>\n\n<style type=\"text\/css\" data-created_by=\"avia_inline_auto\" id=\"style-css-av-av_heading-dfb0dddfa062aa0de77aba4a307e2f51\">\n#top .av-special-heading.av-av_heading-dfb0dddfa062aa0de77aba4a307e2f51{\npadding-bottom:35px;\n}\nbody .av-special-heading.av-av_heading-dfb0dddfa062aa0de77aba4a307e2f51 .av-special-heading-tag .heading-char{\nfont-size:25px;\n}\n.av-special-heading.av-av_heading-dfb0dddfa062aa0de77aba4a307e2f51 .av-subheading{\nfont-size:15px;\n}\n<\/style>\n<div  class='av-special-heading av-av_heading-dfb0dddfa062aa0de77aba4a307e2f51 av-special-heading-h3 blockquote modern-quote  avia-builder-el-1  el_after_av_section  el_before_av_magazine  avia-builder-el-first '><h3 class='av-special-heading-tag '  itemprop=\"headline\"  >Expositions temporaire<\/h3><div class=\"special-heading-border\"><div class=\"special-heading-inner-border\"><\/div><\/div><\/div>\n<div  id=\"avia-magazine-1\"  class='av-magazine av-av_magazine-55f5d8a5d8357863176a9b5989dae0fb av-magazine-hero-left  avia-builder-el-2  el_after_av_heading  avia-builder-el-last   avia-builder-el-2  el_after_av_heading  avia-builder-el-last ' ><div class='av-magazine-group sort_all'><div class='av-magazine-hero first flex_column av_one_half '><article class='av-magazine-entry av-magazine-entry-id-9939 av-magazine-format-standard av-magazine-type-post av-magazine-entry-1 av-magazine-entry-big '  itemscope=\"itemscope\" itemtype=\"https:\/\/schema.org\/CreativeWork\" ><div class=\"av-magazine-thumbnail\"><a href='https:\/\/www.museummurten.ch\/fr\/2026\/05\/memoires-des-guerres-de-bourgogne\/' title='Lier vers : M\u00e9moires des Guerres de Bourgogne' class='av-magazine-thumbnail-link'><img decoding=\"async\" fetchpriority=\"high\" width=\"710\" height=\"375\" src=\"https:\/\/www.museummurten.ch\/wp-content\/uploads\/2026\/05\/9783796555169-710x375.jpg\" class=\"wp-image-9937 avia-img-lazy-loading-not-9937 attachment-magazine size-magazine wp-post-image\" alt=\"\" \/><\/a><\/div><div class=\"av-magazine-content-wrap\"><header class=\"entry-content-header\" aria-label=\"Articles : M\u00e9moires des Guerres de Bourgogne\"><time class='av-magazine-time updated'  itemprop=\"datePublished\" datetime=\"2026-05-29T15:16:25+01:00\" >29 mai 2026<\/time><h3 class='av-magazine-title entry-title '  itemprop=\"headline\" ><a href='https:\/\/www.museummurten.ch\/fr\/2026\/05\/memoires-des-guerres-de-bourgogne\/' title='Lier vers : M\u00e9moires des Guerres de Bourgogne'>M\u00e9moires des Guerres de Bourgogne<\/a><\/h3><\/header><div class='av-magazine-content entry-content'  itemprop=\"text\" ><p>Vernissage de deux publications<\/p>\n<p>Mus\u00e9e de Morat, vendredi\u2026<\/p>\n<\/div><\/div><footer class=\"entry-footer\"><\/footer><\/article><\/div><div class='av-magazine-sideshow flex_column av_one_half '><article class='av-magazine-entry av-magazine-entry-id-9778 av-magazine-format-standard av-magazine-type-post av-magazine-entry-2 av-magazine-entry-small '  itemscope=\"itemscope\" itemtype=\"https:\/\/schema.org\/CreativeWork\" ><div class=\"av-magazine-thumbnail\"><a href='https:\/\/www.museummurten.ch\/fr\/2026\/02\/panorama-digital-13-2-19-4-2026\/' title='Lier vers : PANORAMA DIGITAL (13.2-19.4.2026)' class='av-magazine-thumbnail-link'><img decoding=\"async\" fetchpriority=\"high\" width=\"80\" height=\"80\" src=\"https:\/\/www.museummurten.ch\/wp-content\/uploads\/2026\/02\/Panorama-80x80.jpg\" class=\"wp-image-9769 avia-img-lazy-loading-not-9769 attachment-thumbnail size-thumbnail wp-post-image\" alt=\"\" srcset=\"https:\/\/www.museummurten.ch\/wp-content\/uploads\/2026\/02\/Panorama-80x80.jpg 80w, https:\/\/www.museummurten.ch\/wp-content\/uploads\/2026\/02\/Panorama-36x36.jpg 36w, https:\/\/www.museummurten.ch\/wp-content\/uploads\/2026\/02\/Panorama-180x180.jpg 180w\" sizes=\"(max-width: 80px) 100vw, 80px\" \/><\/a><\/div><div class=\"av-magazine-content-wrap\"><header class=\"entry-content-header\" aria-label=\"Articles : PANORAMA DIGITAL (13.2-19.4.2026)\"><time class='av-magazine-time updated'  itemprop=\"datePublished\" datetime=\"2026-02-08T22:00:42+01:00\" >8 f\u00e9vrier 2026<\/time><h3 class='av-magazine-title entry-title '  itemprop=\"headline\" ><a href='https:\/\/www.museummurten.ch\/fr\/2026\/02\/panorama-digital-13-2-19-4-2026\/' title='Lier vers : PANORAMA DIGITAL (13.2-19.4.2026)'>PANORAMA DIGITAL (13.2-19.4.2026)<\/a><\/h3><\/header><\/div><footer class=\"entry-footer\"><\/footer><\/article><article class='av-magazine-entry av-magazine-entry-id-9730 av-magazine-format-standard av-magazine-type-post av-magazine-entry-3 av-magazine-entry-small '  itemscope=\"itemscope\" itemtype=\"https:\/\/schema.org\/CreativeWork\" ><div class=\"av-magazine-thumbnail\"><a href='https:\/\/www.museummurten.ch\/fr\/2026\/01\/grandson-murten-2026\/' title='Lier vers : Grandson-Murten 2026' class='av-magazine-thumbnail-link'><img decoding=\"async\" fetchpriority=\"high\" width=\"80\" height=\"80\" src=\"https:\/\/www.museummurten.ch\/wp-content\/uploads\/2026\/01\/Morat-80x80.jpg\" class=\"wp-image-9734 avia-img-lazy-loading-not-9734 attachment-thumbnail size-thumbnail wp-post-image\" alt=\"\" srcset=\"https:\/\/www.museummurten.ch\/wp-content\/uploads\/2026\/01\/Morat-80x80.jpg 80w, https:\/\/www.museummurten.ch\/wp-content\/uploads\/2026\/01\/Morat-36x36.jpg 36w, https:\/\/www.museummurten.ch\/wp-content\/uploads\/2026\/01\/Morat-180x180.jpg 180w\" sizes=\"(max-width: 80px) 100vw, 80px\" \/><\/a><\/div><div class=\"av-magazine-content-wrap\"><header class=\"entry-content-header\" aria-label=\"Articles : Grandson-Murten 2026\"><time class='av-magazine-time updated'  itemprop=\"datePublished\" datetime=\"2026-01-07T11:18:49+01:00\" >7 janvier 2026<\/time><h3 class='av-magazine-title entry-title '  itemprop=\"headline\" ><a href='https:\/\/www.museummurten.ch\/fr\/2026\/01\/grandson-murten-2026\/' title='Lier vers : Grandson-Murten 2026'>Grandson-Murten 2026<\/a><\/h3><\/header><\/div><footer class=\"entry-footer\"><\/footer><\/article><article class='av-magazine-entry av-magazine-entry-id-9544 av-magazine-format-standard av-magazine-type-post av-magazine-entry-4 av-magazine-entry-small '  itemscope=\"itemscope\" itemtype=\"https:\/\/schema.org\/CreativeWork\" ><div class=\"av-magazine-thumbnail\"><a href='https:\/\/www.museummurten.ch\/fr\/2025\/06\/grengspitz-29-6-14-12-2025\/' title='Lier vers : Grengspitz (29.6-14.12.2025)' class='av-magazine-thumbnail-link'><img decoding=\"async\" fetchpriority=\"high\" width=\"80\" height=\"80\" src=\"https:\/\/www.museummurten.ch\/wp-content\/uploads\/2025\/06\/1750599021137-540eed83-8540-4b11-b1e8-892e7c9c44831_4-80x80.jpg\" class=\"wp-image-9537 avia-img-lazy-loading-not-9537 attachment-thumbnail size-thumbnail wp-post-image\" alt=\"\" srcset=\"https:\/\/www.museummurten.ch\/wp-content\/uploads\/2025\/06\/1750599021137-540eed83-8540-4b11-b1e8-892e7c9c44831_4-80x80.jpg 80w, https:\/\/www.museummurten.ch\/wp-content\/uploads\/2025\/06\/1750599021137-540eed83-8540-4b11-b1e8-892e7c9c44831_4-36x36.jpg 36w, https:\/\/www.museummurten.ch\/wp-content\/uploads\/2025\/06\/1750599021137-540eed83-8540-4b11-b1e8-892e7c9c44831_4-180x180.jpg 180w\" sizes=\"(max-width: 80px) 100vw, 80px\" \/><\/a><\/div><div class=\"av-magazine-content-wrap\"><header class=\"entry-content-header\" aria-label=\"Articles : Grengspitz (29.6-14.12.2025)\"><time class='av-magazine-time updated'  itemprop=\"datePublished\" datetime=\"2025-06-22T14:53:59+01:00\" >22 juin 2025<\/time><h3 class='av-magazine-title entry-title '  itemprop=\"headline\" ><a href='https:\/\/www.museummurten.ch\/fr\/2025\/06\/grengspitz-29-6-14-12-2025\/' title='Lier vers : Grengspitz (29.6-14.12.2025)'>Grengspitz (29.6-14.12.2025)<\/a><\/h3><\/header><\/div><footer class=\"entry-footer\"><\/footer><\/article><article class='av-magazine-entry av-magazine-entry-id-9483 av-magazine-format-standard av-magazine-type-post av-magazine-entry-5 av-magazine-entry-small '  itemscope=\"itemscope\" itemtype=\"https:\/\/schema.org\/CreativeWork\" ><div class=\"av-magazine-thumbnail\"><a href='https:\/\/www.museummurten.ch\/fr\/2025\/04\/le-lac-de-morat-13-4-15-6-2025\/' title='Lier vers : Le lac de Morat (13.4-15.6.2025)' class='av-magazine-thumbnail-link'><img decoding=\"async\" fetchpriority=\"high\" width=\"80\" height=\"80\" src=\"https:\/\/www.museummurten.ch\/wp-content\/uploads\/2025\/04\/Torcapel_1_HD-80x80.jpg\" class=\"wp-image-9459 avia-img-lazy-loading-not-9459 attachment-thumbnail size-thumbnail wp-post-image\" alt=\"\" srcset=\"https:\/\/www.museummurten.ch\/wp-content\/uploads\/2025\/04\/Torcapel_1_HD-80x80.jpg 80w, https:\/\/www.museummurten.ch\/wp-content\/uploads\/2025\/04\/Torcapel_1_HD-36x36.jpg 36w, https:\/\/www.museummurten.ch\/wp-content\/uploads\/2025\/04\/Torcapel_1_HD-180x180.jpg 180w\" sizes=\"(max-width: 80px) 100vw, 80px\" \/><\/a><\/div><div class=\"av-magazine-content-wrap\"><header class=\"entry-content-header\" aria-label=\"Articles : Le lac de Morat (13.4-15.6.2025)\"><time class='av-magazine-time updated'  itemprop=\"datePublished\" datetime=\"2025-04-02T09:59:37+01:00\" >2 avril 2025<\/time><h3 class='av-magazine-title entry-title '  itemprop=\"headline\" ><a href='https:\/\/www.museummurten.ch\/fr\/2025\/04\/le-lac-de-morat-13-4-15-6-2025\/' title='Lier vers : Le lac de Morat (13.4-15.6.2025)'>Le lac de Morat (13.4-15.6.2025)<\/a><\/h3><\/header><\/div><footer class=\"entry-footer\"><\/footer><\/article><article class='av-magazine-entry av-magazine-entry-id-9390 av-magazine-format-standard av-magazine-type-post av-magazine-entry-6 av-magazine-entry-small '  itemscope=\"itemscope\" itemtype=\"https:\/\/schema.org\/CreativeWork\" ><div class=\"av-magazine-thumbnail\"><a href='https:\/\/www.museummurten.ch\/fr\/2025\/02\/fastnacht\/' title='Lier vers : Fastnacht Murten!' class='av-magazine-thumbnail-link'><img decoding=\"async\" fetchpriority=\"high\" width=\"80\" height=\"80\" src=\"https:\/\/www.museummurten.ch\/wp-content\/uploads\/2025\/02\/mm_plak_MFG_A3_print-80x80.jpg\" class=\"wp-image-9382 avia-img-lazy-loading-not-9382 attachment-thumbnail size-thumbnail wp-post-image\" alt=\"\" srcset=\"https:\/\/www.museummurten.ch\/wp-content\/uploads\/2025\/02\/mm_plak_MFG_A3_print-80x80.jpg 80w, https:\/\/www.museummurten.ch\/wp-content\/uploads\/2025\/02\/mm_plak_MFG_A3_print-36x36.jpg 36w, https:\/\/www.museummurten.ch\/wp-content\/uploads\/2025\/02\/mm_plak_MFG_A3_print-180x180.jpg 180w\" sizes=\"(max-width: 80px) 100vw, 80px\" \/><\/a><\/div><div class=\"av-magazine-content-wrap\"><header class=\"entry-content-header\" aria-label=\"Articles : Fastnacht Murten!\"><time class='av-magazine-time updated'  itemprop=\"datePublished\" datetime=\"2025-02-01T09:25:59+01:00\" >1 f\u00e9vrier 2025<\/time><h3 class='av-magazine-title entry-title '  itemprop=\"headline\" ><a href='https:\/\/www.museummurten.ch\/fr\/2025\/02\/fastnacht\/' title='Lier vers : Fastnacht Murten!'>Fastnacht Murten!<\/a><\/h3><\/header><\/div><footer class=\"entry-footer\"><\/footer><\/article><article class='av-magazine-entry av-magazine-entry-id-9229 av-magazine-format-standard av-magazine-type-post av-magazine-entry-7 av-magazine-entry-small '  itemscope=\"itemscope\" itemtype=\"https:\/\/schema.org\/CreativeWork\" ><div class=\"av-magazine-thumbnail\"><a href='https:\/\/www.museummurten.ch\/fr\/2024\/10\/les-fribourgeoises-sortent-de-lombre-4-10-15-12-2024\/' title='Lier vers : Les Fribourgeoises sortent de l\u2019ombre ! (4.10-15.12.2024)' class='av-magazine-thumbnail-link'><img decoding=\"async\" fetchpriority=\"high\" width=\"80\" height=\"80\" src=\"https:\/\/www.museummurten.ch\/wp-content\/uploads\/2024\/10\/les-fribourgeoises-sortent-de-l-ombre-80x80.jpg\" class=\"wp-image-9225 avia-img-lazy-loading-not-9225 attachment-thumbnail size-thumbnail wp-post-image\" alt=\"\" srcset=\"https:\/\/www.museummurten.ch\/wp-content\/uploads\/2024\/10\/les-fribourgeoises-sortent-de-l-ombre-80x80.jpg 80w, https:\/\/www.museummurten.ch\/wp-content\/uploads\/2024\/10\/les-fribourgeoises-sortent-de-l-ombre-36x36.jpg 36w, https:\/\/www.museummurten.ch\/wp-content\/uploads\/2024\/10\/les-fribourgeoises-sortent-de-l-ombre-180x180.jpg 180w\" sizes=\"(max-width: 80px) 100vw, 80px\" \/><\/a><\/div><div class=\"av-magazine-content-wrap\"><header class=\"entry-content-header\" aria-label=\"Articles : Les Fribourgeoises sortent de l\u2019ombre ! (4.10-15.12.2024)\"><time class='av-magazine-time updated'  itemprop=\"datePublished\" datetime=\"2024-10-07T08:04:16+01:00\" >7 octobre 2024<\/time><h3 class='av-magazine-title entry-title '  itemprop=\"headline\" ><a href='https:\/\/www.museummurten.ch\/fr\/2024\/10\/les-fribourgeoises-sortent-de-lombre-4-10-15-12-2024\/' title='Lier vers : Les Fribourgeoises sortent de l\u2019ombre ! (4.10-15.12.2024)'>Les Fribourgeoises sortent de l\u2019ombre ! (4.10-15.12.2024)<\/a><\/h3><\/header><\/div><footer class=\"entry-footer\"><\/footer><\/article><article class='av-magazine-entry av-magazine-entry-id-9206 av-magazine-format-standard av-magazine-type-post av-magazine-entry-8 av-magazine-entry-small '  itemscope=\"itemscope\" itemtype=\"https:\/\/schema.org\/CreativeWork\" ><div class=\"av-magazine-thumbnail\"><a href='https:\/\/www.museummurten.ch\/fr\/2024\/09\/montilier-watch-18-8-15-12-2024\/' title='Lier vers : Montilier Watch (18.8-15.12.2024)' class='av-magazine-thumbnail-link'><img decoding=\"async\" fetchpriority=\"high\" width=\"80\" height=\"80\" src=\"https:\/\/www.museummurten.ch\/wp-content\/uploads\/2024\/08\/24008a-80x80.jpg\" class=\"wp-image-9163 avia-img-lazy-loading-not-9163 attachment-thumbnail size-thumbnail wp-post-image\" alt=\"\" srcset=\"https:\/\/www.museummurten.ch\/wp-content\/uploads\/2024\/08\/24008a-80x80.jpg 80w, https:\/\/www.museummurten.ch\/wp-content\/uploads\/2024\/08\/24008a-36x36.jpg 36w, https:\/\/www.museummurten.ch\/wp-content\/uploads\/2024\/08\/24008a-180x180.jpg 180w\" sizes=\"(max-width: 80px) 100vw, 80px\" \/><\/a><\/div><div class=\"av-magazine-content-wrap\"><header class=\"entry-content-header\" aria-label=\"Articles : Montilier Watch (18.8-15.12.2024)\"><time class='av-magazine-time updated'  itemprop=\"datePublished\" datetime=\"2024-09-18T16:41:02+01:00\" >18 septembre 2024<\/time><h3 class='av-magazine-title entry-title '  itemprop=\"headline\" ><a href='https:\/\/www.museummurten.ch\/fr\/2024\/09\/montilier-watch-18-8-15-12-2024\/' title='Lier vers : Montilier Watch (18.8-15.12.2024)'>Montilier Watch (18.8-15.12.2024)<\/a><\/h3><\/header><\/div><footer class=\"entry-footer\"><\/footer><\/article><article class='av-magazine-entry av-magazine-entry-id-8408 av-magazine-format-standard av-magazine-type-post av-magazine-entry-9 av-magazine-entry-small '  itemscope=\"itemscope\" itemtype=\"https:\/\/schema.org\/CreativeWork\" ><div class=\"av-magazine-thumbnail\"><a href='https:\/\/www.museummurten.ch\/fr\/2024\/03\/gregory-sugnaux-griserie-24-3-2-6-2024\/' title='Lier vers : Gr\u00e9gory Sugnaux. Griserie (24.3-2.6.2024)' class='av-magazine-thumbnail-link'><img decoding=\"async\" fetchpriority=\"high\" width=\"80\" height=\"80\" src=\"https:\/\/www.museummurten.ch\/wp-content\/uploads\/2024\/03\/CF059850-copie-80x80.jpg\" class=\"wp-image-8401 avia-img-lazy-loading-not-8401 attachment-thumbnail size-thumbnail wp-post-image\" alt=\"\" srcset=\"https:\/\/www.museummurten.ch\/wp-content\/uploads\/2024\/03\/CF059850-copie-80x80.jpg 80w, https:\/\/www.museummurten.ch\/wp-content\/uploads\/2024\/03\/CF059850-copie-36x36.jpg 36w, https:\/\/www.museummurten.ch\/wp-content\/uploads\/2024\/03\/CF059850-copie-180x180.jpg 180w\" sizes=\"(max-width: 80px) 100vw, 80px\" \/><\/a><\/div><div class=\"av-magazine-content-wrap\"><header class=\"entry-content-header\" aria-label=\"Articles : Gr\u00e9gory Sugnaux. Griserie (24.3-2.6.2024)\"><time class='av-magazine-time updated'  itemprop=\"datePublished\" datetime=\"2024-03-07T15:52:13+01:00\" >7 mars 2024<\/time><h3 class='av-magazine-title entry-title '  itemprop=\"headline\" ><a href='https:\/\/www.museummurten.ch\/fr\/2024\/03\/gregory-sugnaux-griserie-24-3-2-6-2024\/' title='Lier vers : Gr\u00e9gory Sugnaux. Griserie (24.3-2.6.2024)'>Gr\u00e9gory Sugnaux. Griserie (24.3-2.6.2024)<\/a><\/h3><\/header><\/div><footer class=\"entry-footer\"><\/footer><\/article><article class='av-magazine-entry av-magazine-entry-id-8198 av-magazine-format-standard av-magazine-type-post av-magazine-entry-10 av-magazine-entry-small '  itemscope=\"itemscope\" itemtype=\"https:\/\/schema.org\/CreativeWork\" ><div class=\"av-magazine-thumbnail\"><a href='https:\/\/www.museummurten.ch\/fr\/2023\/10\/muriel-zeender-la-ceremonie-22-10-28-12-2023\/' title='Lier vers : Muriel Zeender. La c\u00e9r\u00e9monie (22.10-28.12.2023)' class='av-magazine-thumbnail-link'><img decoding=\"async\" fetchpriority=\"high\" width=\"80\" height=\"80\" src=\"https:\/\/www.museummurten.ch\/wp-content\/uploads\/2023\/10\/Raw55464-80x80.jpg\" class=\"wp-image-8191 avia-img-lazy-loading-not-8191 attachment-thumbnail size-thumbnail wp-post-image\" alt=\"\" srcset=\"https:\/\/www.museummurten.ch\/wp-content\/uploads\/2023\/10\/Raw55464-80x80.jpg 80w, https:\/\/www.museummurten.ch\/wp-content\/uploads\/2023\/10\/Raw55464-36x36.jpg 36w, https:\/\/www.museummurten.ch\/wp-content\/uploads\/2023\/10\/Raw55464-180x180.jpg 180w\" sizes=\"(max-width: 80px) 100vw, 80px\" \/><\/a><\/div><div class=\"av-magazine-content-wrap\"><header class=\"entry-content-header\" aria-label=\"Articles : Muriel Zeender. La c\u00e9r\u00e9monie (22.10-28.12.2023)\"><time class='av-magazine-time updated'  itemprop=\"datePublished\" datetime=\"2023-10-10T11:38:15+01:00\" >10 octobre 2023<\/time><h3 class='av-magazine-title entry-title '  itemprop=\"headline\" ><a href='https:\/\/www.museummurten.ch\/fr\/2023\/10\/muriel-zeender-la-ceremonie-22-10-28-12-2023\/' title='Lier vers : Muriel Zeender. La c\u00e9r\u00e9monie (22.10-28.12.2023)'>Muriel Zeender. La c\u00e9r\u00e9monie (22.10-28.12.2023)<\/a><\/h3><\/header><\/div><footer class=\"entry-footer\"><\/footer><\/article><article class='av-magazine-entry av-magazine-entry-id-8170 av-magazine-format-standard av-magazine-type-post av-magazine-entry-11 av-magazine-entry-small '  itemscope=\"itemscope\" itemtype=\"https:\/\/schema.org\/CreativeWork\" ><div class=\"av-magazine-thumbnail\"><a href='https:\/\/www.museummurten.ch\/fr\/2023\/07\/en-voyage-25-6-8-10-2023\/' title='Lier vers : En voyage! (25.6-8.10.2023)' class='av-magazine-thumbnail-link'><img decoding=\"async\" fetchpriority=\"high\" width=\"80\" height=\"80\" src=\"https:\/\/www.museummurten.ch\/wp-content\/uploads\/2023\/06\/HOGG_02_HD-80x80.jpg\" class=\"wp-image-8156 avia-img-lazy-loading-not-8156 attachment-thumbnail size-thumbnail wp-post-image\" alt=\"\" srcset=\"https:\/\/www.museummurten.ch\/wp-content\/uploads\/2023\/06\/HOGG_02_HD-80x80.jpg 80w, https:\/\/www.museummurten.ch\/wp-content\/uploads\/2023\/06\/HOGG_02_HD-36x36.jpg 36w, https:\/\/www.museummurten.ch\/wp-content\/uploads\/2023\/06\/HOGG_02_HD-180x180.jpg 180w\" sizes=\"(max-width: 80px) 100vw, 80px\" \/><\/a><\/div><div class=\"av-magazine-content-wrap\"><header class=\"entry-content-header\" aria-label=\"Articles : En voyage! (25.6-8.10.2023)\"><time class='av-magazine-time updated'  itemprop=\"datePublished\" datetime=\"2023-07-27T10:39:11+01:00\" >27 juillet 2023<\/time><h3 class='av-magazine-title entry-title '  itemprop=\"headline\" ><a href='https:\/\/www.museummurten.ch\/fr\/2023\/07\/en-voyage-25-6-8-10-2023\/' title='Lier vers : En voyage! (25.6-8.10.2023)'>En voyage! (25.6-8.10.2023)<\/a><\/h3><\/header><\/div><footer class=\"entry-footer\"><\/footer><\/article><article class='av-magazine-entry av-magazine-entry-id-8105 av-magazine-format-standard av-magazine-type-post av-magazine-entry-12 av-magazine-entry-small '  itemscope=\"itemscope\" itemtype=\"https:\/\/schema.org\/CreativeWork\" ><div class=\"av-magazine-thumbnail\"><a href='https:\/\/www.museummurten.ch\/fr\/2023\/03\/aqua-modis-24-03-21-05-2023\/' title='Lier vers : Aqua Modis (24.03-21.05.2023)' class='av-magazine-thumbnail-link'><img decoding=\"async\" fetchpriority=\"high\" width=\"80\" height=\"80\" src=\"https:\/\/www.museummurten.ch\/wp-content\/uploads\/2023\/03\/Aqua-80x80.jpg\" class=\"wp-image-8090 avia-img-lazy-loading-not-8090 attachment-thumbnail size-thumbnail wp-post-image\" alt=\"\" srcset=\"https:\/\/www.museummurten.ch\/wp-content\/uploads\/2023\/03\/Aqua-80x80.jpg 80w, https:\/\/www.museummurten.ch\/wp-content\/uploads\/2023\/03\/Aqua-36x36.jpg 36w, https:\/\/www.museummurten.ch\/wp-content\/uploads\/2023\/03\/Aqua-180x180.jpg 180w\" sizes=\"(max-width: 80px) 100vw, 80px\" \/><\/a><\/div><div class=\"av-magazine-content-wrap\"><header class=\"entry-content-header\" aria-label=\"Articles : Aqua Modis (24.03-21.05.2023)\"><time class='av-magazine-time updated'  itemprop=\"datePublished\" datetime=\"2023-03-22T12:39:41+01:00\" >22 mars 2023<\/time><h3 class='av-magazine-title entry-title '  itemprop=\"headline\" ><a href='https:\/\/www.museummurten.ch\/fr\/2023\/03\/aqua-modis-24-03-21-05-2023\/' title='Lier vers : Aqua Modis (24.03-21.05.2023)'>Aqua Modis (24.03-21.05.2023)<\/a><\/h3><\/header><\/div><footer class=\"entry-footer\"><\/footer><\/article><article class='av-magazine-entry av-magazine-entry-id-7970 av-magazine-format-standard av-magazine-type-post av-magazine-entry-13 av-magazine-entry-small '  itemscope=\"itemscope\" itemtype=\"https:\/\/schema.org\/CreativeWork\" ><div class=\"av-magazine-thumbnail\"><a href='https:\/\/www.museummurten.ch\/fr\/2022\/11\/au-dela-du-souvenir-18-10-18-12-2022\/' title='Lier vers : Au-del\u00e0 du souvenir (18.10-18.12.2022)' class='av-magazine-thumbnail-link'><img decoding=\"async\" fetchpriority=\"high\" width=\"80\" height=\"80\" src=\"https:\/\/www.museummurten.ch\/wp-content\/uploads\/2022\/10\/20221004_AFFICHES_F4_895x1280_FINAL-80x80.jpg\" class=\"wp-image-7952 avia-img-lazy-loading-not-7952 attachment-thumbnail size-thumbnail wp-post-image\" alt=\"\" srcset=\"https:\/\/www.museummurten.ch\/wp-content\/uploads\/2022\/10\/20221004_AFFICHES_F4_895x1280_FINAL-80x80.jpg 80w, https:\/\/www.museummurten.ch\/wp-content\/uploads\/2022\/10\/20221004_AFFICHES_F4_895x1280_FINAL-36x36.jpg 36w, https:\/\/www.museummurten.ch\/wp-content\/uploads\/2022\/10\/20221004_AFFICHES_F4_895x1280_FINAL-180x180.jpg 180w\" sizes=\"(max-width: 80px) 100vw, 80px\" \/><\/a><\/div><div class=\"av-magazine-content-wrap\"><header class=\"entry-content-header\" aria-label=\"Articles : Au-del\u00e0 du souvenir (18.10-18.12.2022)\"><time class='av-magazine-time updated'  itemprop=\"datePublished\" datetime=\"2022-11-02T14:08:43+01:00\" >2 novembre 2022<\/time><h3 class='av-magazine-title entry-title '  itemprop=\"headline\" ><a href='https:\/\/www.museummurten.ch\/fr\/2022\/11\/au-dela-du-souvenir-18-10-18-12-2022\/' title='Lier vers : Au-del\u00e0 du souvenir (18.10-18.12.2022)'>Au-del\u00e0 du souvenir (18.10-18.12.2022)<\/a><\/h3><\/header><\/div><footer class=\"entry-footer\"><\/footer><\/article><article class='av-magazine-entry av-magazine-entry-id-7816 av-magazine-format-standard av-magazine-type-post av-magazine-entry-14 av-magazine-entry-small '  itemscope=\"itemscope\" itemtype=\"https:\/\/schema.org\/CreativeWork\" ><div class=\"av-magazine-thumbnail\"><a href='https:\/\/www.museummurten.ch\/fr\/2022\/05\/tomas-wuethrich-seeland\/' title='Lier vers : Tomas W\u00fcthrich. Seeland' class='av-magazine-thumbnail-link'><img decoding=\"async\" fetchpriority=\"high\" width=\"80\" height=\"80\" src=\"https:\/\/www.museummurten.ch\/wp-content\/uploads\/2022\/05\/02-Seeland-80x80.jpg\" class=\"wp-image-7805 avia-img-lazy-loading-not-7805 attachment-thumbnail size-thumbnail wp-post-image\" alt=\"\" srcset=\"https:\/\/www.museummurten.ch\/wp-content\/uploads\/2022\/05\/02-Seeland-80x80.jpg 80w, https:\/\/www.museummurten.ch\/wp-content\/uploads\/2022\/05\/02-Seeland-36x36.jpg 36w, https:\/\/www.museummurten.ch\/wp-content\/uploads\/2022\/05\/02-Seeland-180x180.jpg 180w, https:\/\/www.museummurten.ch\/wp-content\/uploads\/2022\/05\/02-Seeland-120x120.jpg 120w, https:\/\/www.museummurten.ch\/wp-content\/uploads\/2022\/05\/02-Seeland-450x450.jpg 450w\" sizes=\"(max-width: 80px) 100vw, 80px\" \/><\/a><\/div><div class=\"av-magazine-content-wrap\"><header class=\"entry-content-header\" aria-label=\"Articles : Tomas W\u00fcthrich. Seeland\"><time class='av-magazine-time updated'  itemprop=\"datePublished\" datetime=\"2022-05-30T08:22:27+01:00\" >30 mai 2022<\/time><h3 class='av-magazine-title entry-title '  itemprop=\"headline\" ><a href='https:\/\/www.museummurten.ch\/fr\/2022\/05\/tomas-wuethrich-seeland\/' title='Lier vers : Tomas W\u00fcthrich. Seeland'>Tomas W\u00fcthrich. Seeland<\/a><\/h3><\/header><\/div><footer class=\"entry-footer\"><\/footer><\/article><article class='av-magazine-entry av-magazine-entry-id-7776 av-magazine-format-standard av-magazine-type-post av-magazine-entry-15 av-magazine-entry-small '  itemscope=\"itemscope\" itemtype=\"https:\/\/schema.org\/CreativeWork\" ><div class=\"av-magazine-thumbnail\"><a href='https:\/\/www.museummurten.ch\/fr\/2022\/03\/1698-t-t\/' title='Lier vers : 1698\/t-t' class='av-magazine-thumbnail-link'><img decoding=\"async\" fetchpriority=\"high\" width=\"80\" height=\"80\" src=\"https:\/\/www.museummurten.ch\/wp-content\/uploads\/2022\/03\/Affiche01-80x80.jpg\" class=\"wp-image-7777 avia-img-lazy-loading-not-7777 attachment-thumbnail size-thumbnail wp-post-image\" alt=\"\" srcset=\"https:\/\/www.museummurten.ch\/wp-content\/uploads\/2022\/03\/Affiche01-80x80.jpg 80w, https:\/\/www.museummurten.ch\/wp-content\/uploads\/2022\/03\/Affiche01-36x36.jpg 36w, https:\/\/www.museummurten.ch\/wp-content\/uploads\/2022\/03\/Affiche01-180x180.jpg 180w, https:\/\/www.museummurten.ch\/wp-content\/uploads\/2022\/03\/Affiche01-120x120.jpg 120w, https:\/\/www.museummurten.ch\/wp-content\/uploads\/2022\/03\/Affiche01-450x450.jpg 450w\" sizes=\"(max-width: 80px) 100vw, 80px\" \/><\/a><\/div><div class=\"av-magazine-content-wrap\"><header class=\"entry-content-header\" aria-label=\"Articles : 1698\/t-t\"><time class='av-magazine-time updated'  itemprop=\"datePublished\" datetime=\"2022-03-20T15:42:04+01:00\" >20 mars 2022<\/time><h3 class='av-magazine-title entry-title '  itemprop=\"headline\" ><a href='https:\/\/www.museummurten.ch\/fr\/2022\/03\/1698-t-t\/' title='Lier vers : 1698\/t-t'>1698\/t-t<\/a><\/h3><\/header><\/div><footer class=\"entry-footer\"><\/footer><\/article><article class='av-magazine-entry av-magazine-entry-id-7702 av-magazine-format-standard av-magazine-type-post av-magazine-entry-16 av-magazine-entry-small '  itemscope=\"itemscope\" itemtype=\"https:\/\/schema.org\/CreativeWork\" ><div class=\"av-magazine-thumbnail\"><a href='https:\/\/www.museummurten.ch\/fr\/2022\/02\/murtebiet-im-louf-vor-zyt-19-2-13-3-2022\/' title='Lier vers : MURTEBIET IM LOUF VOR ZYT (19.2-13.3.2022)' class='av-magazine-thumbnail-link'><img decoding=\"async\" fetchpriority=\"high\" width=\"80\" height=\"80\" src=\"https:\/\/www.museummurten.ch\/wp-content\/uploads\/2022\/02\/vue-kinkelin-1-e1645350802906-80x80.jpg\" class=\"wp-image-7681 avia-img-lazy-loading-not-7681 attachment-thumbnail size-thumbnail wp-post-image\" alt=\"\" srcset=\"https:\/\/www.museummurten.ch\/wp-content\/uploads\/2022\/02\/vue-kinkelin-1-e1645350802906-80x80.jpg 80w, https:\/\/www.museummurten.ch\/wp-content\/uploads\/2022\/02\/vue-kinkelin-1-e1645350802906-36x36.jpg 36w, https:\/\/www.museummurten.ch\/wp-content\/uploads\/2022\/02\/vue-kinkelin-1-e1645350802906-180x180.jpg 180w, https:\/\/www.museummurten.ch\/wp-content\/uploads\/2022\/02\/vue-kinkelin-1-e1645350802906-120x120.jpg 120w, https:\/\/www.museummurten.ch\/wp-content\/uploads\/2022\/02\/vue-kinkelin-1-e1645350802906-450x450.jpg 450w\" sizes=\"(max-width: 80px) 100vw, 80px\" \/><\/a><\/div><div class=\"av-magazine-content-wrap\"><header class=\"entry-content-header\" aria-label=\"Articles : MURTEBIET IM LOUF VOR ZYT (19.2-13.3.2022)\"><time class='av-magazine-time updated'  itemprop=\"datePublished\" datetime=\"2022-02-20T10:53:41+01:00\" >20 f\u00e9vrier 2022<\/time><h3 class='av-magazine-title entry-title '  itemprop=\"headline\" ><a href='https:\/\/www.museummurten.ch\/fr\/2022\/02\/murtebiet-im-louf-vor-zyt-19-2-13-3-2022\/' title='Lier vers : MURTEBIET IM LOUF VOR ZYT (19.2-13.3.2022)'>MURTEBIET IM LOUF VOR ZYT (19.2-13.3.2022)<\/a><\/h3><\/header><\/div><footer class=\"entry-footer\"><\/footer><\/article><article class='av-magazine-entry av-magazine-entry-id-7627 av-magazine-format-standard av-magazine-type-post av-magazine-entry-17 av-magazine-entry-small '  itemscope=\"itemscope\" itemtype=\"https:\/\/schema.org\/CreativeWork\" ><div class=\"av-magazine-thumbnail\"><a href='https:\/\/www.museummurten.ch\/fr\/2021\/10\/circuit-secret-morat-lumieres-1-10-21-31-3-22\/' title='Lier vers : Circuit Secret Morat Lumi\u00e8res (1.10.21-31.5.22)' class='av-magazine-thumbnail-link'><img decoding=\"async\" fetchpriority=\"high\" width=\"80\" height=\"80\" src=\"https:\/\/www.museummurten.ch\/wp-content\/uploads\/2021\/10\/DSC_7404-80x80.jpg\" class=\"wp-image-7640 avia-img-lazy-loading-not-7640 attachment-thumbnail size-thumbnail wp-post-image\" alt=\"\" srcset=\"https:\/\/www.museummurten.ch\/wp-content\/uploads\/2021\/10\/DSC_7404-80x80.jpg 80w, https:\/\/www.museummurten.ch\/wp-content\/uploads\/2021\/10\/DSC_7404-36x36.jpg 36w, https:\/\/www.museummurten.ch\/wp-content\/uploads\/2021\/10\/DSC_7404-180x180.jpg 180w, https:\/\/www.museummurten.ch\/wp-content\/uploads\/2021\/10\/DSC_7404-120x120.jpg 120w, https:\/\/www.museummurten.ch\/wp-content\/uploads\/2021\/10\/DSC_7404-450x450.jpg 450w\" sizes=\"(max-width: 80px) 100vw, 80px\" \/><\/a><\/div><div class=\"av-magazine-content-wrap\"><header class=\"entry-content-header\" aria-label=\"Articles : Circuit Secret Morat Lumi\u00e8res (1.10.21-31.5.22)\"><time class='av-magazine-time updated'  itemprop=\"datePublished\" datetime=\"2021-10-20T16:08:33+01:00\" >20 octobre 2021<\/time><h3 class='av-magazine-title entry-title '  itemprop=\"headline\" ><a href='https:\/\/www.museummurten.ch\/fr\/2021\/10\/circuit-secret-morat-lumieres-1-10-21-31-3-22\/' title='Lier vers : Circuit Secret Morat Lumi\u00e8res (1.10.21-31.5.22)'>Circuit Secret Morat Lumi\u00e8res (1.10.21-31.5.22)<\/a><\/h3><\/header><\/div><footer class=\"entry-footer\"><\/footer><\/article><article class='av-magazine-entry av-magazine-entry-id-7613 av-magazine-format-standard av-magazine-type-post av-magazine-entry-18 av-magazine-entry-small '  itemscope=\"itemscope\" itemtype=\"https:\/\/schema.org\/CreativeWork\" ><div class=\"av-magazine-thumbnail\"><a href='https:\/\/www.museummurten.ch\/fr\/2021\/10\/10-octobre-19-decembre-2021-pierre-alain-morel\/' title='Lier vers : 10 octobre &#8211; 19 d\u00e9cembre 2021 | Pierre-Alain Morel' class='av-magazine-thumbnail-link'><img decoding=\"async\" fetchpriority=\"high\" width=\"80\" height=\"80\" src=\"https:\/\/www.museummurten.ch\/wp-content\/uploads\/2021\/10\/80cm-x-90cm-80x80.jpg\" class=\"wp-image-7598 avia-img-lazy-loading-not-7598 attachment-thumbnail size-thumbnail wp-post-image\" alt=\"\" srcset=\"https:\/\/www.museummurten.ch\/wp-content\/uploads\/2021\/10\/80cm-x-90cm-80x80.jpg 80w, https:\/\/www.museummurten.ch\/wp-content\/uploads\/2021\/10\/80cm-x-90cm-36x36.jpg 36w, https:\/\/www.museummurten.ch\/wp-content\/uploads\/2021\/10\/80cm-x-90cm-180x180.jpg 180w, https:\/\/www.museummurten.ch\/wp-content\/uploads\/2021\/10\/80cm-x-90cm-120x120.jpg 120w, https:\/\/www.museummurten.ch\/wp-content\/uploads\/2021\/10\/80cm-x-90cm-450x450.jpg 450w\" sizes=\"(max-width: 80px) 100vw, 80px\" \/><\/a><\/div><div class=\"av-magazine-content-wrap\"><header class=\"entry-content-header\" aria-label=\"Articles : 10 octobre - 19 d\u00e9cembre 2021 | Pierre-Alain Morel\"><time class='av-magazine-time updated'  itemprop=\"datePublished\" datetime=\"2021-10-07T14:35:20+01:00\" >7 octobre 2021<\/time><h3 class='av-magazine-title entry-title '  itemprop=\"headline\" ><a href='https:\/\/www.museummurten.ch\/fr\/2021\/10\/10-octobre-19-decembre-2021-pierre-alain-morel\/' title='Lier vers : 10 octobre &#8211; 19 d\u00e9cembre 2021 | Pierre-Alain Morel'>10 octobre &#8211; 19 d\u00e9cembre 2021 | Pierre-Alain Morel<\/a><\/h3><\/header><\/div><footer class=\"entry-footer\"><\/footer><\/article><article class='av-magazine-entry av-magazine-entry-id-7474 av-magazine-format-standard av-magazine-type-post av-magazine-entry-19 av-magazine-entry-small '  itemscope=\"itemscope\" itemtype=\"https:\/\/schema.org\/CreativeWork\" ><div class=\"av-magazine-thumbnail\"><a href='https:\/\/www.museummurten.ch\/fr\/2021\/07\/exposition-temporaire-hans-wildanger-11-juillet-26-septembre-2021\/' title='Lier vers : Exposition temporaire \u00ab\u00a0Hans Wildanger\u00a0\u00bb (11 juillet- 26 septembre 2021)' class='av-magazine-thumbnail-link'><img decoding=\"async\" fetchpriority=\"high\" width=\"80\" height=\"80\" src=\"https:\/\/www.museummurten.ch\/wp-content\/uploads\/2021\/07\/HAWI_01048-80x80.jpg\" class=\"wp-image-7470 avia-img-lazy-loading-not-7470 attachment-thumbnail size-thumbnail wp-post-image\" alt=\"\" srcset=\"https:\/\/www.museummurten.ch\/wp-content\/uploads\/2021\/07\/HAWI_01048-80x80.jpg 80w, https:\/\/www.museummurten.ch\/wp-content\/uploads\/2021\/07\/HAWI_01048-36x36.jpg 36w, https:\/\/www.museummurten.ch\/wp-content\/uploads\/2021\/07\/HAWI_01048-180x180.jpg 180w, https:\/\/www.museummurten.ch\/wp-content\/uploads\/2021\/07\/HAWI_01048-120x120.jpg 120w, https:\/\/www.museummurten.ch\/wp-content\/uploads\/2021\/07\/HAWI_01048-450x450.jpg 450w\" sizes=\"(max-width: 80px) 100vw, 80px\" \/><\/a><\/div><div class=\"av-magazine-content-wrap\"><header class=\"entry-content-header\" aria-label=\"Articles : Exposition temporaire &quot;Hans Wildanger&quot; (11 juillet- 26 septembre 2021)\"><time class='av-magazine-time updated'  itemprop=\"datePublished\" datetime=\"2021-07-05T09:12:38+01:00\" >5 juillet 2021<\/time><h3 class='av-magazine-title entry-title '  itemprop=\"headline\" ><a href='https:\/\/www.museummurten.ch\/fr\/2021\/07\/exposition-temporaire-hans-wildanger-11-juillet-26-septembre-2021\/' title='Lier vers : Exposition temporaire \u00ab\u00a0Hans Wildanger\u00a0\u00bb (11 juillet- 26 septembre 2021)'>Exposition temporaire \u00ab\u00a0Hans Wildanger\u00a0\u00bb (11 juillet- 26 septembre 2021)<\/a><\/h3><\/header><\/div><footer class=\"entry-footer\"><\/footer><\/article><article class='av-magazine-entry av-magazine-entry-id-7447 av-magazine-format-standard av-magazine-type-post av-magazine-entry-20 av-magazine-entry-small '  itemscope=\"itemscope\" itemtype=\"https:\/\/schema.org\/CreativeWork\" ><div class=\"av-magazine-thumbnail\"><a href='https:\/\/www.museummurten.ch\/fr\/2021\/05\/panorama-de-la-bataille-de-morat-11-06-29-08-21\/' title='Lier vers : Panorama de la bataille de Morat (11.06 &#8211; 29.08.21)' class='av-magazine-thumbnail-link'><img decoding=\"async\" fetchpriority=\"high\" width=\"80\" height=\"80\" src=\"https:\/\/www.museummurten.ch\/wp-content\/uploads\/2021\/05\/louisbraun20210519154005139_0001-1-e1621949781626-80x80.jpg\" class=\"wp-image-7441 avia-img-lazy-loading-not-7441 attachment-thumbnail size-thumbnail wp-post-image\" alt=\"\" srcset=\"https:\/\/www.museummurten.ch\/wp-content\/uploads\/2021\/05\/louisbraun20210519154005139_0001-1-e1621949781626-80x80.jpg 80w, https:\/\/www.museummurten.ch\/wp-content\/uploads\/2021\/05\/louisbraun20210519154005139_0001-1-e1621949781626-36x36.jpg 36w, https:\/\/www.museummurten.ch\/wp-content\/uploads\/2021\/05\/louisbraun20210519154005139_0001-1-e1621949781626-180x180.jpg 180w, https:\/\/www.museummurten.ch\/wp-content\/uploads\/2021\/05\/louisbraun20210519154005139_0001-1-e1621949781626-120x120.jpg 120w, https:\/\/www.museummurten.ch\/wp-content\/uploads\/2021\/05\/louisbraun20210519154005139_0001-1-e1621949781626-450x450.jpg 450w\" sizes=\"(max-width: 80px) 100vw, 80px\" \/><\/a><\/div><div class=\"av-magazine-content-wrap\"><header class=\"entry-content-header\" aria-label=\"Articles : Panorama de la bataille de Morat (11.06 - 29.08.21)\"><time class='av-magazine-time updated'  itemprop=\"datePublished\" datetime=\"2021-05-25T14:43:18+01:00\" >25 mai 2021<\/time><h3 class='av-magazine-title entry-title '  itemprop=\"headline\" ><a href='https:\/\/www.museummurten.ch\/fr\/2021\/05\/panorama-de-la-bataille-de-morat-11-06-29-08-21\/' title='Lier vers : Panorama de la bataille de Morat (11.06 &#8211; 29.08.21)'>Panorama de la bataille de Morat (11.06 &#8211; 29.08.21)<\/a><\/h3><\/header><\/div><footer class=\"entry-footer\"><\/footer><\/article><article class='av-magazine-entry av-magazine-entry-id-7420 av-magazine-format-standard av-magazine-type-post av-magazine-entry-21 av-magazine-entry-small '  itemscope=\"itemscope\" itemtype=\"https:\/\/schema.org\/CreativeWork\" ><div class=\"av-magazine-thumbnail\"><a href='https:\/\/www.museummurten.ch\/fr\/2021\/04\/6-avril-27-juin-2021-adrian-scherzinger-le-souffle-du-temps\/' title='Lier vers : 6 avril &#8211; 27 juin 2021 | Adrian Scherzinger. Le souffle du temps' class='av-magazine-thumbnail-link'><img decoding=\"async\" fetchpriority=\"high\" width=\"80\" height=\"80\" src=\"https:\/\/www.museummurten.ch\/wp-content\/uploads\/2021\/04\/20191219_MurtenSalvenach--80x80.jpg\" class=\"wp-image-7400 avia-img-lazy-loading-not-7400 attachment-thumbnail size-thumbnail wp-post-image\" alt=\"\" srcset=\"https:\/\/www.museummurten.ch\/wp-content\/uploads\/2021\/04\/20191219_MurtenSalvenach--80x80.jpg 80w, https:\/\/www.museummurten.ch\/wp-content\/uploads\/2021\/04\/20191219_MurtenSalvenach--36x36.jpg 36w, https:\/\/www.museummurten.ch\/wp-content\/uploads\/2021\/04\/20191219_MurtenSalvenach--180x180.jpg 180w, https:\/\/www.museummurten.ch\/wp-content\/uploads\/2021\/04\/20191219_MurtenSalvenach--120x120.jpg 120w, https:\/\/www.museummurten.ch\/wp-content\/uploads\/2021\/04\/20191219_MurtenSalvenach--450x450.jpg 450w\" sizes=\"(max-width: 80px) 100vw, 80px\" \/><\/a><\/div><div class=\"av-magazine-content-wrap\"><header class=\"entry-content-header\" aria-label=\"Articles : 6 avril - 27 juin 2021 | Adrian Scherzinger. Le souffle du temps\"><time class='av-magazine-time updated'  itemprop=\"datePublished\" datetime=\"2021-04-05T21:25:01+01:00\" >5 avril 2021<\/time><h3 class='av-magazine-title entry-title '  itemprop=\"headline\" ><a href='https:\/\/www.museummurten.ch\/fr\/2021\/04\/6-avril-27-juin-2021-adrian-scherzinger-le-souffle-du-temps\/' title='Lier vers : 6 avril &#8211; 27 juin 2021 | Adrian Scherzinger. Le souffle du temps'>6 avril &#8211; 27 juin 2021 | Adrian Scherzinger. Le souffle du temps<\/a><\/h3><\/header><\/div><footer class=\"entry-footer\"><\/footer><\/article><article class='av-magazine-entry av-magazine-entry-id-7387 av-magazine-format-standard av-magazine-type-post av-magazine-entry-22 av-magazine-entry-small '  itemscope=\"itemscope\" itemtype=\"https:\/\/schema.org\/CreativeWork\" ><div class=\"av-magazine-thumbnail\"><a href='https:\/\/www.museummurten.ch\/fr\/2021\/03\/murten-leuchtet\/' title='Lier vers : Morat s&rsquo;illumine!' class='av-magazine-thumbnail-link'><img decoding=\"async\" fetchpriority=\"high\" width=\"80\" height=\"80\" src=\"https:\/\/www.museummurten.ch\/wp-content\/uploads\/2020\/12\/131572207_1166701777082495_7957113432473861745_o-80x80.jpg\" class=\"wp-image-7350 avia-img-lazy-loading-not-7350 attachment-thumbnail size-thumbnail wp-post-image\" alt=\"\" srcset=\"https:\/\/www.museummurten.ch\/wp-content\/uploads\/2020\/12\/131572207_1166701777082495_7957113432473861745_o-80x80.jpg 80w, https:\/\/www.museummurten.ch\/wp-content\/uploads\/2020\/12\/131572207_1166701777082495_7957113432473861745_o-300x300.jpg 300w, https:\/\/www.museummurten.ch\/wp-content\/uploads\/2020\/12\/131572207_1166701777082495_7957113432473861745_o-768x768.jpg 768w, https:\/\/www.museummurten.ch\/wp-content\/uploads\/2020\/12\/131572207_1166701777082495_7957113432473861745_o-1030x1030.jpg 1030w, https:\/\/www.museummurten.ch\/wp-content\/uploads\/2020\/12\/131572207_1166701777082495_7957113432473861745_o-36x36.jpg 36w, https:\/\/www.museummurten.ch\/wp-content\/uploads\/2020\/12\/131572207_1166701777082495_7957113432473861745_o-180x180.jpg 180w, https:\/\/www.museummurten.ch\/wp-content\/uploads\/2020\/12\/131572207_1166701777082495_7957113432473861745_o-705x705.jpg 705w, https:\/\/www.museummurten.ch\/wp-content\/uploads\/2020\/12\/131572207_1166701777082495_7957113432473861745_o-120x120.jpg 120w, https:\/\/www.museummurten.ch\/wp-content\/uploads\/2020\/12\/131572207_1166701777082495_7957113432473861745_o-450x450.jpg 450w, https:\/\/www.museummurten.ch\/wp-content\/uploads\/2020\/12\/131572207_1166701777082495_7957113432473861745_o.jpg 1071w\" sizes=\"(max-width: 80px) 100vw, 80px\" \/><\/a><\/div><div class=\"av-magazine-content-wrap\"><header class=\"entry-content-header\" aria-label=\"Articles : Morat s&#039;illumine!\"><time class='av-magazine-time updated'  itemprop=\"datePublished\" datetime=\"2021-03-01T17:09:54+01:00\" >1 mars 2021<\/time><h3 class='av-magazine-title entry-title '  itemprop=\"headline\" ><a href='https:\/\/www.museummurten.ch\/fr\/2021\/03\/murten-leuchtet\/' title='Lier vers : Morat s&rsquo;illumine!'>Morat s&rsquo;illumine!<\/a><\/h3><\/header><\/div><footer class=\"entry-footer\"><\/footer><\/article><article class='av-magazine-entry av-magazine-entry-id-6527 av-magazine-format-standard av-magazine-type-post av-magazine-entry-23 av-magazine-entry-small '  itemscope=\"itemscope\" itemtype=\"https:\/\/schema.org\/CreativeWork\" ><div class=\"av-magazine-thumbnail\"><a href='https:\/\/www.museummurten.ch\/fr\/2019\/12\/6-sept-13-dezember-%e2%94%82romano-riedo\/' title='Lier vers : 5 september &#8211; 13 d\u00e9cembre 2020 \u2502Romano Riedo' class='av-magazine-thumbnail-link'><img decoding=\"async\" fetchpriority=\"high\" width=\"80\" height=\"80\" src=\"https:\/\/www.museummurten.ch\/wp-content\/uploads\/2019\/12\/PADDLE-TAXI-MORAT-LAC-IMG_9521-BW-wR-80x80.jpg\" class=\"wp-image-7004 avia-img-lazy-loading-not-7004 attachment-thumbnail size-thumbnail wp-post-image\" alt=\"\" srcset=\"https:\/\/www.museummurten.ch\/wp-content\/uploads\/2019\/12\/PADDLE-TAXI-MORAT-LAC-IMG_9521-BW-wR-80x80.jpg 80w, https:\/\/www.museummurten.ch\/wp-content\/uploads\/2019\/12\/PADDLE-TAXI-MORAT-LAC-IMG_9521-BW-wR-36x36.jpg 36w, https:\/\/www.museummurten.ch\/wp-content\/uploads\/2019\/12\/PADDLE-TAXI-MORAT-LAC-IMG_9521-BW-wR-180x180.jpg 180w, https:\/\/www.museummurten.ch\/wp-content\/uploads\/2019\/12\/PADDLE-TAXI-MORAT-LAC-IMG_9521-BW-wR-120x120.jpg 120w, https:\/\/www.museummurten.ch\/wp-content\/uploads\/2019\/12\/PADDLE-TAXI-MORAT-LAC-IMG_9521-BW-wR-450x450.jpg 450w\" sizes=\"(max-width: 80px) 100vw, 80px\" \/><\/a><\/div><div class=\"av-magazine-content-wrap\"><header class=\"entry-content-header\" aria-label=\"Articles : 5 september - 13 d\u00e9cembre 2020 \u2502Romano Riedo\"><time class='av-magazine-time updated'  itemprop=\"datePublished\" datetime=\"2019-12-10T17:12:29+01:00\" >10 d\u00e9cembre 2019<\/time><h3 class='av-magazine-title entry-title '  itemprop=\"headline\" ><a href='https:\/\/www.museummurten.ch\/fr\/2019\/12\/6-sept-13-dezember-%e2%94%82romano-riedo\/' title='Lier vers : 5 september &#8211; 13 d\u00e9cembre 2020 \u2502Romano Riedo'>5 september &#8211; 13 d\u00e9cembre 2020 \u2502Romano Riedo<\/a><\/h3><\/header><\/div><footer class=\"entry-footer\"><\/footer><\/article><article class='av-magazine-entry av-magazine-entry-id-6340 av-magazine-format-standard av-magazine-type-post av-magazine-entry-24 av-magazine-entry-small '  itemscope=\"itemscope\" itemtype=\"https:\/\/schema.org\/CreativeWork\" ><div class=\"av-magazine-thumbnail\"><a href='https:\/\/www.museummurten.ch\/fr\/2019\/10\/13-octobre-8-decembre-2019-sandro-godel-a-lorigine\/' title='Lier vers : 13 octobre &#8211; 8 d\u00e9cembre 2019 | Sandro Godel \u00ab\u00a0A l&rsquo;origine\u00a0\u00bb' class='av-magazine-thumbnail-link'><img decoding=\"async\" fetchpriority=\"high\" width=\"80\" height=\"80\" src=\"https:\/\/www.museummurten.ch\/wp-content\/uploads\/2019\/10\/Godelweb4-80x80.jpg\" class=\"wp-image-6331 avia-img-lazy-loading-not-6331 attachment-thumbnail size-thumbnail wp-post-image\" alt=\"\" srcset=\"https:\/\/www.museummurten.ch\/wp-content\/uploads\/2019\/10\/Godelweb4-80x80.jpg 80w, https:\/\/www.museummurten.ch\/wp-content\/uploads\/2019\/10\/Godelweb4-36x36.jpg 36w, https:\/\/www.museummurten.ch\/wp-content\/uploads\/2019\/10\/Godelweb4-180x180.jpg 180w, https:\/\/www.museummurten.ch\/wp-content\/uploads\/2019\/10\/Godelweb4-120x120.jpg 120w, https:\/\/www.museummurten.ch\/wp-content\/uploads\/2019\/10\/Godelweb4-450x450.jpg 450w\" sizes=\"(max-width: 80px) 100vw, 80px\" \/><\/a><\/div><div class=\"av-magazine-content-wrap\"><header class=\"entry-content-header\" aria-label=\"Articles : 13 octobre - 8 d\u00e9cembre 2019 | Sandro Godel &quot;A l&#039;origine&quot;\"><time class='av-magazine-time updated'  itemprop=\"datePublished\" datetime=\"2019-10-09T17:08:03+01:00\" >9 octobre 2019<\/time><h3 class='av-magazine-title entry-title '  itemprop=\"headline\" ><a href='https:\/\/www.museummurten.ch\/fr\/2019\/10\/13-octobre-8-decembre-2019-sandro-godel-a-lorigine\/' title='Lier vers : 13 octobre &#8211; 8 d\u00e9cembre 2019 | Sandro Godel \u00ab\u00a0A l&rsquo;origine\u00a0\u00bb'>13 octobre &#8211; 8 d\u00e9cembre 2019 | Sandro Godel \u00ab\u00a0A l&rsquo;origine\u00a0\u00bb<\/a><\/h3><\/header><\/div><footer class=\"entry-footer\"><\/footer><\/article><article class='av-magazine-entry av-magazine-entry-id-6094 av-magazine-format-standard av-magazine-type-post av-magazine-entry-25 av-magazine-entry-small '  itemscope=\"itemscope\" itemtype=\"https:\/\/schema.org\/CreativeWork\" ><div class=\"av-magazine-thumbnail\"><a href='https:\/\/www.museummurten.ch\/fr\/2019\/06\/16-juin-06-octobre-2019-michel-roggo-et-etienne-francey-3-lacs\/' title='Lier vers : 16 juin &#8211; 6 octobre 2019 | Michel Roggo et Etienne Francey \u00ab\u00a03 Lacs\u00a0\u00bb' class='av-magazine-thumbnail-link'><img decoding=\"async\" fetchpriority=\"high\" width=\"80\" height=\"80\" src=\"https:\/\/www.museummurten.ch\/wp-content\/uploads\/2019\/06\/PlakatAfficheweb-80x80.jpg\" class=\"wp-image-5291 avia-img-lazy-loading-not-5291 attachment-thumbnail size-thumbnail wp-post-image\" alt=\"\" srcset=\"https:\/\/www.museummurten.ch\/wp-content\/uploads\/2019\/06\/PlakatAfficheweb-80x80.jpg 80w, https:\/\/www.museummurten.ch\/wp-content\/uploads\/2019\/06\/PlakatAfficheweb-36x36.jpg 36w, https:\/\/www.museummurten.ch\/wp-content\/uploads\/2019\/06\/PlakatAfficheweb-180x180.jpg 180w, https:\/\/www.museummurten.ch\/wp-content\/uploads\/2019\/06\/PlakatAfficheweb-120x120.jpg 120w, https:\/\/www.museummurten.ch\/wp-content\/uploads\/2019\/06\/PlakatAfficheweb-450x450.jpg 450w\" sizes=\"(max-width: 80px) 100vw, 80px\" \/><\/a><\/div><div class=\"av-magazine-content-wrap\"><header class=\"entry-content-header\" aria-label=\"Articles : 16 juin - 6 octobre 2019 | Michel Roggo et Etienne Francey &quot;3 Lacs&quot;\"><time class='av-magazine-time updated'  itemprop=\"datePublished\" datetime=\"2019-06-04T14:13:32+01:00\" >4 juin 2019<\/time><h3 class='av-magazine-title entry-title '  itemprop=\"headline\" ><a href='https:\/\/www.museummurten.ch\/fr\/2019\/06\/16-juin-06-octobre-2019-michel-roggo-et-etienne-francey-3-lacs\/' title='Lier vers : 16 juin &#8211; 6 octobre 2019 | Michel Roggo et Etienne Francey \u00ab\u00a03 Lacs\u00a0\u00bb'>16 juin &#8211; 6 octobre 2019 | Michel Roggo et Etienne Francey \u00ab\u00a03 Lacs\u00a0\u00bb<\/a><\/h3><\/header><\/div><footer class=\"entry-footer\"><\/footer><\/article><article class='av-magazine-entry av-magazine-entry-id-4815 av-magazine-format-standard av-magazine-type-post av-magazine-entry-26 av-magazine-entry-small '  itemscope=\"itemscope\" itemtype=\"https:\/\/schema.org\/CreativeWork\" ><div class=\"av-magazine-thumbnail\"><a href='https:\/\/www.museummurten.ch\/fr\/2019\/03\/17-mars-31-mai-2019-jean-pierre-humbert-rechauffement-esthetique\/' title='Lier vers : 17 mars &#8211; 31 mai 2019 | Jean-Pierre Humbert \u00ab\u00a0R\u00e9chauffement esth\u00e9tique\u00a0\u00bb' class='av-magazine-thumbnail-link'><img decoding=\"async\" fetchpriority=\"high\" width=\"80\" height=\"80\" src=\"https:\/\/www.museummurten.ch\/wp-content\/uploads\/2016\/03\/Humbertweb-80x80.jpg\" class=\"wp-image-4801 avia-img-lazy-loading-not-4801 attachment-thumbnail size-thumbnail wp-post-image\" alt=\"\" srcset=\"https:\/\/www.museummurten.ch\/wp-content\/uploads\/2016\/03\/Humbertweb-80x80.jpg 80w, https:\/\/www.museummurten.ch\/wp-content\/uploads\/2016\/03\/Humbertweb-36x36.jpg 36w, https:\/\/www.museummurten.ch\/wp-content\/uploads\/2016\/03\/Humbertweb-180x180.jpg 180w, https:\/\/www.museummurten.ch\/wp-content\/uploads\/2016\/03\/Humbertweb-120x120.jpg 120w, https:\/\/www.museummurten.ch\/wp-content\/uploads\/2016\/03\/Humbertweb-450x450.jpg 450w\" sizes=\"(max-width: 80px) 100vw, 80px\" \/><\/a><\/div><div class=\"av-magazine-content-wrap\"><header class=\"entry-content-header\" aria-label=\"Articles : 17 mars - 31 mai 2019 | Jean-Pierre Humbert &quot;R\u00e9chauffement esth\u00e9tique&quot;\"><time class='av-magazine-time updated'  itemprop=\"datePublished\" datetime=\"2019-03-10T15:42:37+01:00\" >10 mars 2019<\/time><h3 class='av-magazine-title entry-title '  itemprop=\"headline\" ><a href='https:\/\/www.museummurten.ch\/fr\/2019\/03\/17-mars-31-mai-2019-jean-pierre-humbert-rechauffement-esthetique\/' title='Lier vers : 17 mars &#8211; 31 mai 2019 | Jean-Pierre Humbert \u00ab\u00a0R\u00e9chauffement esth\u00e9tique\u00a0\u00bb'>17 mars &#8211; 31 mai 2019 | Jean-Pierre Humbert \u00ab\u00a0R\u00e9chauffement esth\u00e9tique\u00a0\u00bb<\/a><\/h3><\/header><\/div><footer class=\"entry-footer\"><\/footer><\/article><article class='av-magazine-entry av-magazine-entry-id-4782 av-magazine-format-standard av-magazine-type-post av-magazine-entry-27 av-magazine-entry-small '  itemscope=\"itemscope\" itemtype=\"https:\/\/schema.org\/CreativeWork\" ><div class=\"av-magazine-thumbnail\"><a href='https:\/\/www.museummurten.ch\/fr\/2019\/01\/16-janvier-27-janvier-2019-festival-des-lumieres-de-morat\/' title='Lier vers : 16 janvier &#8211; 27 janvier 2019 | Festival des Lumi\u00e8res de Morat' class='av-magazine-thumbnail-link'><img decoding=\"async\" fetchpriority=\"high\" width=\"80\" height=\"80\" src=\"https:\/\/www.museummurten.ch\/wp-content\/uploads\/2016\/03\/Fond1-80x80.jpg\" class=\"wp-image-4772 avia-img-lazy-loading-not-4772 attachment-thumbnail size-thumbnail wp-post-image\" alt=\"\" srcset=\"https:\/\/www.museummurten.ch\/wp-content\/uploads\/2016\/03\/Fond1-80x80.jpg 80w, https:\/\/www.museummurten.ch\/wp-content\/uploads\/2016\/03\/Fond1-36x36.jpg 36w, https:\/\/www.museummurten.ch\/wp-content\/uploads\/2016\/03\/Fond1-180x180.jpg 180w, https:\/\/www.museummurten.ch\/wp-content\/uploads\/2016\/03\/Fond1-120x120.jpg 120w, https:\/\/www.museummurten.ch\/wp-content\/uploads\/2016\/03\/Fond1-450x450.jpg 450w\" sizes=\"(max-width: 80px) 100vw, 80px\" \/><\/a><\/div><div class=\"av-magazine-content-wrap\"><header class=\"entry-content-header\" aria-label=\"Articles : 16 janvier - 27 janvier 2019 | Festival des Lumi\u00e8res de Morat\"><time class='av-magazine-time updated'  itemprop=\"datePublished\" datetime=\"2019-01-14T20:08:37+01:00\" >14 janvier 2019<\/time><h3 class='av-magazine-title entry-title '  itemprop=\"headline\" ><a href='https:\/\/www.museummurten.ch\/fr\/2019\/01\/16-janvier-27-janvier-2019-festival-des-lumieres-de-morat\/' title='Lier vers : 16 janvier &#8211; 27 janvier 2019 | Festival des Lumi\u00e8res de Morat'>16 janvier &#8211; 27 janvier 2019 | Festival des Lumi\u00e8res de Morat<\/a><\/h3><\/header><\/div><footer class=\"entry-footer\"><\/footer><\/article><article class='av-magazine-entry av-magazine-entry-id-4624 av-magazine-format-standard av-magazine-type-post av-magazine-entry-28 av-magazine-entry-small '  itemscope=\"itemscope\" itemtype=\"https:\/\/schema.org\/CreativeWork\" ><div class=\"av-magazine-thumbnail\"><a href='https:\/\/www.museummurten.ch\/fr\/2018\/10\/14-octobre-9-decembre-2018-odile-gauthier-et-ivo-vonlanthen-fluechtig-fugace\/' title='Lier vers : 14 octobre &#8211; 9 d\u00e9cembre 2018 | Odile Gauthier et Ivo Vonlanthen \u00ab\u00a0Fugace\u00a0\u00bb' class='av-magazine-thumbnail-link'><img decoding=\"async\" fetchpriority=\"high\" width=\"80\" height=\"80\" src=\"https:\/\/www.museummurten.ch\/wp-content\/uploads\/2016\/03\/Fl\u00fcchtig2-80x80.jpg\" class=\"wp-image-4590 avia-img-lazy-loading-not-4590 attachment-thumbnail size-thumbnail wp-post-image\" alt=\"\" srcset=\"https:\/\/www.museummurten.ch\/wp-content\/uploads\/2016\/03\/Fl\u00fcchtig2-80x80.jpg 80w, https:\/\/www.museummurten.ch\/wp-content\/uploads\/2016\/03\/Fl\u00fcchtig2-36x36.jpg 36w, https:\/\/www.museummurten.ch\/wp-content\/uploads\/2016\/03\/Fl\u00fcchtig2-180x180.jpg 180w, https:\/\/www.museummurten.ch\/wp-content\/uploads\/2016\/03\/Fl\u00fcchtig2-120x120.jpg 120w, https:\/\/www.museummurten.ch\/wp-content\/uploads\/2016\/03\/Fl\u00fcchtig2-450x450.jpg 450w\" sizes=\"(max-width: 80px) 100vw, 80px\" \/><\/a><\/div><div class=\"av-magazine-content-wrap\"><header class=\"entry-content-header\" aria-label=\"Articles : 14 octobre - 9 d\u00e9cembre 2018 | Odile Gauthier et Ivo Vonlanthen &quot;Fugace&quot;\"><time class='av-magazine-time updated'  itemprop=\"datePublished\" datetime=\"2018-10-15T09:34:54+01:00\" >15 octobre 2018<\/time><h3 class='av-magazine-title entry-title '  itemprop=\"headline\" ><a href='https:\/\/www.museummurten.ch\/fr\/2018\/10\/14-octobre-9-decembre-2018-odile-gauthier-et-ivo-vonlanthen-fluechtig-fugace\/' title='Lier vers : 14 octobre &#8211; 9 d\u00e9cembre 2018 | Odile Gauthier et Ivo Vonlanthen \u00ab\u00a0Fugace\u00a0\u00bb'>14 octobre &#8211; 9 d\u00e9cembre 2018 | Odile Gauthier et Ivo Vonlanthen \u00ab\u00a0Fugace\u00a0\u00bb<\/a><\/h3><\/header><\/div><footer class=\"entry-footer\"><\/footer><\/article><article class='av-magazine-entry av-magazine-entry-id-4372 av-magazine-format-standard av-magazine-type-post av-magazine-entry-29 av-magazine-entry-small '  itemscope=\"itemscope\" itemtype=\"https:\/\/schema.org\/CreativeWork\" ><div class=\"av-magazine-thumbnail\"><a href='https:\/\/www.museummurten.ch\/fr\/2018\/06\/10-juin-7-octobre-2018-2m2\/' title='Lier vers : 10 juin &#8211; 7 octobre 2018 | 2m2' class='av-magazine-thumbnail-link'><img decoding=\"async\" fetchpriority=\"high\" width=\"80\" height=\"80\" src=\"https:\/\/www.museummurten.ch\/wp-content\/uploads\/2016\/03\/2m-80x80.jpg\" class=\"wp-image-4376 avia-img-lazy-loading-not-4376 attachment-thumbnail size-thumbnail wp-post-image\" alt=\"\" srcset=\"https:\/\/www.museummurten.ch\/wp-content\/uploads\/2016\/03\/2m-80x80.jpg 80w, https:\/\/www.museummurten.ch\/wp-content\/uploads\/2016\/03\/2m-36x36.jpg 36w, https:\/\/www.museummurten.ch\/wp-content\/uploads\/2016\/03\/2m-180x180.jpg 180w, https:\/\/www.museummurten.ch\/wp-content\/uploads\/2016\/03\/2m-120x120.jpg 120w, https:\/\/www.museummurten.ch\/wp-content\/uploads\/2016\/03\/2m-450x450.jpg 450w\" sizes=\"(max-width: 80px) 100vw, 80px\" \/><\/a><\/div><div class=\"av-magazine-content-wrap\"><header class=\"entry-content-header\" aria-label=\"Articles : 10 juin - 7 octobre 2018 | 2m2\"><time class='av-magazine-time updated'  itemprop=\"datePublished\" datetime=\"2018-06-06T17:37:33+01:00\" >6 juin 2018<\/time><h3 class='av-magazine-title entry-title '  itemprop=\"headline\" ><a href='https:\/\/www.museummurten.ch\/fr\/2018\/06\/10-juin-7-octobre-2018-2m2\/' title='Lier vers : 10 juin &#8211; 7 octobre 2018 | 2m2'>10 juin &#8211; 7 octobre 2018 | 2m2<\/a><\/h3><\/header><\/div><footer class=\"entry-footer\"><\/footer><\/article><article class='av-magazine-entry av-magazine-entry-id-4251 av-magazine-format-standard av-magazine-type-post av-magazine-entry-30 av-magazine-entry-small '  itemscope=\"itemscope\" itemtype=\"https:\/\/schema.org\/CreativeWork\" ><div class=\"av-magazine-thumbnail\"><a href='https:\/\/www.museummurten.ch\/fr\/2018\/03\/18-mars-31-mai-2018-catherine-liechti-entretemps\/' title='Lier vers : 18 mars &#8211; 31 mai 2018 | Catherine Liechti \u00ab\u00a0(Entretemps)\u00a0\u00bb' class='av-magazine-thumbnail-link'><img decoding=\"async\" fetchpriority=\"high\" width=\"80\" height=\"80\" src=\"https:\/\/www.museummurten.ch\/wp-content\/uploads\/2016\/03\/Liechti2-80x80.jpg\" class=\"wp-image-4239 avia-img-lazy-loading-not-4239 attachment-thumbnail size-thumbnail wp-post-image\" alt=\"\" srcset=\"https:\/\/www.museummurten.ch\/wp-content\/uploads\/2016\/03\/Liechti2-80x80.jpg 80w, https:\/\/www.museummurten.ch\/wp-content\/uploads\/2016\/03\/Liechti2-36x36.jpg 36w, https:\/\/www.museummurten.ch\/wp-content\/uploads\/2016\/03\/Liechti2-180x180.jpg 180w, https:\/\/www.museummurten.ch\/wp-content\/uploads\/2016\/03\/Liechti2-120x120.jpg 120w, https:\/\/www.museummurten.ch\/wp-content\/uploads\/2016\/03\/Liechti2-450x450.jpg 450w\" sizes=\"(max-width: 80px) 100vw, 80px\" \/><\/a><\/div><div class=\"av-magazine-content-wrap\"><header class=\"entry-content-header\" aria-label=\"Articles : 18 mars - 31 mai 2018 | Catherine Liechti &quot;(Entretemps)&quot;\"><time class='av-magazine-time updated'  itemprop=\"datePublished\" datetime=\"2018-03-12T09:40:45+01:00\" >12 mars 2018<\/time><h3 class='av-magazine-title entry-title '  itemprop=\"headline\" ><a href='https:\/\/www.museummurten.ch\/fr\/2018\/03\/18-mars-31-mai-2018-catherine-liechti-entretemps\/' title='Lier vers : 18 mars &#8211; 31 mai 2018 | Catherine Liechti \u00ab\u00a0(Entretemps)\u00a0\u00bb'>18 mars &#8211; 31 mai 2018 | Catherine Liechti \u00ab\u00a0(Entretemps)\u00a0\u00bb<\/a><\/h3><\/header><\/div><footer class=\"entry-footer\"><\/footer><\/article><article class='av-magazine-entry av-magazine-entry-id-4187 av-magazine-format-standard av-magazine-type-post av-magazine-entry-31 av-magazine-entry-small '  itemscope=\"itemscope\" itemtype=\"https:\/\/schema.org\/CreativeWork\" ><div class=\"av-magazine-thumbnail\"><a href='https:\/\/www.museummurten.ch\/fr\/2018\/02\/02-fevrier-04-mars-2018-exposition-festival-des-lumieres\/' title='Lier vers : 02 f\u00e9vrier &#8211; 4 mars 2018 | Exposition \u00ab\u00a0Festival des Lumi\u00e8res\u00a0\u00bb' class='av-magazine-thumbnail-link'><img decoding=\"async\" fetchpriority=\"high\" width=\"80\" height=\"80\" src=\"https:\/\/www.museummurten.ch\/wp-content\/uploads\/2018\/02\/Th\u00e9\u00e2tre-11-80x80.jpg\" class=\"wp-image-4184 avia-img-lazy-loading-not-4184 attachment-thumbnail size-thumbnail wp-post-image\" alt=\"\" srcset=\"https:\/\/www.museummurten.ch\/wp-content\/uploads\/2018\/02\/Th\u00e9\u00e2tre-11-80x80.jpg 80w, https:\/\/www.museummurten.ch\/wp-content\/uploads\/2018\/02\/Th\u00e9\u00e2tre-11-36x36.jpg 36w, https:\/\/www.museummurten.ch\/wp-content\/uploads\/2018\/02\/Th\u00e9\u00e2tre-11-180x180.jpg 180w, https:\/\/www.museummurten.ch\/wp-content\/uploads\/2018\/02\/Th\u00e9\u00e2tre-11-120x120.jpg 120w, https:\/\/www.museummurten.ch\/wp-content\/uploads\/2018\/02\/Th\u00e9\u00e2tre-11-450x450.jpg 450w\" sizes=\"(max-width: 80px) 100vw, 80px\" \/><\/a><\/div><div class=\"av-magazine-content-wrap\"><header class=\"entry-content-header\" aria-label=\"Articles : 02 f\u00e9vrier - 4 mars 2018 | Exposition &quot;Festival des Lumi\u00e8res&quot;\"><time class='av-magazine-time updated'  itemprop=\"datePublished\" datetime=\"2018-02-02T15:19:07+01:00\" >2 f\u00e9vrier 2018<\/time><h3 class='av-magazine-title entry-title '  itemprop=\"headline\" ><a href='https:\/\/www.museummurten.ch\/fr\/2018\/02\/02-fevrier-04-mars-2018-exposition-festival-des-lumieres\/' title='Lier vers : 02 f\u00e9vrier &#8211; 4 mars 2018 | Exposition \u00ab\u00a0Festival des Lumi\u00e8res\u00a0\u00bb'>02 f\u00e9vrier &#8211; 4 mars 2018 | Exposition \u00ab\u00a0Festival des Lumi\u00e8res\u00a0\u00bb<\/a><\/h3><\/header><\/div><footer class=\"entry-footer\"><\/footer><\/article><article class='av-magazine-entry av-magazine-entry-id-4140 av-magazine-format-standard av-magazine-type-post av-magazine-entry-32 av-magazine-entry-small '  itemscope=\"itemscope\" itemtype=\"https:\/\/schema.org\/CreativeWork\" ><div class=\"av-magazine-thumbnail\"><a href='https:\/\/www.museummurten.ch\/fr\/2018\/01\/17-janvier-28-janvier-2018-festival-des-lumieres-de-morat\/' title='Lier vers : 17 janvier &#8211; 28 janvier 2018 | Festival des Lumi\u00e8res de Morat' class='av-magazine-thumbnail-link'><img decoding=\"async\" fetchpriority=\"high\" width=\"80\" height=\"80\" src=\"https:\/\/www.museummurten.ch\/wp-content\/uploads\/2016\/03\/Licht-80x80.jpg\" class=\"wp-image-4131 avia-img-lazy-loading-not-4131 attachment-thumbnail size-thumbnail wp-post-image\" alt=\"\" srcset=\"https:\/\/www.museummurten.ch\/wp-content\/uploads\/2016\/03\/Licht-80x80.jpg 80w, https:\/\/www.museummurten.ch\/wp-content\/uploads\/2016\/03\/Licht-36x36.jpg 36w, https:\/\/www.museummurten.ch\/wp-content\/uploads\/2016\/03\/Licht-180x180.jpg 180w, https:\/\/www.museummurten.ch\/wp-content\/uploads\/2016\/03\/Licht-120x120.jpg 120w, https:\/\/www.museummurten.ch\/wp-content\/uploads\/2016\/03\/Licht-450x450.jpg 450w\" sizes=\"(max-width: 80px) 100vw, 80px\" \/><\/a><\/div><div class=\"av-magazine-content-wrap\"><header class=\"entry-content-header\" aria-label=\"Articles : 17 janvier - 28 janvier 2018 | Festival des Lumi\u00e8res de Morat\"><time class='av-magazine-time updated'  itemprop=\"datePublished\" datetime=\"2018-01-09T12:47:15+01:00\" >9 janvier 2018<\/time><h3 class='av-magazine-title entry-title '  itemprop=\"headline\" ><a href='https:\/\/www.museummurten.ch\/fr\/2018\/01\/17-janvier-28-janvier-2018-festival-des-lumieres-de-morat\/' title='Lier vers : 17 janvier &#8211; 28 janvier 2018 | Festival des Lumi\u00e8res de Morat'>17 janvier &#8211; 28 janvier 2018 | Festival des Lumi\u00e8res de Morat<\/a><\/h3><\/header><\/div><footer class=\"entry-footer\"><\/footer><\/article><article class='av-magazine-entry av-magazine-entry-id-4022 av-magazine-format-standard av-magazine-type-post av-magazine-entry-33 av-magazine-entry-small '  itemscope=\"itemscope\" itemtype=\"https:\/\/schema.org\/CreativeWork\" ><div class=\"av-magazine-thumbnail\"><a href='https:\/\/www.museummurten.ch\/fr\/2017\/06\/11-juin-1er-octobre-2017-primula-bosshard-julien-chavaillaz-jean-luc-cramatte-luca-etter-charly-rappo-entre-le-calice-et-le-fusil\/' title='Lier vers : 11 juin &#8211; 1er octobre 2017 | Primula Bosshard, Julien Chavaillaz, Jean-Luc Cramatte, Luca Etter, Charly Rappo \u00ab\u00a0Entre le calice et le fusil\u00a0\u00bb' class='av-magazine-thumbnail-link'><img decoding=\"async\" fetchpriority=\"high\" width=\"80\" height=\"80\" src=\"https:\/\/www.museummurten.ch\/wp-content\/uploads\/2016\/03\/Kelch1-80x80.jpg\" class=\"wp-image-4018 avia-img-lazy-loading-not-4018 attachment-thumbnail size-thumbnail wp-post-image\" alt=\"\" srcset=\"https:\/\/www.museummurten.ch\/wp-content\/uploads\/2016\/03\/Kelch1-80x80.jpg 80w, https:\/\/www.museummurten.ch\/wp-content\/uploads\/2016\/03\/Kelch1-36x36.jpg 36w, https:\/\/www.museummurten.ch\/wp-content\/uploads\/2016\/03\/Kelch1-180x180.jpg 180w, https:\/\/www.museummurten.ch\/wp-content\/uploads\/2016\/03\/Kelch1-120x120.jpg 120w, https:\/\/www.museummurten.ch\/wp-content\/uploads\/2016\/03\/Kelch1-450x450.jpg 450w\" sizes=\"(max-width: 80px) 100vw, 80px\" \/><\/a><\/div><div class=\"av-magazine-content-wrap\"><header class=\"entry-content-header\" aria-label=\"Articles : 11 juin - 1er octobre 2017 | Primula Bosshard, Julien Chavaillaz, Jean-Luc Cramatte, Luca Etter, Charly Rappo &quot;Entre le calice et le fusil&quot;\"><time class='av-magazine-time updated'  itemprop=\"datePublished\" datetime=\"2017-06-09T15:05:07+01:00\" >9 juin 2017<\/time><h3 class='av-magazine-title entry-title '  itemprop=\"headline\" ><a href='https:\/\/www.museummurten.ch\/fr\/2017\/06\/11-juin-1er-octobre-2017-primula-bosshard-julien-chavaillaz-jean-luc-cramatte-luca-etter-charly-rappo-entre-le-calice-et-le-fusil\/' title='Lier vers : 11 juin &#8211; 1er octobre 2017 | Primula Bosshard, Julien Chavaillaz, Jean-Luc Cramatte, Luca Etter, Charly Rappo \u00ab\u00a0Entre le calice et le fusil\u00a0\u00bb'>11 juin &#8211; 1er octobre 2017 | Primula Bosshard, Julien Chavaillaz, Jean-Luc Cramatte, Luca Etter, Charly Rappo \u00ab\u00a0Entre le calice et le fusil\u00a0\u00bb<\/a><\/h3><\/header><\/div><footer class=\"entry-footer\"><\/footer><\/article><article class='av-magazine-entry av-magazine-entry-id-3917 av-magazine-format-standard av-magazine-type-post av-magazine-entry-34 av-magazine-entry-small '  itemscope=\"itemscope\" itemtype=\"https:\/\/schema.org\/CreativeWork\" ><div class=\"av-magazine-thumbnail\"><a href='https:\/\/www.museummurten.ch\/fr\/2017\/03\/19-mars-31-mai-2017-marylene-joye-emmanuel-lendenmann-julien-burgy-feuille-caillou-ciseaux\/' title='Lier vers : 19 mars &#8211; 31 mai 2017 | Maryl\u00e8ne Joye, Emmanuel Lendenmann, Julien Burgy \u00ab\u00a0Feuille, Caillou, Ciseaux\u00a0\u00bb' class='av-magazine-thumbnail-link'><img decoding=\"async\" fetchpriority=\"high\" width=\"80\" height=\"80\" src=\"https:\/\/www.museummurten.ch\/wp-content\/uploads\/2017\/03\/BurgyLend2-80x80.jpg\" class=\"wp-image-3918 avia-img-lazy-loading-not-3918 attachment-thumbnail size-thumbnail wp-post-image\" alt=\"\" srcset=\"https:\/\/www.museummurten.ch\/wp-content\/uploads\/2017\/03\/BurgyLend2-80x80.jpg 80w, https:\/\/www.museummurten.ch\/wp-content\/uploads\/2017\/03\/BurgyLend2-36x36.jpg 36w, https:\/\/www.museummurten.ch\/wp-content\/uploads\/2017\/03\/BurgyLend2-180x180.jpg 180w, https:\/\/www.museummurten.ch\/wp-content\/uploads\/2017\/03\/BurgyLend2-120x120.jpg 120w, https:\/\/www.museummurten.ch\/wp-content\/uploads\/2017\/03\/BurgyLend2-450x450.jpg 450w\" sizes=\"(max-width: 80px) 100vw, 80px\" \/><\/a><\/div><div class=\"av-magazine-content-wrap\"><header class=\"entry-content-header\" aria-label=\"Articles : 19 mars - 31 mai 2017 | Maryl\u00e8ne Joye, Emmanuel Lendenmann, Julien Burgy &quot;Feuille, Caillou, Ciseaux&quot;\"><time class='av-magazine-time updated'  itemprop=\"datePublished\" datetime=\"2017-03-06T16:31:23+01:00\" >6 mars 2017<\/time><h3 class='av-magazine-title entry-title '  itemprop=\"headline\" ><a href='https:\/\/www.museummurten.ch\/fr\/2017\/03\/19-mars-31-mai-2017-marylene-joye-emmanuel-lendenmann-julien-burgy-feuille-caillou-ciseaux\/' title='Lier vers : 19 mars &#8211; 31 mai 2017 | Maryl\u00e8ne Joye, Emmanuel Lendenmann, Julien Burgy \u00ab\u00a0Feuille, Caillou, Ciseaux\u00a0\u00bb'>19 mars &#8211; 31 mai 2017 | Maryl\u00e8ne Joye, Emmanuel Lendenmann, Julien Burgy \u00ab\u00a0Feuille, Caillou, Ciseaux\u00a0\u00bb<\/a><\/h3><\/header><\/div><footer class=\"entry-footer\"><\/footer><\/article><article class='av-magazine-entry av-magazine-entry-id-3888 av-magazine-format-standard av-magazine-type-post av-magazine-entry-35 av-magazine-entry-small '  itemscope=\"itemscope\" itemtype=\"https:\/\/schema.org\/CreativeWork\" ><div class=\"av-magazine-thumbnail\"><a href='https:\/\/www.museummurten.ch\/fr\/2017\/01\/11-janvier-22-janvier-2017-festival-des-lumieres-de-morat\/' title='Lier vers : 11 janvier &#8211; 22 janvier 2017 | Festival des Lumi\u00e8res de Morat' class='av-magazine-thumbnail-link'><img decoding=\"async\" fetchpriority=\"high\" width=\"80\" height=\"80\" src=\"https:\/\/www.museummurten.ch\/wp-content\/uploads\/2017\/01\/Mapping2-80x80.jpg\" class=\"wp-image-3894 avia-img-lazy-loading-not-3894 attachment-thumbnail size-thumbnail wp-post-image\" alt=\"\" srcset=\"https:\/\/www.museummurten.ch\/wp-content\/uploads\/2017\/01\/Mapping2-80x80.jpg 80w, https:\/\/www.museummurten.ch\/wp-content\/uploads\/2017\/01\/Mapping2-36x36.jpg 36w, https:\/\/www.museummurten.ch\/wp-content\/uploads\/2017\/01\/Mapping2-180x180.jpg 180w, https:\/\/www.museummurten.ch\/wp-content\/uploads\/2017\/01\/Mapping2-120x120.jpg 120w, https:\/\/www.museummurten.ch\/wp-content\/uploads\/2017\/01\/Mapping2-450x450.jpg 450w\" sizes=\"(max-width: 80px) 100vw, 80px\" \/><\/a><\/div><div class=\"av-magazine-content-wrap\"><header class=\"entry-content-header\" aria-label=\"Articles : 11 janvier - 22 janvier 2017 | Festival des Lumi\u00e8res de Morat\"><time class='av-magazine-time updated'  itemprop=\"datePublished\" datetime=\"2017-01-10T11:06:36+01:00\" >10 janvier 2017<\/time><h3 class='av-magazine-title entry-title '  itemprop=\"headline\" ><a href='https:\/\/www.museummurten.ch\/fr\/2017\/01\/11-janvier-22-janvier-2017-festival-des-lumieres-de-morat\/' title='Lier vers : 11 janvier &#8211; 22 janvier 2017 | Festival des Lumi\u00e8res de Morat'>11 janvier &#8211; 22 janvier 2017 | Festival des Lumi\u00e8res de Morat<\/a><\/h3><\/header><\/div><footer class=\"entry-footer\"><\/footer><\/article><article class='av-magazine-entry av-magazine-entry-id-3819 av-magazine-format-standard av-magazine-type-post av-magazine-entry-36 av-magazine-entry-small '  itemscope=\"itemscope\" itemtype=\"https:\/\/schema.org\/CreativeWork\" ><div class=\"av-magazine-thumbnail\"><a href='https:\/\/www.museummurten.ch\/fr\/2016\/10\/09-octobre-11-decembre-2016-flaviano-salzani-miroir\/' title='Lier vers : 09 octobre &#8211; 11 d\u00e9cembre 2016 | Flaviano Salzani \u00ab\u00a0Miroir\u00a0\u00bb' class='av-magazine-thumbnail-link'><img decoding=\"async\" fetchpriority=\"high\" width=\"80\" height=\"80\" src=\"https:\/\/www.museummurten.ch\/wp-content\/uploads\/2016\/10\/Salzani8-1-80x80.jpg\" class=\"wp-image-3845 avia-img-lazy-loading-not-3845 attachment-thumbnail size-thumbnail wp-post-image\" alt=\"\" srcset=\"https:\/\/www.museummurten.ch\/wp-content\/uploads\/2016\/10\/Salzani8-1-80x80.jpg 80w, https:\/\/www.museummurten.ch\/wp-content\/uploads\/2016\/10\/Salzani8-1-36x36.jpg 36w, https:\/\/www.museummurten.ch\/wp-content\/uploads\/2016\/10\/Salzani8-1-180x180.jpg 180w, https:\/\/www.museummurten.ch\/wp-content\/uploads\/2016\/10\/Salzani8-1-120x120.jpg 120w, https:\/\/www.museummurten.ch\/wp-content\/uploads\/2016\/10\/Salzani8-1-450x450.jpg 450w\" sizes=\"(max-width: 80px) 100vw, 80px\" \/><\/a><\/div><div class=\"av-magazine-content-wrap\"><header class=\"entry-content-header\" aria-label=\"Articles : 09 octobre - 11 d\u00e9cembre 2016 | Flaviano Salzani &quot;Miroir&quot;\"><time class='av-magazine-time updated'  itemprop=\"datePublished\" datetime=\"2016-10-06T22:52:27+01:00\" >6 octobre 2016<\/time><h3 class='av-magazine-title entry-title '  itemprop=\"headline\" ><a href='https:\/\/www.museummurten.ch\/fr\/2016\/10\/09-octobre-11-decembre-2016-flaviano-salzani-miroir\/' title='Lier vers : 09 octobre &#8211; 11 d\u00e9cembre 2016 | Flaviano Salzani \u00ab\u00a0Miroir\u00a0\u00bb'>09 octobre &#8211; 11 d\u00e9cembre 2016 | Flaviano Salzani \u00ab\u00a0Miroir\u00a0\u00bb<\/a><\/h3><\/header><\/div><footer class=\"entry-footer\"><\/footer><\/article><article class='av-magazine-entry av-magazine-entry-id-3661 av-magazine-format-standard av-magazine-type-post av-magazine-entry-37 av-magazine-entry-small '  itemscope=\"itemscope\" itemtype=\"https:\/\/schema.org\/CreativeWork\" ><div class=\"av-magazine-thumbnail\"><a href='https:\/\/www.museummurten.ch\/fr\/2016\/06\/12-juin-2-octobre-2016-feuer-au-feu\/' title='Lier vers : 12 juin &#8211; 2 octobre 2016 | Feuer!&#8230; Au feu !&#8230;' class='av-magazine-thumbnail-link'><img decoding=\"async\" fetchpriority=\"high\" width=\"80\" height=\"80\" src=\"https:\/\/www.museummurten.ch\/wp-content\/uploads\/2016\/03\/feuer-feu-80x80.jpg\" class=\"wp-image-3654 avia-img-lazy-loading-not-3654 attachment-thumbnail size-thumbnail wp-post-image\" alt=\"\" srcset=\"https:\/\/www.museummurten.ch\/wp-content\/uploads\/2016\/03\/feuer-feu-80x80.jpg 80w, https:\/\/www.museummurten.ch\/wp-content\/uploads\/2016\/03\/feuer-feu-36x36.jpg 36w, https:\/\/www.museummurten.ch\/wp-content\/uploads\/2016\/03\/feuer-feu-180x180.jpg 180w, https:\/\/www.museummurten.ch\/wp-content\/uploads\/2016\/03\/feuer-feu-120x120.jpg 120w, https:\/\/www.museummurten.ch\/wp-content\/uploads\/2016\/03\/feuer-feu-450x450.jpg 450w\" sizes=\"(max-width: 80px) 100vw, 80px\" \/><\/a><\/div><div class=\"av-magazine-content-wrap\"><header class=\"entry-content-header\" aria-label=\"Articles : 12 juin - 2 octobre 2016 | Feuer!... Au feu !...\"><time class='av-magazine-time updated'  itemprop=\"datePublished\" datetime=\"2016-06-22T21:59:47+01:00\" >22 juin 2016<\/time><h3 class='av-magazine-title entry-title '  itemprop=\"headline\" ><a href='https:\/\/www.museummurten.ch\/fr\/2016\/06\/12-juin-2-octobre-2016-feuer-au-feu\/' title='Lier vers : 12 juin &#8211; 2 octobre 2016 | Feuer!&#8230; Au feu !&#8230;'>12 juin &#8211; 2 octobre 2016 | Feuer!&#8230; Au feu !&#8230;<\/a><\/h3><\/header><\/div><footer class=\"entry-footer\"><\/footer><\/article><article class='av-magazine-entry av-magazine-entry-id-2123 av-magazine-format-standard av-magazine-type-post av-magazine-entry-38 av-magazine-entry-small '  itemscope=\"itemscope\" itemtype=\"https:\/\/schema.org\/CreativeWork\" ><div class=\"av-magazine-thumbnail\"><a href='https:\/\/www.museummurten.ch\/fr\/2016\/02\/francoise-emmenegger-et-catherine-zumkeller-ephemere-20-mars-31-mai-2016-vernissage-samedi-19-mars-a-18-heures\/' title='Lier vers : 20 mars &#8211; 31 mai 2016 | Fran\u00e7oise Emmenegger et Catherine Zumkeller \u00ab\u00a0\u00c9ph\u00e9m\u00e8re\u00a0\u00bb' class='av-magazine-thumbnail-link'><img decoding=\"async\" fetchpriority=\"high\" width=\"80\" height=\"80\" src=\"https:\/\/www.museummurten.ch\/wp-content\/uploads\/2016\/02\/Image-150x150.jpg\" class=\"wp-image-2281 avia-img-lazy-loading-not-2281 attachment-thumbnail size-thumbnail wp-post-image\" alt=\"\" \/><\/a><\/div><div class=\"av-magazine-content-wrap\"><header class=\"entry-content-header\" aria-label=\"Articles : 20 mars - 31 mai 2016 | Fran\u00e7oise Emmenegger et Catherine Zumkeller &quot;\u00c9ph\u00e9m\u00e8re&quot;\"><time class='av-magazine-time updated'  itemprop=\"datePublished\" datetime=\"2016-02-22T09:45:44+01:00\" >22 f\u00e9vrier 2016<\/time><h3 class='av-magazine-title entry-title '  itemprop=\"headline\" ><a href='https:\/\/www.museummurten.ch\/fr\/2016\/02\/francoise-emmenegger-et-catherine-zumkeller-ephemere-20-mars-31-mai-2016-vernissage-samedi-19-mars-a-18-heures\/' title='Lier vers : 20 mars &#8211; 31 mai 2016 | Fran\u00e7oise Emmenegger et Catherine Zumkeller \u00ab\u00a0\u00c9ph\u00e9m\u00e8re\u00a0\u00bb'>20 mars &#8211; 31 mai 2016 | Fran\u00e7oise Emmenegger et Catherine Zumkeller \u00ab\u00a0\u00c9ph\u00e9m\u00e8re\u00a0\u00bb<\/a><\/h3><\/header><\/div><footer class=\"entry-footer\"><\/footer><\/article><article class='av-magazine-entry av-magazine-entry-id-2120 av-magazine-format-standard av-magazine-type-post av-magazine-entry-39 av-magazine-entry-small '  itemscope=\"itemscope\" itemtype=\"https:\/\/schema.org\/CreativeWork\" ><div class=\"av-magazine-thumbnail\"><a href='https:\/\/www.museummurten.ch\/fr\/2015\/10\/anna-coudray-et-bertrand-kurzo-lart-des-contraires-11-octobre-29-novembre-2015-vernissage-samedi-10-octobre-2015-a-18-heures\/' title='Lier vers : 11 octobre &#8211; 29 novembre 2015 | Anna Coudray et Bertrand Kurzo \u00ab\u00a0L&rsquo;art des contraires\u00a0\u00bb' class='av-magazine-thumbnail-link'><img decoding=\"async\" fetchpriority=\"high\" width=\"80\" height=\"80\" src=\"https:\/\/www.museummurten.ch\/wp-content\/uploads\/2015\/10\/Blancetnoir-150x150.jpg\" class=\"wp-image-3072 avia-img-lazy-loading-not-3072 attachment-thumbnail size-thumbnail wp-post-image\" alt=\"\" \/><\/a><\/div><div class=\"av-magazine-content-wrap\"><header class=\"entry-content-header\" aria-label=\"Articles : 11 octobre - 29 novembre 2015 | Anna Coudray et Bertrand Kurzo &quot;L&#039;art des contraires&quot;\"><time class='av-magazine-time updated'  itemprop=\"datePublished\" datetime=\"2015-10-08T17:57:34+01:00\" >8 octobre 2015<\/time><h3 class='av-magazine-title entry-title '  itemprop=\"headline\" ><a href='https:\/\/www.museummurten.ch\/fr\/2015\/10\/anna-coudray-et-bertrand-kurzo-lart-des-contraires-11-octobre-29-novembre-2015-vernissage-samedi-10-octobre-2015-a-18-heures\/' title='Lier vers : 11 octobre &#8211; 29 novembre 2015 | Anna Coudray et Bertrand Kurzo \u00ab\u00a0L&rsquo;art des contraires\u00a0\u00bb'>11 octobre &#8211; 29 novembre 2015 | Anna Coudray et Bertrand Kurzo \u00ab\u00a0L&rsquo;art des contraires\u00a0\u00bb<\/a><\/h3><\/header><\/div><footer class=\"entry-footer\"><\/footer><\/article><article class='av-magazine-entry av-magazine-entry-id-2117 av-magazine-format-standard av-magazine-type-post av-magazine-entry-40 av-magazine-entry-small '  itemscope=\"itemscope\" itemtype=\"https:\/\/schema.org\/CreativeWork\" ><div class=\"av-magazine-thumbnail\"><a href='https:\/\/www.museummurten.ch\/fr\/2015\/06\/grenzenfrontieres-2\/' title='Lier vers : 7 juin &#8211; 4 octobre 2015 | \u00ab\u00a0Grenzen\/Fronti\u00e8res\u00a0\u00bb' class='av-magazine-thumbnail-link'><img decoding=\"async\" fetchpriority=\"high\" width=\"80\" height=\"80\" src=\"https:\/\/www.museummurten.ch\/wp-content\/uploads\/2015\/06\/frontieres-80x80.jpg\" class=\"wp-image-2289 avia-img-lazy-loading-not-2289 attachment-thumbnail size-thumbnail wp-post-image\" alt=\"\" srcset=\"https:\/\/www.museummurten.ch\/wp-content\/uploads\/2015\/06\/frontieres-80x80.jpg 80w, https:\/\/www.museummurten.ch\/wp-content\/uploads\/2015\/06\/frontieres-36x36.jpg 36w, https:\/\/www.museummurten.ch\/wp-content\/uploads\/2015\/06\/frontieres-180x180.jpg 180w, https:\/\/www.museummurten.ch\/wp-content\/uploads\/2015\/06\/frontieres-120x120.jpg 120w, https:\/\/www.museummurten.ch\/wp-content\/uploads\/2015\/06\/frontieres-450x450.jpg 450w\" sizes=\"(max-width: 80px) 100vw, 80px\" \/><\/a><\/div><div class=\"av-magazine-content-wrap\"><header class=\"entry-content-header\" aria-label=\"Articles : 7 juin - 4 octobre 2015 | &quot;Grenzen\/Fronti\u00e8res&quot;\"><time class='av-magazine-time updated'  itemprop=\"datePublished\" datetime=\"2015-06-01T14:39:46+01:00\" >1 juin 2015<\/time><h3 class='av-magazine-title entry-title '  itemprop=\"headline\" ><a href='https:\/\/www.museummurten.ch\/fr\/2015\/06\/grenzenfrontieres-2\/' title='Lier vers : 7 juin &#8211; 4 octobre 2015 | \u00ab\u00a0Grenzen\/Fronti\u00e8res\u00a0\u00bb'>7 juin &#8211; 4 octobre 2015 | \u00ab\u00a0Grenzen\/Fronti\u00e8res\u00a0\u00bb<\/a><\/h3><\/header><\/div><footer class=\"entry-footer\"><\/footer><\/article><article class='av-magazine-entry av-magazine-entry-id-2114 av-magazine-format-standard av-magazine-type-post av-magazine-entry-41 av-magazine-entry-small '  itemscope=\"itemscope\" itemtype=\"https:\/\/schema.org\/CreativeWork\" ><div class=\"av-magazine-thumbnail\"><a href='https:\/\/www.museummurten.ch\/fr\/2015\/03\/franz-bruelhart-drowning-by-colors-22-mars-29-mai-2015-vernissage-samedi-21-mars-a-18-heures\/' title='Lier vers : 22 mars &#8211; 29 mai 2015 | Franz Br\u00fclhart \u00ab\u00a0Drowning by colors\u00a0\u00bb' class='av-magazine-thumbnail-link'><img decoding=\"async\" fetchpriority=\"high\" width=\"80\" height=\"80\" src=\"https:\/\/www.museummurten.ch\/wp-content\/uploads\/2015\/03\/Drowning-150x150.jpg\" class=\"wp-image-2292 avia-img-lazy-loading-not-2292 attachment-thumbnail size-thumbnail wp-post-image\" alt=\"\" \/><\/a><\/div><div class=\"av-magazine-content-wrap\"><header class=\"entry-content-header\" aria-label=\"Articles : 22 mars - 29 mai 2015 | Franz Br\u00fclhart &quot;Drowning by colors&quot;\"><time class='av-magazine-time updated'  itemprop=\"datePublished\" datetime=\"2015-03-03T16:35:19+01:00\" >3 mars 2015<\/time><h3 class='av-magazine-title entry-title '  itemprop=\"headline\" ><a href='https:\/\/www.museummurten.ch\/fr\/2015\/03\/franz-bruelhart-drowning-by-colors-22-mars-29-mai-2015-vernissage-samedi-21-mars-a-18-heures\/' title='Lier vers : 22 mars &#8211; 29 mai 2015 | Franz Br\u00fclhart \u00ab\u00a0Drowning by colors\u00a0\u00bb'>22 mars &#8211; 29 mai 2015 | Franz Br\u00fclhart \u00ab\u00a0Drowning by colors\u00a0\u00bb<\/a><\/h3><\/header><\/div><footer class=\"entry-footer\"><\/footer><\/article><article class='av-magazine-entry av-magazine-entry-id-2111 av-magazine-format-standard av-magazine-type-post av-magazine-entry-42 av-magazine-entry-small '  itemscope=\"itemscope\" itemtype=\"https:\/\/schema.org\/CreativeWork\" ><div class=\"av-magazine-thumbnail\"><a href='https:\/\/www.museummurten.ch\/fr\/2014\/10\/peter-barth-valeurs-12-octobre-7-decembre-2014-vernissage-samedi-11-octobre-a-18-heures\/' title='Lier vers : 12 octobre &#8211; 7 d\u00e9cembre 2014 | Peter Barth \u00ab\u00a0Valeurs\u00a0\u00bb' class='av-magazine-thumbnail-link'><img decoding=\"async\" fetchpriority=\"high\" width=\"80\" height=\"80\" src=\"https:\/\/www.museummurten.ch\/wp-content\/uploads\/2014\/10\/Barth-150x150.jpg\" class=\"wp-image-2964 avia-img-lazy-loading-not-2964 attachment-thumbnail size-thumbnail wp-post-image\" alt=\"\" \/><\/a><\/div><div class=\"av-magazine-content-wrap\"><header class=\"entry-content-header\" aria-label=\"Articles : 12 octobre - 7 d\u00e9cembre 2014 | Peter Barth &quot;Valeurs&quot;\"><time class='av-magazine-time updated'  itemprop=\"datePublished\" datetime=\"2014-10-08T08:55:17+01:00\" >8 octobre 2014<\/time><h3 class='av-magazine-title entry-title '  itemprop=\"headline\" ><a href='https:\/\/www.museummurten.ch\/fr\/2014\/10\/peter-barth-valeurs-12-octobre-7-decembre-2014-vernissage-samedi-11-octobre-a-18-heures\/' title='Lier vers : 12 octobre &#8211; 7 d\u00e9cembre 2014 | Peter Barth \u00ab\u00a0Valeurs\u00a0\u00bb'>12 octobre &#8211; 7 d\u00e9cembre 2014 | Peter Barth \u00ab\u00a0Valeurs\u00a0\u00bb<\/a><\/h3><\/header><\/div><footer class=\"entry-footer\"><\/footer><\/article><article class='av-magazine-entry av-magazine-entry-id-2108 av-magazine-format-standard av-magazine-type-post av-magazine-entry-43 av-magazine-entry-small '  itemscope=\"itemscope\" itemtype=\"https:\/\/schema.org\/CreativeWork\" ><div class=\"av-magazine-thumbnail\"><a href='https:\/\/www.museummurten.ch\/fr\/2014\/05\/in-vully-veritas-31-mai-5-octobre-2014\/' title='Lier vers : 31 mai &#8211; 5 octobre 2014 | \u00ab\u00a0In Vully veritas\u00a0\u00bb' class='av-magazine-thumbnail-link'><img decoding=\"async\" fetchpriority=\"high\" width=\"80\" height=\"80\" src=\"https:\/\/www.museummurten.ch\/wp-content\/uploads\/2014\/05\/vendanges-150x150.jpg\" class=\"wp-image-2932 avia-img-lazy-loading-not-2932 attachment-thumbnail size-thumbnail wp-post-image\" alt=\"\" \/><\/a><\/div><div class=\"av-magazine-content-wrap\"><header class=\"entry-content-header\" aria-label=\"Articles : 31 mai - 5 octobre 2014 | &quot;In Vully veritas&quot;\"><time class='av-magazine-time updated'  itemprop=\"datePublished\" datetime=\"2014-05-31T09:39:55+01:00\" >31 mai 2014<\/time><h3 class='av-magazine-title entry-title '  itemprop=\"headline\" ><a href='https:\/\/www.museummurten.ch\/fr\/2014\/05\/in-vully-veritas-31-mai-5-octobre-2014\/' title='Lier vers : 31 mai &#8211; 5 octobre 2014 | \u00ab\u00a0In Vully veritas\u00a0\u00bb'>31 mai &#8211; 5 octobre 2014 | \u00ab\u00a0In Vully veritas\u00a0\u00bb<\/a><\/h3><\/header><\/div><footer class=\"entry-footer\"><\/footer><\/article><article class='av-magazine-entry av-magazine-entry-id-2105 av-magazine-format-standard av-magazine-type-post av-magazine-entry-44 av-magazine-entry-small '  itemscope=\"itemscope\" itemtype=\"https:\/\/schema.org\/CreativeWork\" ><div class=\"av-magazine-thumbnail\"><a href='https:\/\/www.museummurten.ch\/fr\/2014\/02\/josiane-guilland-entre-les-plis-du-temps-23-mars-22-mai-2014-vernissage-samedi-22-mars-a-18-heures\/' title='Lier vers : 23 mars &#8211; 22 mai 2014 | Josiane Guilland \u00ab\u00a0Entre les plis du temps\u00a0\u00bb' class='av-magazine-thumbnail-link'><img decoding=\"async\" fetchpriority=\"high\" width=\"80\" height=\"80\" src=\"https:\/\/www.museummurten.ch\/wp-content\/uploads\/2014\/02\/Herbes-sauvages-150x150.jpg\" class=\"wp-image-2920 avia-img-lazy-loading-not-2920 attachment-thumbnail size-thumbnail wp-post-image\" alt=\"\" \/><\/a><\/div><div class=\"av-magazine-content-wrap\"><header class=\"entry-content-header\" aria-label=\"Articles : 23 mars - 22 mai 2014 | Josiane Guilland &quot;Entre les plis du temps&quot;\"><time class='av-magazine-time updated'  itemprop=\"datePublished\" datetime=\"2014-02-28T08:34:27+01:00\" >28 f\u00e9vrier 2014<\/time><h3 class='av-magazine-title entry-title '  itemprop=\"headline\" ><a href='https:\/\/www.museummurten.ch\/fr\/2014\/02\/josiane-guilland-entre-les-plis-du-temps-23-mars-22-mai-2014-vernissage-samedi-22-mars-a-18-heures\/' title='Lier vers : 23 mars &#8211; 22 mai 2014 | Josiane Guilland \u00ab\u00a0Entre les plis du temps\u00a0\u00bb'>23 mars &#8211; 22 mai 2014 | Josiane Guilland \u00ab\u00a0Entre les plis du temps\u00a0\u00bb<\/a><\/h3><\/header><\/div><footer class=\"entry-footer\"><\/footer><\/article><article class='av-magazine-entry av-magazine-entry-id-2102 av-magazine-format-standard av-magazine-type-post av-magazine-entry-45 av-magazine-entry-small '  itemscope=\"itemscope\" itemtype=\"https:\/\/schema.org\/CreativeWork\" ><div class=\"av-magazine-thumbnail\"><a href='https:\/\/www.museummurten.ch\/fr\/2013\/10\/sandra-mumprecht-esprit-nature-26-octobre-8-decembre-2013\/' title='Lier vers : 26 octobre &#8211; 8 d\u00e9cembre 2013 | Sandra Mumprecht \u00ab\u00a0Esprit &#038; Nature\u00a0\u00bb' class='av-magazine-thumbnail-link'><img decoding=\"async\" fetchpriority=\"high\" width=\"80\" height=\"80\" src=\"https:\/\/www.museummurten.ch\/wp-content\/uploads\/2013\/10\/7-k1-150x150.jpg\" class=\"wp-image-2298 avia-img-lazy-loading-not-2298 attachment-thumbnail size-thumbnail wp-post-image\" alt=\"\" \/><\/a><\/div><div class=\"av-magazine-content-wrap\"><header class=\"entry-content-header\" aria-label=\"Articles : 26 octobre - 8 d\u00e9cembre 2013 | Sandra Mumprecht &quot;Esprit &amp; Nature&quot;\"><time class='av-magazine-time updated'  itemprop=\"datePublished\" datetime=\"2013-10-23T20:14:17+01:00\" >23 octobre 2013<\/time><h3 class='av-magazine-title entry-title '  itemprop=\"headline\" ><a href='https:\/\/www.museummurten.ch\/fr\/2013\/10\/sandra-mumprecht-esprit-nature-26-octobre-8-decembre-2013\/' title='Lier vers : 26 octobre &#8211; 8 d\u00e9cembre 2013 | Sandra Mumprecht \u00ab\u00a0Esprit &#038; Nature\u00a0\u00bb'>26 octobre &#8211; 8 d\u00e9cembre 2013 | Sandra Mumprecht \u00ab\u00a0Esprit &#038; Nature\u00a0\u00bb<\/a><\/h3><\/header><\/div><footer class=\"entry-footer\"><\/footer><\/article><article class='av-magazine-entry av-magazine-entry-id-2099 av-magazine-format-standard av-magazine-type-post av-magazine-entry-46 av-magazine-entry-small '  itemscope=\"itemscope\" itemtype=\"https:\/\/schema.org\/CreativeWork\" ><div class=\"av-magazine-thumbnail\"><a href='https:\/\/www.museummurten.ch\/fr\/2013\/05\/80-ans-de-morat-fribourg-8-juin-20-octobre-2013-vernissage-samedi-8-juin-a-18-heures\/' title='Lier vers : 8 juin &#8211; 20 octobre 2013 | \u00ab\u00a080 ans de Morat-Fribourg\u00a0\u00bb' class='av-magazine-thumbnail-link'><img decoding=\"async\" fetchpriority=\"high\" width=\"80\" height=\"80\" src=\"https:\/\/www.museummurten.ch\/wp-content\/uploads\/2013\/02\/Morat5-150x150.jpg\" class=\"wp-image-2832 avia-img-lazy-loading-not-2832 attachment-thumbnail size-thumbnail wp-post-image\" alt=\"\" \/><\/a><\/div><div class=\"av-magazine-content-wrap\"><header class=\"entry-content-header\" aria-label=\"Articles : 8 juin - 20 octobre 2013 | &quot;80 ans de Morat-Fribourg&quot;\"><time class='av-magazine-time updated'  itemprop=\"datePublished\" datetime=\"2013-05-19T20:17:37+01:00\" >19 mai 2013<\/time><h3 class='av-magazine-title entry-title '  itemprop=\"headline\" ><a href='https:\/\/www.museummurten.ch\/fr\/2013\/05\/80-ans-de-morat-fribourg-8-juin-20-octobre-2013-vernissage-samedi-8-juin-a-18-heures\/' title='Lier vers : 8 juin &#8211; 20 octobre 2013 | \u00ab\u00a080 ans de Morat-Fribourg\u00a0\u00bb'>8 juin &#8211; 20 octobre 2013 | \u00ab\u00a080 ans de Morat-Fribourg\u00a0\u00bb<\/a><\/h3><\/header><\/div><footer class=\"entry-footer\"><\/footer><\/article><article class='av-magazine-entry av-magazine-entry-id-2093 av-magazine-format-standard av-magazine-type-post av-magazine-entry-47 av-magazine-entry-small '  itemscope=\"itemscope\" itemtype=\"https:\/\/schema.org\/CreativeWork\" ><div class=\"av-magazine-thumbnail\"><a href='https:\/\/www.museummurten.ch\/fr\/2013\/03\/les-rives-du-lac-de-morat-hier-et-aujourdhui-24-mars-31-mai-2013-vernissage-samedi-23-mars-a-18-heures\/' title='Lier vers : 24 mars &#8211; 31 mai 2013 | \u00ab\u00a0Les rives du lac de Morat : hier et aujourd&rsquo;hui\u00a0\u00bb' class='av-magazine-thumbnail-link'><img decoding=\"async\" fetchpriority=\"high\" width=\"80\" height=\"80\" src=\"https:\/\/www.museummurten.ch\/wp-content\/uploads\/2013\/03\/Bailly-25-80x80.jpg\" class=\"wp-image-2304 avia-img-lazy-loading-not-2304 attachment-thumbnail size-thumbnail wp-post-image\" alt=\"\" srcset=\"https:\/\/www.museummurten.ch\/wp-content\/uploads\/2013\/03\/Bailly-25-80x80.jpg 80w, https:\/\/www.museummurten.ch\/wp-content\/uploads\/2013\/03\/Bailly-25-36x36.jpg 36w, https:\/\/www.museummurten.ch\/wp-content\/uploads\/2013\/03\/Bailly-25-180x180.jpg 180w, https:\/\/www.museummurten.ch\/wp-content\/uploads\/2013\/03\/Bailly-25-120x120.jpg 120w\" sizes=\"(max-width: 80px) 100vw, 80px\" \/><\/a><\/div><div class=\"av-magazine-content-wrap\"><header class=\"entry-content-header\" aria-label=\"Articles : 24 mars - 31 mai 2013 | &quot;Les rives du lac de Morat : hier et aujourd&#039;hui&quot;\"><time class='av-magazine-time updated'  itemprop=\"datePublished\" datetime=\"2013-03-05T13:13:41+01:00\" >5 mars 2013<\/time><h3 class='av-magazine-title entry-title '  itemprop=\"headline\" ><a href='https:\/\/www.museummurten.ch\/fr\/2013\/03\/les-rives-du-lac-de-morat-hier-et-aujourdhui-24-mars-31-mai-2013-vernissage-samedi-23-mars-a-18-heures\/' title='Lier vers : 24 mars &#8211; 31 mai 2013 | \u00ab\u00a0Les rives du lac de Morat : hier et aujourd&rsquo;hui\u00a0\u00bb'>24 mars &#8211; 31 mai 2013 | \u00ab\u00a0Les rives du lac de Morat : hier et aujourd&rsquo;hui\u00a0\u00bb<\/a><\/h3><\/header><\/div><footer class=\"entry-footer\"><\/footer><\/article><article class='av-magazine-entry av-magazine-entry-id-2090 av-magazine-format-standard av-magazine-type-post av-magazine-entry-48 av-magazine-entry-small '  itemscope=\"itemscope\" itemtype=\"https:\/\/schema.org\/CreativeWork\" ><div class=\"av-magazine-thumbnail\"><a href='https:\/\/www.museummurten.ch\/fr\/2012\/09\/ann-lee-9-septembre-2-decembre-2012\/' title='Lier vers : 9 septembre &#8211; 2 d\u00e9cembre 2012 | ann lee' class='av-magazine-thumbnail-link'><img decoding=\"async\" fetchpriority=\"high\" width=\"80\" height=\"80\" src=\"https:\/\/www.museummurten.ch\/wp-content\/uploads\/2012\/09\/Bild23-150x150.jpg\" class=\"wp-image-2720 avia-img-lazy-loading-not-2720 attachment-thumbnail size-thumbnail wp-post-image\" alt=\"\" \/><\/a><\/div><div class=\"av-magazine-content-wrap\"><header class=\"entry-content-header\" aria-label=\"Articles : 9 septembre - 2 d\u00e9cembre 2012 | ann lee\"><time class='av-magazine-time updated'  itemprop=\"datePublished\" datetime=\"2012-09-05T09:53:15+01:00\" >5 septembre 2012<\/time><h3 class='av-magazine-title entry-title '  itemprop=\"headline\" ><a href='https:\/\/www.museummurten.ch\/fr\/2012\/09\/ann-lee-9-septembre-2-decembre-2012\/' title='Lier vers : 9 septembre &#8211; 2 d\u00e9cembre 2012 | ann lee'>9 septembre &#8211; 2 d\u00e9cembre 2012 | ann lee<\/a><\/h3><\/header><\/div><footer class=\"entry-footer\"><\/footer><\/article><article class='av-magazine-entry av-magazine-entry-id-2084 av-magazine-format-standard av-magazine-type-post av-magazine-entry-49 av-magazine-entry-small '  itemscope=\"itemscope\" itemtype=\"https:\/\/schema.org\/CreativeWork\" ><div class=\"av-magazine-thumbnail\"><a href='https:\/\/www.museummurten.ch\/fr\/2012\/06\/hans-schoepfer-24-juin-2-septembre-2012\/' title='Lier vers : 24 juin &#8211; 2 septembre 2012 | Hans Sch\u00f6pfer' class='av-magazine-thumbnail-link'><img decoding=\"async\" fetchpriority=\"high\" width=\"80\" height=\"80\" src=\"https:\/\/www.museummurten.ch\/wp-content\/uploads\/2012\/06\/Schopfer2-80x80.jpg\" class=\"wp-image-2309 avia-img-lazy-loading-not-2309 attachment-thumbnail size-thumbnail wp-post-image\" alt=\"\" srcset=\"https:\/\/www.museummurten.ch\/wp-content\/uploads\/2012\/06\/Schopfer2-80x80.jpg 80w, https:\/\/www.museummurten.ch\/wp-content\/uploads\/2012\/06\/Schopfer2-36x36.jpg 36w, https:\/\/www.museummurten.ch\/wp-content\/uploads\/2012\/06\/Schopfer2-180x180.jpg 180w, https:\/\/www.museummurten.ch\/wp-content\/uploads\/2012\/06\/Schopfer2-120x120.jpg 120w\" sizes=\"(max-width: 80px) 100vw, 80px\" \/><\/a><\/div><div class=\"av-magazine-content-wrap\"><header class=\"entry-content-header\" aria-label=\"Articles : 24 juin - 2 septembre 2012 | Hans Sch\u00f6pfer\"><time class='av-magazine-time updated'  itemprop=\"datePublished\" datetime=\"2012-06-19T22:55:43+01:00\" >19 juin 2012<\/time><h3 class='av-magazine-title entry-title '  itemprop=\"headline\" ><a href='https:\/\/www.museummurten.ch\/fr\/2012\/06\/hans-schoepfer-24-juin-2-septembre-2012\/' title='Lier vers : 24 juin &#8211; 2 septembre 2012 | Hans Sch\u00f6pfer'>24 juin &#8211; 2 septembre 2012 | Hans Sch\u00f6pfer<\/a><\/h3><\/header><\/div><footer class=\"entry-footer\"><\/footer><\/article><article class='av-magazine-entry av-magazine-entry-id-2064 av-magazine-format-standard av-magazine-type-post av-magazine-entry-50 av-magazine-entry-small '  itemscope=\"itemscope\" itemtype=\"https:\/\/schema.org\/CreativeWork\" ><div class=\"av-magazine-thumbnail\"><a href='https:\/\/www.museummurten.ch\/fr\/2012\/03\/hans-wildanger-1888-1968-24-mars-17-juin-2012\/' title='Lier vers : 24 mars &#8211; 17 juin 2012 | Hans Wildanger (1888-1968)' class='av-magazine-thumbnail-link'><img decoding=\"async\" fetchpriority=\"high\" width=\"80\" height=\"80\" src=\"https:\/\/www.museummurten.ch\/wp-content\/uploads\/2012\/03\/wild-150x150.jpg\" class=\"wp-image-2312 avia-img-lazy-loading-not-2312 attachment-thumbnail size-thumbnail wp-post-image\" alt=\"\" \/><\/a><\/div><div class=\"av-magazine-content-wrap\"><header class=\"entry-content-header\" aria-label=\"Articles : 24 mars - 17 juin 2012 | Hans Wildanger (1888-1968)\"><time class='av-magazine-time updated'  itemprop=\"datePublished\" datetime=\"2012-03-23T08:42:54+01:00\" >23 mars 2012<\/time><h3 class='av-magazine-title entry-title '  itemprop=\"headline\" ><a href='https:\/\/www.museummurten.ch\/fr\/2012\/03\/hans-wildanger-1888-1968-24-mars-17-juin-2012\/' title='Lier vers : 24 mars &#8211; 17 juin 2012 | Hans Wildanger (1888-1968)'>24 mars &#8211; 17 juin 2012 | Hans Wildanger (1888-1968)<\/a><\/h3><\/header><\/div><footer class=\"entry-footer\"><\/footer><\/article><article class='av-magazine-entry av-magazine-entry-id-2058 av-magazine-format-standard av-magazine-type-post av-magazine-entry-51 av-magazine-entry-small '  itemscope=\"itemscope\" itemtype=\"https:\/\/schema.org\/CreativeWork\" ><div class=\"av-magazine-thumbnail\"><a href='https:\/\/www.museummurten.ch\/fr\/2011\/08\/sel-bien-plus-que-du-nacl-07-aout-30-octobre-2011\/' title='Lier vers : 7 ao\u00fbt &#8211; 30 octobre 2011 | \u00ab\u00a0Sel &#8211; bien plus que du NaCl\u00a0\u00bb' class='av-magazine-thumbnail-link'><img decoding=\"async\" fetchpriority=\"high\" width=\"80\" height=\"80\" src=\"https:\/\/www.museummurten.ch\/wp-content\/uploads\/2011\/08\/sel-150x150.jpg\" class=\"wp-image-2315 avia-img-lazy-loading-not-2315 attachment-thumbnail size-thumbnail wp-post-image\" alt=\"\" \/><\/a><\/div><div class=\"av-magazine-content-wrap\"><header class=\"entry-content-header\" aria-label=\"Articles : 7 ao\u00fbt - 30 octobre 2011 | &quot;Sel - bien plus que du NaCl&quot;\"><time class='av-magazine-time updated'  itemprop=\"datePublished\" datetime=\"2011-08-29T14:49:51+01:00\" >29 ao\u00fbt 2011<\/time><h3 class='av-magazine-title entry-title '  itemprop=\"headline\" ><a href='https:\/\/www.museummurten.ch\/fr\/2011\/08\/sel-bien-plus-que-du-nacl-07-aout-30-octobre-2011\/' title='Lier vers : 7 ao\u00fbt &#8211; 30 octobre 2011 | \u00ab\u00a0Sel &#8211; bien plus que du NaCl\u00a0\u00bb'>7 ao\u00fbt &#8211; 30 octobre 2011 | \u00ab\u00a0Sel &#8211; bien plus que du NaCl\u00a0\u00bb<\/a><\/h3><\/header><\/div><footer class=\"entry-footer\"><\/footer><\/article><article class='av-magazine-entry av-magazine-entry-id-2055 av-magazine-format-standard av-magazine-type-post av-magazine-entry-52 av-magazine-entry-small '  itemscope=\"itemscope\" itemtype=\"https:\/\/schema.org\/CreativeWork\" ><div class=\"av-magazine-thumbnail\"><a href='https:\/\/www.museummurten.ch\/fr\/2011\/03\/emile-angeloz-27-mars-3-juillet-2011\/' title='Lier vers : 27 mars &#8211; 3 juillet 2011 | \u00c9mile Ang\u00e9loz' class='av-magazine-thumbnail-link'><img decoding=\"async\" fetchpriority=\"high\" width=\"80\" height=\"80\" src=\"https:\/\/www.museummurten.ch\/wp-content\/uploads\/2011\/03\/angeloz1-150x150.jpg\" class=\"wp-image-2606 avia-img-lazy-loading-not-2606 attachment-thumbnail size-thumbnail wp-post-image\" alt=\"\" \/><\/a><\/div><div class=\"av-magazine-content-wrap\"><header class=\"entry-content-header\" aria-label=\"Articles : 27 mars - 3 juillet 2011 | \u00c9mile Ang\u00e9loz\"><time class='av-magazine-time updated'  itemprop=\"datePublished\" datetime=\"2011-03-27T15:32:30+01:00\" >27 mars 2011<\/time><h3 class='av-magazine-title entry-title '  itemprop=\"headline\" ><a href='https:\/\/www.museummurten.ch\/fr\/2011\/03\/emile-angeloz-27-mars-3-juillet-2011\/' title='Lier vers : 27 mars &#8211; 3 juillet 2011 | \u00c9mile Ang\u00e9loz'>27 mars &#8211; 3 juillet 2011 | \u00c9mile Ang\u00e9loz<\/a><\/h3><\/header><\/div><footer class=\"entry-footer\"><\/footer><\/article><article class='av-magazine-entry av-magazine-entry-id-2052 av-magazine-format-standard av-magazine-type-post av-magazine-entry-53 av-magazine-entry-small '  itemscope=\"itemscope\" itemtype=\"https:\/\/schema.org\/CreativeWork\" ><div class=\"av-magazine-thumbnail\"><a href='https:\/\/www.museummurten.ch\/fr\/2010\/09\/alienatour-le-retour-est-un-projet-de-lassociation-charlatan-5-septembre-31-octobre-2010\/' title='Lier vers : 5 septembre &#8211; 31 octobre 2010 | \u00ab\u00a0ALIENATOUR : LE RETOUR est un projet de l&rsquo;association CHARLATAN\u00a0\u00bb' class='av-magazine-thumbnail-link'><img decoding=\"async\" fetchpriority=\"high\" width=\"80\" height=\"80\" src=\"https:\/\/www.museummurten.ch\/wp-content\/uploads\/2010\/09\/alienator-150x150.jpg\" class=\"wp-image-2614 avia-img-lazy-loading-not-2614 attachment-thumbnail size-thumbnail wp-post-image\" alt=\"\" \/><\/a><\/div><div class=\"av-magazine-content-wrap\"><header class=\"entry-content-header\" aria-label=\"Articles : 5 septembre - 31 octobre 2010 | &quot;ALIENATOUR : LE RETOUR est un projet de l&#039;association CHARLATAN&quot;\"><time class='av-magazine-time updated'  itemprop=\"datePublished\" datetime=\"2010-09-10T23:12:11+01:00\" >10 septembre 2010<\/time><h3 class='av-magazine-title entry-title '  itemprop=\"headline\" ><a href='https:\/\/www.museummurten.ch\/fr\/2010\/09\/alienatour-le-retour-est-un-projet-de-lassociation-charlatan-5-septembre-31-octobre-2010\/' title='Lier vers : 5 septembre &#8211; 31 octobre 2010 | \u00ab\u00a0ALIENATOUR : LE RETOUR est un projet de l&rsquo;association CHARLATAN\u00a0\u00bb'>5 septembre &#8211; 31 octobre 2010 | \u00ab\u00a0ALIENATOUR : LE RETOUR est un projet de l&rsquo;association CHARLATAN\u00a0\u00bb<\/a><\/h3><\/header><\/div><footer class=\"entry-footer\"><\/footer><\/article><article class='av-magazine-entry av-magazine-entry-id-2049 av-magazine-format-standard av-magazine-type-post av-magazine-entry-54 av-magazine-entry-small '  itemscope=\"itemscope\" itemtype=\"https:\/\/schema.org\/CreativeWork\" ><div class=\"av-magazine-thumbnail\"><a href='https:\/\/www.museummurten.ch\/fr\/2010\/06\/raymond-meuwly-13-juin-1er-aout-2010\/' title='Lier vers : 13 juin &#8211; 1er ao\u00fbt 2010 | Raymond Meuwly' class='av-magazine-thumbnail-link'><img decoding=\"async\" fetchpriority=\"high\" width=\"80\" height=\"80\" src=\"https:\/\/www.museummurten.ch\/wp-content\/uploads\/2010\/06\/meuwly-150x150.jpg\" class=\"wp-image-2322 avia-img-lazy-loading-not-2322 attachment-thumbnail size-thumbnail wp-post-image\" alt=\"\" \/><\/a><\/div><div class=\"av-magazine-content-wrap\"><header class=\"entry-content-header\" aria-label=\"Articles : 13 juin - 1er ao\u00fbt 2010 | Raymond Meuwly\"><time class='av-magazine-time updated'  itemprop=\"datePublished\" datetime=\"2010-06-10T23:19:36+01:00\" >10 juin 2010<\/time><h3 class='av-magazine-title entry-title '  itemprop=\"headline\" ><a href='https:\/\/www.museummurten.ch\/fr\/2010\/06\/raymond-meuwly-13-juin-1er-aout-2010\/' title='Lier vers : 13 juin &#8211; 1er ao\u00fbt 2010 | Raymond Meuwly'>13 juin &#8211; 1er ao\u00fbt 2010 | Raymond Meuwly<\/a><\/h3><\/header><\/div><footer class=\"entry-footer\"><\/footer><\/article><article class='av-magazine-entry av-magazine-entry-id-2046 av-magazine-format-standard av-magazine-type-post av-magazine-entry-55 av-magazine-entry-small '  itemscope=\"itemscope\" itemtype=\"https:\/\/schema.org\/CreativeWork\" ><div class=\"av-magazine-thumbnail\"><a href='https:\/\/www.museummurten.ch\/fr\/2009\/09\/iseut-bersier-17-septembre-1er-novembre-2009\/' title='Lier vers : 17 septembre &#8211; 1er novembre 2009 | Iseut Bersier' class='av-magazine-thumbnail-link'><img decoding=\"async\" fetchpriority=\"high\" width=\"80\" height=\"80\" src=\"https:\/\/www.museummurten.ch\/wp-content\/uploads\/2009\/09\/bersier-150x150.jpg\" class=\"wp-image-2325 avia-img-lazy-loading-not-2325 attachment-thumbnail size-thumbnail wp-post-image\" alt=\"\" \/><\/a><\/div><div class=\"av-magazine-content-wrap\"><header class=\"entry-content-header\" aria-label=\"Articles : 17 septembre - 1er novembre 2009 | Iseut Bersier\"><time class='av-magazine-time updated'  itemprop=\"datePublished\" datetime=\"2009-09-10T23:21:17+01:00\" >10 septembre 2009<\/time><h3 class='av-magazine-title entry-title '  itemprop=\"headline\" ><a href='https:\/\/www.museummurten.ch\/fr\/2009\/09\/iseut-bersier-17-septembre-1er-novembre-2009\/' title='Lier vers : 17 septembre &#8211; 1er novembre 2009 | Iseut Bersier'>17 septembre &#8211; 1er novembre 2009 | Iseut Bersier<\/a><\/h3><\/header><\/div><footer class=\"entry-footer\"><\/footer><\/article><article class='av-magazine-entry av-magazine-entry-id-2043 av-magazine-format-standard av-magazine-type-post av-magazine-entry-56 av-magazine-entry-small '  itemscope=\"itemscope\" itemtype=\"https:\/\/schema.org\/CreativeWork\" ><div class=\"av-magazine-thumbnail\"><a href='https:\/\/www.museummurten.ch\/fr\/2009\/03\/sorcieres-imaginees-et-persecutees-dans-le-canton-de-fribourg-29-mars-16-aout-2009\/' title='Lier vers : 29 mars &#8211; 16 ao\u00fbt 2009 | \u00ab\u00a0Sorci\u00e8res : Imagin\u00e9es et pers\u00e9cut\u00e9es dans le canton de Fribourg\u00a0\u00bb' class='av-magazine-thumbnail-link'><img decoding=\"async\" fetchpriority=\"high\" width=\"80\" height=\"80\" src=\"https:\/\/www.museummurten.ch\/wp-content\/uploads\/2009\/03\/sorciere1-150x150.jpg\" class=\"wp-image-2612 avia-img-lazy-loading-not-2612 attachment-thumbnail size-thumbnail wp-post-image\" alt=\"\" \/><\/a><\/div><div class=\"av-magazine-content-wrap\"><header class=\"entry-content-header\" aria-label=\"Articles : 29 mars - 16 ao\u00fbt 2009 | &quot;Sorci\u00e8res : Imagin\u00e9es et pers\u00e9cut\u00e9es dans le canton de Fribourg&quot;\"><time class='av-magazine-time updated'  itemprop=\"datePublished\" datetime=\"2009-03-10T23:22:16+01:00\" >10 mars 2009<\/time><h3 class='av-magazine-title entry-title '  itemprop=\"headline\" ><a href='https:\/\/www.museummurten.ch\/fr\/2009\/03\/sorcieres-imaginees-et-persecutees-dans-le-canton-de-fribourg-29-mars-16-aout-2009\/' title='Lier vers : 29 mars &#8211; 16 ao\u00fbt 2009 | \u00ab\u00a0Sorci\u00e8res : Imagin\u00e9es et pers\u00e9cut\u00e9es dans le canton de Fribourg\u00a0\u00bb'>29 mars &#8211; 16 ao\u00fbt 2009 | \u00ab\u00a0Sorci\u00e8res : Imagin\u00e9es et pers\u00e9cut\u00e9es dans le canton de Fribourg\u00a0\u00bb<\/a><\/h3><\/header><\/div><footer class=\"entry-footer\"><\/footer><\/article><article class='av-magazine-entry av-magazine-entry-id-2040 av-magazine-format-standard av-magazine-type-post av-magazine-entry-57 av-magazine-entry-small '  itemscope=\"itemscope\" itemtype=\"https:\/\/schema.org\/CreativeWork\" ><div class=\"av-magazine-thumbnail\"><a href='https:\/\/www.museummurten.ch\/fr\/2008\/06\/archeologie-et-autoroute-a1-dans-le-moratois-15-juin-2-novembre-2008\/' title='Lier vers : 15 juin &#8211; 2 novembre 2008 | \u00ab\u00a0Arch\u00e9ologie et autoroute A1 dans le Moratois\u00a0\u00bb' class='av-magazine-entry-icon avia-svg-icon avia-font-svg_entypo-fontello' data-av_svg_icon='pencil' data-av_iconset='svg_entypo-fontello'><svg version=\"1.1\" xmlns=\"http:\/\/www.w3.org\/2000\/svg\" width=\"25\" height=\"32\" viewBox=\"0 0 25 32\" preserveAspectRatio=\"xMidYMid meet\" role=\"graphics-symbol\" aria-hidden=\"true\">\n<path d=\"M22.976 5.44q1.024 1.024 1.504 2.048t0.48 1.536v0.512l-8.064 8.064-9.28 9.216-7.616 1.664 1.6-7.68 9.28-9.216 8.064-8.064q1.728-0.384 4.032 1.92zM7.168 25.92l0.768-0.768q-0.064-1.408-1.664-3.008-0.704-0.704-1.44-1.12t-1.12-0.416l-0.448-0.064-0.704 0.768-0.576 2.56q0.896 0.512 1.472 1.088 0.768 0.768 1.152 1.536z\"><\/path>\n<\/svg><\/a><\/div><div class=\"av-magazine-content-wrap\"><header class=\"entry-content-header\" aria-label=\"Articles : 15 juin - 2 novembre 2008 | &quot;Arch\u00e9ologie et autoroute A1 dans le Moratois&quot;\"><time class='av-magazine-time updated'  itemprop=\"datePublished\" datetime=\"2008-06-10T23:26:44+01:00\" >10 juin 2008<\/time><h3 class='av-magazine-title entry-title '  itemprop=\"headline\" ><a href='https:\/\/www.museummurten.ch\/fr\/2008\/06\/archeologie-et-autoroute-a1-dans-le-moratois-15-juin-2-novembre-2008\/' title='Lier vers : 15 juin &#8211; 2 novembre 2008 | \u00ab\u00a0Arch\u00e9ologie et autoroute A1 dans le Moratois\u00a0\u00bb'>15 juin &#8211; 2 novembre 2008 | \u00ab\u00a0Arch\u00e9ologie et autoroute A1 dans le Moratois\u00a0\u00bb<\/a><\/h3><\/header><\/div><footer class=\"entry-footer\"><\/footer><\/article><article class='av-magazine-entry av-magazine-entry-id-2037 av-magazine-format-standard av-magazine-type-post av-magazine-entry-58 av-magazine-entry-small '  itemscope=\"itemscope\" itemtype=\"https:\/\/schema.org\/CreativeWork\" ><div class=\"av-magazine-thumbnail\"><a href='https:\/\/www.museummurten.ch\/fr\/2008\/03\/pierre-alain-morel-travaux-recents-30-mars-2-juin-2008\/' title='Lier vers : 30 mars &#8211; 2 juin 2008 | Pierre-Alain Morel \u00ab\u00a0Travaux r\u00e9cents\u00a0\u00bb' class='av-magazine-entry-icon avia-svg-icon avia-font-svg_entypo-fontello' data-av_svg_icon='pencil' data-av_iconset='svg_entypo-fontello'><svg version=\"1.1\" xmlns=\"http:\/\/www.w3.org\/2000\/svg\" width=\"25\" height=\"32\" viewBox=\"0 0 25 32\" preserveAspectRatio=\"xMidYMid meet\" role=\"graphics-symbol\" aria-hidden=\"true\">\n<path d=\"M22.976 5.44q1.024 1.024 1.504 2.048t0.48 1.536v0.512l-8.064 8.064-9.28 9.216-7.616 1.664 1.6-7.68 9.28-9.216 8.064-8.064q1.728-0.384 4.032 1.92zM7.168 25.92l0.768-0.768q-0.064-1.408-1.664-3.008-0.704-0.704-1.44-1.12t-1.12-0.416l-0.448-0.064-0.704 0.768-0.576 2.56q0.896 0.512 1.472 1.088 0.768 0.768 1.152 1.536z\"><\/path>\n<\/svg><\/a><\/div><div class=\"av-magazine-content-wrap\"><header class=\"entry-content-header\" aria-label=\"Articles : 30 mars - 2 juin 2008 | Pierre-Alain Morel &quot;Travaux r\u00e9cents&quot;\"><time class='av-magazine-time updated'  itemprop=\"datePublished\" datetime=\"2008-03-10T23:30:02+01:00\" >10 mars 2008<\/time><h3 class='av-magazine-title entry-title '  itemprop=\"headline\" ><a href='https:\/\/www.museummurten.ch\/fr\/2008\/03\/pierre-alain-morel-travaux-recents-30-mars-2-juin-2008\/' title='Lier vers : 30 mars &#8211; 2 juin 2008 | Pierre-Alain Morel \u00ab\u00a0Travaux r\u00e9cents\u00a0\u00bb'>30 mars &#8211; 2 juin 2008 | Pierre-Alain Morel \u00ab\u00a0Travaux r\u00e9cents\u00a0\u00bb<\/a><\/h3><\/header><\/div><footer class=\"entry-footer\"><\/footer><\/article><\/div><\/div><\/div>\n","protected":false},"excerpt":{"rendered":"","protected":false},"author":2,"featured_media":0,"parent":0,"menu_order":0,"comment_status":"closed","ping_status":"closed","template":"","meta":{"footnotes":""},"class_list":["post-3202","page","type-page","status-publish","hentry"],"_links":{"self":[{"href":"https:\/\/www.museummurten.ch\/fr\/wp-json\/wp\/v2\/pages\/3202","targetHints":{"allow":["GET"]}}],"collection":[{"href":"https:\/\/www.museummurten.ch\/fr\/wp-json\/wp\/v2\/pages"}],"about":[{"href":"https:\/\/www.museummurten.ch\/fr\/wp-json\/wp\/v2\/types\/page"}],"author":[{"embeddable":true,"href":"https:\/\/www.museummurten.ch\/fr\/wp-json\/wp\/v2\/users\/2"}],"replies":[{"embeddable":true,"href":"https:\/\/www.museummurten.ch\/fr\/wp-json\/wp\/v2\/comments?post=3202"}],"version-history":[{"count":1,"href":"https:\/\/www.museummurten.ch\/fr\/wp-json\/wp\/v2\/pages\/3202\/revisions"}],"predecessor-version":[{"id":7564,"href":"https:\/\/www.museummurten.ch\/fr\/wp-json\/wp\/v2\/pages\/3202\/revisions\/7564"}],"wp:attachment":[{"href":"https:\/\/www.museummurten.ch\/fr\/wp-json\/wp\/v2\/media?parent=3202"}],"curies":[{"name":"wp","href":"https:\/\/api.w.org\/{rel}","templated":true}]}}